{"id":20082,"date":"2025-11-19T13:23:53","date_gmt":"2025-11-19T12:23:53","guid":{"rendered":"https:\/\/makarska-info.hr\/?page_id=20082"},"modified":"2026-02-03T10:51:00","modified_gmt":"2026-02-03T09:51:00","slug":"advent-makarska","status":"publish","type":"page","link":"https:\/\/makarska-info.hr\/en\/advent-makarska\/","title":{"rendered":"Advent Makarska"},"content":{"rendered":"<div data-elementor-type=\"wp-page\" data-elementor-id=\"20082\" class=\"elementor elementor-20082\" data-elementor-post-type=\"page\">\n\t\t\t\t<div class=\"elementor-element elementor-element-faa3827 e-flex e-con-boxed e-con e-parent\" data-id=\"faa3827\" data-element_type=\"container\" data-e-type=\"container\" data-settings=\"{&quot;background_background&quot;:&quot;classic&quot;}\">\n\t\t\t\t\t<div class=\"e-con-inner\">\n\t\t<div class=\"elementor-element elementor-element-a8b54fd e-grid e-con-full e-con e-child\" data-id=\"a8b54fd\" data-element_type=\"container\" data-e-type=\"container\" data-settings=\"{&quot;position&quot;:&quot;absolute&quot;}\">\n\t\t\t\t<div class=\"elementor-element elementor-element-507e1d4 elementor-widget elementor-widget-image\" data-id=\"507e1d4\" data-element_type=\"widget\" data-e-type=\"widget\" data-widget_type=\"image.default\">\n\t\t\t\t<div class=\"elementor-widget-container\">\n\t\t\t\t\t\t\t\t\t\t\t\t\t\t\t\t<a href=\"https:\/\/makarska-info.hr\/hr\/\">\n\t\t\t\t\t\t\t<img decoding=\"async\" width=\"150\" height=\"133\" src=\"https:\/\/makarska-info.hr\/wp-content\/uploads\/2025\/11\/TZ_Makarska_logoValovi_bijela.svg\" class=\"attachment-thumbnail size-thumbnail wp-image-20175\" alt=\"\" \/>\t\t\t\t\t\t\t\t<\/a>\n\t\t\t\t\t\t\t\t\t\t\t\t\t\t\t<\/div>\n\t\t\t\t<\/div>\n\t\t\t\t<div class=\"elementor-element elementor-element-54ad08c elementor-widget elementor-widget-image\" data-id=\"54ad08c\" data-element_type=\"widget\" data-e-type=\"widget\" data-widget_type=\"image.default\">\n\t\t\t\t<div class=\"elementor-widget-container\">\n\t\t\t\t\t\t\t\t\t\t\t\t\t\t\t\t<a href=\"https:\/\/makarska.hr\/\" target=\"_blank\" rel=\"noopener\">\n\t\t\t\t\t\t\t<img decoding=\"async\" width=\"135\" height=\"150\" src=\"https:\/\/makarska-info.hr\/wp-content\/uploads\/2025\/11\/GradMakarskaGrb_bijela.svg\" class=\"attachment-thumbnail size-thumbnail wp-image-20174\" alt=\"\" \/>\t\t\t\t\t\t\t\t<\/a>\n\t\t\t\t\t\t\t\t\t\t\t\t\t\t\t<\/div>\n\t\t\t\t<\/div>\n\t\t\t\t<\/div>\n\t\t\t\t<div class=\"elementor-element elementor-element-35a774f elementor-widget elementor-widget-heading\" data-id=\"35a774f\" data-element_type=\"widget\" data-e-type=\"widget\" data-widget_type=\"heading.default\">\n\t\t\t\t<div class=\"elementor-widget-container\">\n\t\t\t\t\t<h2 class=\"elementor-heading-title elementor-size-default\">ADVENT MAKARSKA<\/h2>\t\t\t\t<\/div>\n\t\t\t\t<\/div>\n\t\t\t\t<div class=\"elementor-element elementor-element-b28bd3d elementor-widget elementor-widget-text-editor\" data-id=\"b28bd3d\" data-element_type=\"widget\" data-e-type=\"widget\" data-widget_type=\"text-editor.default\">\n\t\t\t\t<div class=\"elementor-widget-container\">\n\t\t\t\t\t\t\t\t\t<p><strong>30.11.2025 &#8211; 1.1.2026<\/strong><\/p>\t\t\t\t\t\t\t\t<\/div>\n\t\t\t\t<\/div>\n\t\t\t\t<div class=\"elementor-element elementor-element-53b6f05 elementor-shape-circle elementor-grid-0 e-grid-align-center elementor-widget elementor-widget-social-icons\" data-id=\"53b6f05\" data-element_type=\"widget\" data-e-type=\"widget\" data-widget_type=\"social-icons.default\">\n\t\t\t\t<div class=\"elementor-widget-container\">\n\t\t\t\t\t\t\t<div class=\"elementor-social-icons-wrapper elementor-grid\" role=\"list\">\n\t\t\t\t\t\t\t<span class=\"elementor-grid-item\" role=\"listitem\">\n\t\t\t\t\t<a class=\"elementor-icon elementor-social-icon elementor-social-icon-facebook elementor-repeater-item-d0b6e35\" href=\"https:\/\/web.facebook.com\/bozicnigrad.makarska\/?locale=hr_HR&#038;_rdc=1&#038;_rdr#\" target=\"_blank\" rel=\"noopener\">\n\t\t\t\t\t\t<span class=\"elementor-screen-only\">Facebook<\/span>\n\t\t\t\t\t\t<i aria-hidden=\"true\" class=\"fab fa-facebook\"><\/i>\t\t\t\t\t<\/a>\n\t\t\t\t<\/span>\n\t\t\t\t\t\t\t<span class=\"elementor-grid-item\" role=\"listitem\">\n\t\t\t\t\t<a class=\"elementor-icon elementor-social-icon elementor-social-icon-instagram elementor-repeater-item-a122a66\" href=\"https:\/\/www.instagram.com\/adventmakarska?fbclid=IwY2xjawOLoQVleHRuA2FlbQIxMABicmlkETB4TU1BeHdVWmJoTWRMSnI5c3J0YwZhcHBfaWQQMjIyMDM5MTc4ODIwMDg5MgABHgJbQ44LcC9-QMnZl4n0nDDWfzPDsSQwlk8tIR3TgcJ5lcj4urr1RphGRcff_aem_uGKbwMIoAMx_ObGwByqQmg\" target=\"_blank\" rel=\"noopener\">\n\t\t\t\t\t\t<span class=\"elementor-screen-only\">Instagram<\/span>\n\t\t\t\t\t\t<i aria-hidden=\"true\" class=\"fab fa-instagram\"><\/i>\t\t\t\t\t<\/a>\n\t\t\t\t<\/span>\n\t\t\t\t\t<\/div>\n\t\t\t\t\t\t<\/div>\n\t\t\t\t<\/div>\n\t\t\t\t\t<\/div>\n\t\t\t\t<\/div>\n\t\t<div class=\"elementor-element elementor-element-36f98a7f e-con-full e-flex e-con e-parent\" data-id=\"36f98a7f\" data-element_type=\"container\" data-e-type=\"container\" data-settings=\"{&quot;background_background&quot;:&quot;classic&quot;}\">\n\t\t<div class=\"elementor-element elementor-element-5f208d18 e-flex e-con-boxed e-con e-child\" data-id=\"5f208d18\" data-element_type=\"container\" data-e-type=\"container\">\n\t\t\t\t\t<div class=\"e-con-inner\">\n\t\t\t\t<div class=\"elementor-element elementor-element-479b951c elementor-widget elementor-widget-heading\" data-id=\"479b951c\" data-element_type=\"widget\" data-e-type=\"widget\" data-widget_type=\"heading.default\">\n\t\t\t\t<div class=\"elementor-widget-container\">\n\t\t\t\t\t<p class=\"elementor-heading-title elementor-size-default\">ADVENT MAKARSKA<\/p>\t\t\t\t<\/div>\n\t\t\t\t<\/div>\n\t\t\t\t<div class=\"elementor-element elementor-element-780a577c elementor-widget elementor-widget-heading\" data-id=\"780a577c\" data-element_type=\"widget\" data-e-type=\"widget\" data-widget_type=\"heading.default\">\n\t\t\t\t<div class=\"elementor-widget-container\">\n\t\t\t\t\t<h2 class=\"elementor-heading-title elementor-size-default\">The Most Charming Advent by the Sea<\/h2>\t\t\t\t<\/div>\n\t\t\t\t<\/div>\n\t\t\t\t\t<\/div>\n\t\t\t\t<\/div>\n\t\t<div class=\"elementor-element elementor-element-6d73ecff e-flex e-con-boxed e-con e-child\" data-id=\"6d73ecff\" data-element_type=\"container\" data-e-type=\"container\">\n\t\t\t\t\t<div class=\"e-con-inner\">\n\t\t\t\t<div class=\"elementor-element elementor-element-3e219870 elementor-widget-tablet__width-initial elementor-invisible elementor-widget elementor-widget-image\" data-id=\"3e219870\" data-element_type=\"widget\" data-e-type=\"widget\" data-settings=\"{&quot;_animation&quot;:&quot;fadeInUp&quot;,&quot;_animation_mobile&quot;:&quot;fadeIn&quot;,&quot;_animation_delay&quot;:400}\" data-widget_type=\"image.default\">\n\t\t\t\t<div class=\"elementor-widget-container\">\n\t\t\t\t\t\t\t\t\t\t\t\t\t\t\t\t<a href=\"https:\/\/makarska-info.hr\/wp-content\/uploads\/2025\/11\/Dekoracije_Kala-Pahulja.jpg\" data-elementor-open-lightbox=\"no\">\n\t\t\t\t\t\t\t<img fetchpriority=\"high\" decoding=\"async\" width=\"400\" height=\"599\" src=\"https:\/\/makarska-info.hr\/wp-content\/uploads\/2025\/11\/Dekoracije_Kala-Pahulja.jpg\" class=\"attachment-large size-large wp-image-20409\" alt=\"advent makarska\" srcset=\"https:\/\/makarska-info.hr\/wp-content\/uploads\/2025\/11\/Dekoracije_Kala-Pahulja.jpg 400w, https:\/\/makarska-info.hr\/wp-content\/uploads\/2025\/11\/Dekoracije_Kala-Pahulja-200x300.jpg 200w, https:\/\/makarska-info.hr\/wp-content\/uploads\/2025\/11\/Dekoracije_Kala-Pahulja-8x12.jpg 8w\" sizes=\"(max-width: 400px) 100vw, 400px\" \/>\t\t\t\t\t\t\t\t<\/a>\n\t\t\t\t\t\t\t\t\t\t\t\t\t\t\t<\/div>\n\t\t\t\t<\/div>\n\t\t\t\t<div class=\"elementor-element elementor-element-6027c2d5 elementor-widget-tablet__width-initial elementor-invisible elementor-widget elementor-widget-image\" data-id=\"6027c2d5\" data-element_type=\"widget\" data-e-type=\"widget\" data-settings=\"{&quot;_animation_mobile&quot;:&quot;fadeIn&quot;,&quot;_animation_delay&quot;:200,&quot;_animation&quot;:&quot;fadeInUp&quot;}\" data-widget_type=\"image.default\">\n\t\t\t\t<div class=\"elementor-widget-container\">\n\t\t\t\t\t\t\t\t\t\t\t\t\t\t\t\t<a href=\"https:\/\/makarska-info.hr\/wp-content\/uploads\/2025\/11\/Dekoracije_Masna-1.jpg\" data-elementor-open-lightbox=\"no\">\n\t\t\t\t\t\t\t<img loading=\"lazy\" decoding=\"async\" width=\"400\" height=\"600\" src=\"https:\/\/makarska-info.hr\/wp-content\/uploads\/2025\/11\/Dekoracije_Masna-1.jpg\" class=\"attachment-large size-large wp-image-20410\" alt=\"advent makarska\" srcset=\"https:\/\/makarska-info.hr\/wp-content\/uploads\/2025\/11\/Dekoracije_Masna-1.jpg 400w, https:\/\/makarska-info.hr\/wp-content\/uploads\/2025\/11\/Dekoracije_Masna-1-200x300.jpg 200w, https:\/\/makarska-info.hr\/wp-content\/uploads\/2025\/11\/Dekoracije_Masna-1-8x12.jpg 8w\" sizes=\"(max-width: 400px) 100vw, 400px\" \/>\t\t\t\t\t\t\t\t<\/a>\n\t\t\t\t\t\t\t\t\t\t\t\t\t\t\t<\/div>\n\t\t\t\t<\/div>\n\t\t\t\t<div class=\"elementor-element elementor-element-1aa7da84 elementor-widget-tablet__width-initial elementor-widget__width-initial elementor-invisible elementor-widget elementor-widget-image\" data-id=\"1aa7da84\" data-element_type=\"widget\" data-e-type=\"widget\" data-settings=\"{&quot;_animation_mobile&quot;:&quot;fadeIn&quot;,&quot;_animation_delay&quot;:&quot;200&quot;,&quot;_animation&quot;:&quot;fadeInUp&quot;}\" data-widget_type=\"image.default\">\n\t\t\t\t<div class=\"elementor-widget-container\">\n\t\t\t\t\t\t\t\t\t\t\t\t\t\t\t\t<a href=\"https:\/\/makarska-info.hr\/wp-content\/uploads\/2025\/11\/Mali-Advent_Igloo-Djeda-Bozicnjaka.jpg\" data-elementor-open-lightbox=\"no\">\n\t\t\t\t\t\t\t<img loading=\"lazy\" decoding=\"async\" width=\"400\" height=\"599\" src=\"https:\/\/makarska-info.hr\/wp-content\/uploads\/2025\/11\/Mali-Advent_Igloo-Djeda-Bozicnjaka.jpg\" class=\"attachment-large size-large wp-image-20411\" alt=\"advent makarska\" srcset=\"https:\/\/makarska-info.hr\/wp-content\/uploads\/2025\/11\/Mali-Advent_Igloo-Djeda-Bozicnjaka.jpg 400w, https:\/\/makarska-info.hr\/wp-content\/uploads\/2025\/11\/Mali-Advent_Igloo-Djeda-Bozicnjaka-200x300.jpg 200w, https:\/\/makarska-info.hr\/wp-content\/uploads\/2025\/11\/Mali-Advent_Igloo-Djeda-Bozicnjaka-8x12.jpg 8w\" sizes=\"(max-width: 400px) 100vw, 400px\" \/>\t\t\t\t\t\t\t\t<\/a>\n\t\t\t\t\t\t\t\t\t\t\t\t\t\t\t<\/div>\n\t\t\t\t<\/div>\n\t\t\t\t<div class=\"elementor-element elementor-element-584cd5f4 elementor-widget-tablet__width-initial elementor-invisible elementor-widget elementor-widget-image\" data-id=\"584cd5f4\" data-element_type=\"widget\" data-e-type=\"widget\" data-settings=\"{&quot;_animation&quot;:&quot;fadeInUp&quot;,&quot;_animation_mobile&quot;:&quot;fadeIn&quot;,&quot;_animation_delay&quot;:200}\" data-widget_type=\"image.default\">\n\t\t\t\t<div class=\"elementor-widget-container\">\n\t\t\t\t\t\t\t\t\t\t\t\t\t\t\t\t<a href=\"https:\/\/makarska-info.hr\/wp-content\/uploads\/2025\/11\/DSCF0882.jpg\" data-elementor-open-lightbox=\"no\">\n\t\t\t\t\t\t\t<img loading=\"lazy\" decoding=\"async\" width=\"400\" height=\"600\" src=\"https:\/\/makarska-info.hr\/wp-content\/uploads\/2025\/11\/DSCF0882.jpg\" class=\"attachment-large size-large wp-image-20412\" alt=\"advent makarska\" srcset=\"https:\/\/makarska-info.hr\/wp-content\/uploads\/2025\/11\/DSCF0882.jpg 400w, https:\/\/makarska-info.hr\/wp-content\/uploads\/2025\/11\/DSCF0882-200x300.jpg 200w, https:\/\/makarska-info.hr\/wp-content\/uploads\/2025\/11\/DSCF0882-8x12.jpg 8w\" sizes=\"(max-width: 400px) 100vw, 400px\" \/>\t\t\t\t\t\t\t\t<\/a>\n\t\t\t\t\t\t\t\t\t\t\t\t\t\t\t<\/div>\n\t\t\t\t<\/div>\n\t\t\t\t<div class=\"elementor-element elementor-element-4f718f91 elementor-widget-tablet__width-initial elementor-invisible elementor-widget elementor-widget-image\" data-id=\"4f718f91\" data-element_type=\"widget\" data-e-type=\"widget\" data-settings=\"{&quot;_animation&quot;:&quot;fadeInUp&quot;,&quot;_animation_mobile&quot;:&quot;fadeIn&quot;,&quot;_animation_delay&quot;:400}\" data-widget_type=\"image.default\">\n\t\t\t\t<div class=\"elementor-widget-container\">\n\t\t\t\t\t\t\t\t\t\t\t\t\t\t\t\t<a href=\"https:\/\/makarska-info.hr\/wp-content\/uploads\/2025\/11\/DSCF0867-1.jpg\" data-elementor-open-lightbox=\"no\">\n\t\t\t\t\t\t\t<img loading=\"lazy\" decoding=\"async\" width=\"400\" height=\"600\" src=\"https:\/\/makarska-info.hr\/wp-content\/uploads\/2025\/11\/DSCF0867-1.jpg\" class=\"attachment-large size-large wp-image-20413\" alt=\"advent makarska\" srcset=\"https:\/\/makarska-info.hr\/wp-content\/uploads\/2025\/11\/DSCF0867-1.jpg 400w, https:\/\/makarska-info.hr\/wp-content\/uploads\/2025\/11\/DSCF0867-1-200x300.jpg 200w, https:\/\/makarska-info.hr\/wp-content\/uploads\/2025\/11\/DSCF0867-1-8x12.jpg 8w\" sizes=\"(max-width: 400px) 100vw, 400px\" \/>\t\t\t\t\t\t\t\t<\/a>\n\t\t\t\t\t\t\t\t\t\t\t\t\t\t\t<\/div>\n\t\t\t\t<\/div>\n\t\t\t\t\t<\/div>\n\t\t\t\t<\/div>\n\t\t\t\t<\/div>\n\t\t<div class=\"elementor-element elementor-element-b5057cb e-con-full e-flex e-con e-parent\" data-id=\"b5057cb\" data-element_type=\"container\" data-e-type=\"container\" data-settings=\"{&quot;background_background&quot;:&quot;classic&quot;}\">\n\t\t<div class=\"elementor-element elementor-element-497a1ec3 e-con-full e-flex e-con e-child\" data-id=\"497a1ec3\" data-element_type=\"container\" data-e-type=\"container\">\n\t\t\t\t<div class=\"elementor-element elementor-element-2ebee349 elementor-cta--layout-image-left elementor-cta--mobile-layout-image-above elementor-cta--valign-middle elementor-cta--skin-classic elementor-animated-content elementor-bg-transform elementor-bg-transform-zoom-in elementor-widget elementor-widget-call-to-action\" data-id=\"2ebee349\" data-element_type=\"widget\" data-e-type=\"widget\" data-widget_type=\"call-to-action.default\">\n\t\t\t\t<div class=\"elementor-widget-container\">\n\t\t\t\t\t\t\t<div class=\"elementor-cta\">\n\t\t\t\t\t<div class=\"elementor-cta__bg-wrapper\">\n\t\t\t\t<div class=\"elementor-cta__bg elementor-bg\" style=\"background-image: url(https:\/\/makarska-info.hr\/wp-content\/uploads\/2025\/11\/DSC05816.jpg);\" role=\"img\" aria-label=\"advent makarska\"><\/div>\n\t\t\t\t<div class=\"elementor-cta__bg-overlay\"><\/div>\n\t\t\t<\/div>\n\t\t\t\t\t\t\t\t<\/div>\n\t\t\t\t\t\t<\/div>\n\t\t\t\t<\/div>\n\t\t\t\t<\/div>\n\t\t<div class=\"elementor-element elementor-element-545bd597 e-con-full e-flex e-con e-child\" data-id=\"545bd597\" data-element_type=\"container\" data-e-type=\"container\">\n\t\t\t\t<div class=\"elementor-element elementor-element-66183511 elementor-widget elementor-widget-icon-box\" data-id=\"66183511\" data-element_type=\"widget\" data-e-type=\"widget\" data-widget_type=\"icon-box.default\">\n\t\t\t\t<div class=\"elementor-widget-container\">\n\t\t\t\t\t\t\t<div class=\"elementor-icon-box-wrapper\">\n\n\t\t\t\n\t\t\t\t\t\t<div class=\"elementor-icon-box-content\">\n\n\t\t\t\t\t\t\t\t\t<h3 class=\"elementor-icon-box-title\">\n\t\t\t\t\t\t<span  >\n\t\t\t\t\t\t\tADVENT MAKARSKA\t\t\t\t\t\t<\/span>\n\t\t\t\t\t<\/h3>\n\t\t\t\t\n\t\t\t\t\t\t\t\t\t<p class=\"elementor-icon-box-description\">\n\t\t\t\t\t\tThis winter, Makarska is once again opening one of the most recognizable holiday experiences on the Adriatic. The Advent, which in recent years has become a hallmark of the city\u2019s winter identity, returns in its full duration, connecting Ka\u010di\u0107 Square, Hrpin, and Tina Ujevi\u0107 Square throughout December into a pleasant winter stroll by the sea and a place of wonderful experiences. The magic begins on Sunday, 30 November, with the lighting of the first Advent candle and a concert by the band Silente.\t\t\t\t\t<\/p>\n\t\t\t\t\n\t\t\t<\/div>\n\t\t\t\n\t\t<\/div>\n\t\t\t\t\t\t<\/div>\n\t\t\t\t<\/div>\n\t\t\t\t<\/div>\n\t\t\t\t<\/div>\n\t\t<div class=\"elementor-element elementor-element-9d81c4 e-con-full e-flex e-con e-parent\" data-id=\"9d81c4\" data-element_type=\"container\" data-e-type=\"container\" data-settings=\"{&quot;background_background&quot;:&quot;classic&quot;}\">\n\t\t\t\t<div class=\"elementor-element elementor-element-52285b63 elementor-widget elementor-widget-heading\" data-id=\"52285b63\" data-element_type=\"widget\" data-e-type=\"widget\" data-widget_type=\"heading.default\">\n\t\t\t\t<div class=\"elementor-widget-container\">\n\t\t\t\t\t<h2 class=\"elementor-heading-title elementor-size-default\">locations<\/h2>\t\t\t\t<\/div>\n\t\t\t\t<\/div>\n\t\t<div class=\"elementor-element elementor-element-41580fd2 e-con-full e-flex e-con e-child\" data-id=\"41580fd2\" data-element_type=\"container\" data-e-type=\"container\">\n\t\t<div class=\"elementor-element elementor-element-3fc96fa6 e-con-full e-flex e-con e-child\" data-id=\"3fc96fa6\" data-element_type=\"container\" data-e-type=\"container\">\n\t\t\t\t<div class=\"elementor-element elementor-element-6d3b914e elementor-cta--layout-image-above elementor-widget__width-inherit elementor-cta--skin-classic elementor-animated-content elementor-bg-transform elementor-bg-transform-zoom-in elementor-widget elementor-widget-call-to-action\" data-id=\"6d3b914e\" data-element_type=\"widget\" data-e-type=\"widget\" data-widget_type=\"call-to-action.default\">\n\t\t\t\t<div class=\"elementor-widget-container\">\n\t\t\t\t\t\t\t<div class=\"elementor-cta\">\n\t\t\t\t\t<div class=\"elementor-cta__bg-wrapper\">\n\t\t\t\t<div class=\"elementor-cta__bg elementor-bg\" style=\"background-image: url(https:\/\/makarska-info.hr\/wp-content\/uploads\/2025\/11\/advent-slika-2-1024x686.jpg);\" role=\"img\" aria-label=\"advent slika 2\"><\/div>\n\t\t\t\t<div class=\"elementor-cta__bg-overlay\"><\/div>\n\t\t\t<\/div>\n\t\t\t\t\t\t\t<div class=\"elementor-cta__content\">\n\t\t\t\t\n\t\t\t\t\t\t\t\t\t<h2 class=\"elementor-cta__title elementor-cta__content-item elementor-content-item\">\n\t\t\t\t\t\tKA\u010cI\u0106 SQUARE\t\t\t\t\t<\/h2>\n\t\t\t\t\n\t\t\t\t\t\t\t\t\t<div class=\"elementor-cta__description elementor-cta__content-item elementor-content-item\">\n\t\t\t\t\t\tMusic Programme &amp; Food Zone &amp; Major Events for Children (Performances, Kids\u2019 New Year\u2019s Eve, Mascot Festival)\t\t\t\t\t<\/div>\n\t\t\t\t\n\t\t\t\t\t\t\t<\/div>\n\t\t\t\t\t\t<\/div>\n\t\t\t\t\t\t<\/div>\n\t\t\t\t<\/div>\n\t\t\t\t<\/div>\n\t\t<div class=\"elementor-element elementor-element-66c99cd7 e-con-full e-flex e-con e-child\" data-id=\"66c99cd7\" data-element_type=\"container\" data-e-type=\"container\">\n\t\t\t\t<div class=\"elementor-element elementor-element-71af6392 elementor-cta--layout-image-above elementor-widget__width-inherit elementor-cta--skin-classic elementor-animated-content elementor-bg-transform elementor-bg-transform-zoom-in elementor-widget elementor-widget-call-to-action\" data-id=\"71af6392\" data-element_type=\"widget\" data-e-type=\"widget\" data-widget_type=\"call-to-action.default\">\n\t\t\t\t<div class=\"elementor-widget-container\">\n\t\t\t\t\t\t\t<div class=\"elementor-cta\">\n\t\t\t\t\t<div class=\"elementor-cta__bg-wrapper\">\n\t\t\t\t<div class=\"elementor-cta__bg elementor-bg\" style=\"background-image: url(https:\/\/makarska-info.hr\/wp-content\/uploads\/2025\/11\/advent2.jpg);\" role=\"img\" aria-label=\"advent2\"><\/div>\n\t\t\t\t<div class=\"elementor-cta__bg-overlay\"><\/div>\n\t\t\t<\/div>\n\t\t\t\t\t\t\t<div class=\"elementor-cta__content\">\n\t\t\t\t\n\t\t\t\t\t\t\t\t\t<h2 class=\"elementor-cta__title elementor-cta__content-item elementor-content-item\">\n\t\t\t\t\t\tHRPINA SQUARE\t\t\t\t\t<\/h2>\n\t\t\t\t\n\t\t\t\t\t\t\t\t\t<div class=\"elementor-cta__description elementor-cta__content-item elementor-content-item\">\n\t\t\t\t\t\tSanta\u2019s Igloo Zone and Creative Workshops for the Little Ones\t\t\t\t\t<\/div>\n\t\t\t\t\n\t\t\t\t\t\t\t<\/div>\n\t\t\t\t\t\t<\/div>\n\t\t\t\t\t\t<\/div>\n\t\t\t\t<\/div>\n\t\t\t\t<\/div>\n\t\t<div class=\"elementor-element elementor-element-46485969 e-con-full e-flex e-con e-child\" data-id=\"46485969\" data-element_type=\"container\" data-e-type=\"container\">\n\t\t\t\t<div class=\"elementor-element elementor-element-5524ca8c elementor-cta--layout-image-above elementor-widget__width-inherit elementor-cta--skin-classic elementor-animated-content elementor-bg-transform elementor-bg-transform-zoom-in elementor-widget elementor-widget-call-to-action\" data-id=\"5524ca8c\" data-element_type=\"widget\" data-e-type=\"widget\" data-widget_type=\"call-to-action.default\">\n\t\t\t\t<div class=\"elementor-widget-container\">\n\t\t\t\t\t\t\t<div class=\"elementor-cta\">\n\t\t\t\t\t<div class=\"elementor-cta__bg-wrapper\">\n\t\t\t\t<div class=\"elementor-cta__bg elementor-bg\" style=\"background-image: url(https:\/\/makarska-info.hr\/wp-content\/uploads\/2025\/11\/DSC03351-1024x684.jpg);\" role=\"img\" aria-label=\"advent makarska\"><\/div>\n\t\t\t\t<div class=\"elementor-cta__bg-overlay\"><\/div>\n\t\t\t<\/div>\n\t\t\t\t\t\t\t<div class=\"elementor-cta__content\">\n\t\t\t\t\n\t\t\t\t\t\t\t\t\t<h2 class=\"elementor-cta__title elementor-cta__content-item elementor-content-item\">\n\t\t\t\t\t\tTIN UJEVI\u0106 SQUARE\t\t\t\t\t<\/h2>\n\t\t\t\t\n\t\t\t\t\t\t\t\t\t<div class=\"elementor-cta__description elementor-cta__content-item elementor-content-item\">\n\t\t\t\t\t\tIce Rink and Music for a Relaxed Evening Out and Socializing\t\t\t\t\t<\/div>\n\t\t\t\t\n\t\t\t\t\t\t\t<\/div>\n\t\t\t\t\t\t<\/div>\n\t\t\t\t\t\t<\/div>\n\t\t\t\t<\/div>\n\t\t\t\t<\/div>\n\t\t\t\t<\/div>\n\t\t\t\t<\/div>\n\t\t<div class=\"elementor-element elementor-element-a04ca07 e-flex e-con-boxed e-con e-parent\" data-id=\"a04ca07\" data-element_type=\"container\" data-e-type=\"container\" data-settings=\"{&quot;background_background&quot;:&quot;classic&quot;}\">\n\t\t\t\t\t<div class=\"e-con-inner\">\n\t\t\t\t<div class=\"elementor-element elementor-element-e4ce1fc elementor-widget elementor-widget-heading\" data-id=\"e4ce1fc\" data-element_type=\"widget\" data-e-type=\"widget\" data-widget_type=\"heading.default\">\n\t\t\t\t<div class=\"elementor-widget-container\">\n\t\t\t\t\t<h2 class=\"elementor-heading-title elementor-size-default\">Program<\/h2>\t\t\t\t<\/div>\n\t\t\t\t<\/div>\n\t\t\t\t\t<\/div>\n\t\t\t\t<\/div>\n\t\t<div class=\"elementor-element elementor-element-7217af2 e-flex e-con-boxed e-con e-parent\" data-id=\"7217af2\" data-element_type=\"container\" data-e-type=\"container\" data-settings=\"{&quot;background_background&quot;:&quot;classic&quot;}\">\n\t\t\t\t\t<div class=\"e-con-inner\">\n\t\t\t\t<div class=\"elementor-element elementor-element-1382554 gallery-spacing-custom elementor-widget-mobile__width-initial elementor-widget elementor-widget-image-gallery\" data-id=\"1382554\" data-element_type=\"widget\" data-e-type=\"widget\" data-widget_type=\"image-gallery.default\">\n\t\t\t\t<div class=\"elementor-widget-container\">\n\t\t\t\t\t\t\t<div class=\"elementor-image-gallery\">\n\t\t\t<div id='gallery-1' class='gallery galleryid-20082 gallery-columns-2 gallery-size-full'><figure class='gallery-item'>\n\t\t\t<div class='gallery-icon portrait'>\n\t\t\t\t<a data-elementor-open-lightbox=\"yes\" data-elementor-lightbox-slideshow=\"1382554\" data-elementor-lightbox-title=\"Advent Makarska Program\" data-e-action-hash=\"#elementor-action%3Aaction%3Dlightbox%26settings%3DeyJpZCI6MjEyODIsInVybCI6Imh0dHBzOlwvXC9tYWthcnNrYS1pbmZvLmhyXC93cC1jb250ZW50XC91cGxvYWRzXC8yMDI1XC8xMlwvUHJvZ3JhbS1WZWxpa2ktQWR2ZW50LTAxLTEtMS5qcGciLCJzbGlkZXNob3ciOiIxMzgyNTU0In0%3D\" href=\"https:\/\/makarska-info.hr\/wp-content\/uploads\/2025\/12\/Program-Veliki-Advent-01-1-1.jpg\"><img loading=\"lazy\" decoding=\"async\" width=\"2500\" height=\"3125\" src=\"https:\/\/makarska-info.hr\/wp-content\/uploads\/2025\/12\/Program-Veliki-Advent-01-1-1.jpg\" class=\"attachment-full size-full\" alt=\"advent makarska\" srcset=\"https:\/\/makarska-info.hr\/wp-content\/uploads\/2025\/12\/Program-Veliki-Advent-01-1-1.jpg 2500w, https:\/\/makarska-info.hr\/wp-content\/uploads\/2025\/12\/Program-Veliki-Advent-01-1-1-240x300.jpg 240w, https:\/\/makarska-info.hr\/wp-content\/uploads\/2025\/12\/Program-Veliki-Advent-01-1-1-819x1024.jpg 819w, https:\/\/makarska-info.hr\/wp-content\/uploads\/2025\/12\/Program-Veliki-Advent-01-1-1-768x960.jpg 768w, https:\/\/makarska-info.hr\/wp-content\/uploads\/2025\/12\/Program-Veliki-Advent-01-1-1-1229x1536.jpg 1229w, https:\/\/makarska-info.hr\/wp-content\/uploads\/2025\/12\/Program-Veliki-Advent-01-1-1-1638x2048.jpg 1638w, https:\/\/makarska-info.hr\/wp-content\/uploads\/2025\/12\/Program-Veliki-Advent-01-1-1-10x12.jpg 10w\" sizes=\"(max-width: 2500px) 100vw, 2500px\" \/><\/a>\n\t\t\t<\/div><\/figure><figure class='gallery-item'>\n\t\t\t<div class='gallery-icon portrait'>\n\t\t\t\t<a data-elementor-open-lightbox=\"yes\" data-elementor-lightbox-slideshow=\"1382554\" data-elementor-lightbox-title=\"Advent Makarska\" data-e-action-hash=\"#elementor-action%3Aaction%3Dlightbox%26settings%3DeyJpZCI6MjE0NDQsInVybCI6Imh0dHBzOlwvXC9tYWthcnNrYS1pbmZvLmhyXC93cC1jb250ZW50XC91cGxvYWRzXC8yMDI2XC8wMVwvQWR2ZW50LU1ha2Fyc2thLWtvbmNlcnRpLTA1LTMtMS5qcGciLCJzbGlkZXNob3ciOiIxMzgyNTU0In0%3D\" href=\"https:\/\/makarska-info.hr\/wp-content\/uploads\/2026\/01\/Advent-Makarska-koncerti-05-3-1.jpg\"><img loading=\"lazy\" decoding=\"async\" width=\"1250\" height=\"1562\" src=\"https:\/\/makarska-info.hr\/wp-content\/uploads\/2026\/01\/Advent-Makarska-koncerti-05-3-1.jpg\" class=\"attachment-full size-full\" alt=\"Advent Makarska\" srcset=\"https:\/\/makarska-info.hr\/wp-content\/uploads\/2026\/01\/Advent-Makarska-koncerti-05-3-1.jpg 1250w, https:\/\/makarska-info.hr\/wp-content\/uploads\/2026\/01\/Advent-Makarska-koncerti-05-3-1-240x300.jpg 240w, https:\/\/makarska-info.hr\/wp-content\/uploads\/2026\/01\/Advent-Makarska-koncerti-05-3-1-819x1024.jpg 819w, https:\/\/makarska-info.hr\/wp-content\/uploads\/2026\/01\/Advent-Makarska-koncerti-05-3-1-768x960.jpg 768w, https:\/\/makarska-info.hr\/wp-content\/uploads\/2026\/01\/Advent-Makarska-koncerti-05-3-1-1229x1536.jpg 1229w, https:\/\/makarska-info.hr\/wp-content\/uploads\/2026\/01\/Advent-Makarska-koncerti-05-3-1-10x12.jpg 10w\" sizes=\"(max-width: 1250px) 100vw, 1250px\" \/><\/a>\n\t\t\t<\/div><\/figure>\n\t\t<\/div>\n\t\t<\/div>\n\t\t\t\t\t\t<\/div>\n\t\t\t\t<\/div>\n\t\t\t\t\t<\/div>\n\t\t\t\t<\/div>\n\t\t<div class=\"elementor-element elementor-element-614929e e-flex e-con-boxed e-con e-parent\" data-id=\"614929e\" data-element_type=\"container\" data-e-type=\"container\" data-settings=\"{&quot;background_background&quot;:&quot;classic&quot;}\">\n\t\t\t\t\t<div class=\"e-con-inner\">\n\t\t<div class=\"elementor-element elementor-element-7863b21 e-flex e-con-boxed e-con e-child\" data-id=\"7863b21\" data-element_type=\"container\" data-e-type=\"container\" data-settings=\"{&quot;background_background&quot;:&quot;classic&quot;}\">\n\t\t\t\t\t<div class=\"e-con-inner\">\n\t\t\t\t<div class=\"elementor-element elementor-element-3d4dc53 elementor-widget elementor-widget-heading\" data-id=\"3d4dc53\" data-element_type=\"widget\" data-e-type=\"widget\" data-widget_type=\"heading.default\">\n\t\t\t\t<div class=\"elementor-widget-container\">\n\t\t\t\t\t<h2 class=\"elementor-heading-title elementor-size-default\">Gallery<\/h2>\t\t\t\t<\/div>\n\t\t\t\t<\/div>\n\t\t\t\t\t<\/div>\n\t\t\t\t<\/div>\n\t\t\t\t<div class=\"elementor-element elementor-element-17e8d74 gallery-spacing-custom elementor-widget-mobile__width-initial elementor-widget elementor-widget-image-gallery\" data-id=\"17e8d74\" data-element_type=\"widget\" data-e-type=\"widget\" data-widget_type=\"image-gallery.default\">\n\t\t\t\t<div class=\"elementor-widget-container\">\n\t\t\t\t\t\t\t<div class=\"elementor-image-gallery\">\n\t\t\t<div id='gallery-2' class='gallery galleryid-20082 gallery-columns-2 gallery-size-full'><figure class='gallery-item'>\n\t\t\t<div class='gallery-icon portrait'>\n\t\t\t\t<a data-elementor-open-lightbox=\"yes\" data-elementor-lightbox-slideshow=\"17e8d74\" data-elementor-lightbox-title=\"Advent Makarska\" data-e-action-hash=\"#elementor-action%3Aaction%3Dlightbox%26settings%3DeyJpZCI6MjE0NjMsInVybCI6Imh0dHBzOlwvXC9tYWthcnNrYS1pbmZvLmhyXC93cC1jb250ZW50XC91cGxvYWRzXC8yMDI2XC8wMVwvVW1pcm92bGplbmljZS1sb3ZlLXJpYnUuanBnIiwic2xpZGVzaG93IjoiMTdlOGQ3NCJ9\" href=\"https:\/\/makarska-info.hr\/wp-content\/uploads\/2026\/01\/Umirovljenice-love-ribu.jpg\"><img loading=\"lazy\" decoding=\"async\" width=\"2115\" height=\"3173\" src=\"https:\/\/makarska-info.hr\/wp-content\/uploads\/2026\/01\/Umirovljenice-love-ribu.jpg\" class=\"attachment-full size-full\" alt=\"Advent Makarska\" srcset=\"https:\/\/makarska-info.hr\/wp-content\/uploads\/2026\/01\/Umirovljenice-love-ribu.jpg 2115w, https:\/\/makarska-info.hr\/wp-content\/uploads\/2026\/01\/Umirovljenice-love-ribu-200x300.jpg 200w, https:\/\/makarska-info.hr\/wp-content\/uploads\/2026\/01\/Umirovljenice-love-ribu-683x1024.jpg 683w, https:\/\/makarska-info.hr\/wp-content\/uploads\/2026\/01\/Umirovljenice-love-ribu-768x1152.jpg 768w, https:\/\/makarska-info.hr\/wp-content\/uploads\/2026\/01\/Umirovljenice-love-ribu-1024x1536.jpg 1024w, https:\/\/makarska-info.hr\/wp-content\/uploads\/2026\/01\/Umirovljenice-love-ribu-1365x2048.jpg 1365w, https:\/\/makarska-info.hr\/wp-content\/uploads\/2026\/01\/Umirovljenice-love-ribu-8x12.jpg 8w\" sizes=\"(max-width: 2115px) 100vw, 2115px\" \/><\/a>\n\t\t\t<\/div><\/figure><figure class='gallery-item'>\n\t\t\t<div class='gallery-icon portrait'>\n\t\t\t\t<a data-elementor-open-lightbox=\"yes\" data-elementor-lightbox-slideshow=\"17e8d74\" data-elementor-lightbox-title=\"Advent Makarska\" data-e-action-hash=\"#elementor-action%3Aaction%3Dlightbox%26settings%3DeyJpZCI6MjE0NjIsInVybCI6Imh0dHBzOlwvXC9tYWthcnNrYS1pbmZvLmhyXC93cC1jb250ZW50XC91cGxvYWRzXC8yMDI2XC8wMVwvU2lsZW50ZS5qcGciLCJzbGlkZXNob3ciOiIxN2U4ZDc0In0%3D\" href=\"https:\/\/makarska-info.hr\/wp-content\/uploads\/2026\/01\/Silente.jpg\"><img loading=\"lazy\" decoding=\"async\" width=\"2062\" height=\"3093\" src=\"https:\/\/makarska-info.hr\/wp-content\/uploads\/2026\/01\/Silente.jpg\" class=\"attachment-full size-full\" alt=\"Advent Makarska\" srcset=\"https:\/\/makarska-info.hr\/wp-content\/uploads\/2026\/01\/Silente.jpg 2062w, https:\/\/makarska-info.hr\/wp-content\/uploads\/2026\/01\/Silente-200x300.jpg 200w, https:\/\/makarska-info.hr\/wp-content\/uploads\/2026\/01\/Silente-683x1024.jpg 683w, https:\/\/makarska-info.hr\/wp-content\/uploads\/2026\/01\/Silente-768x1152.jpg 768w, https:\/\/makarska-info.hr\/wp-content\/uploads\/2026\/01\/Silente-1024x1536.jpg 1024w, https:\/\/makarska-info.hr\/wp-content\/uploads\/2026\/01\/Silente-1365x2048.jpg 1365w, https:\/\/makarska-info.hr\/wp-content\/uploads\/2026\/01\/Silente-8x12.jpg 8w\" sizes=\"(max-width: 2062px) 100vw, 2062px\" \/><\/a>\n\t\t\t<\/div><\/figure><figure class='gallery-item'>\n\t\t\t<div class='gallery-icon portrait'>\n\t\t\t\t<a data-elementor-open-lightbox=\"yes\" data-elementor-lightbox-slideshow=\"17e8d74\" data-elementor-lightbox-title=\"Advent Makarska\" data-e-action-hash=\"#elementor-action%3Aaction%3Dlightbox%26settings%3DeyJpZCI6MjE0NjEsInVybCI6Imh0dHBzOlwvXC9tYWthcnNrYS1pbmZvLmhyXC93cC1jb250ZW50XC91cGxvYWRzXC8yMDI2XC8wMVwvS2xpemFsaXN0ZTEuanBnIiwic2xpZGVzaG93IjoiMTdlOGQ3NCJ9\" href=\"https:\/\/makarska-info.hr\/wp-content\/uploads\/2026\/01\/Klizaliste1.jpg\"><img loading=\"lazy\" decoding=\"async\" width=\"1224\" height=\"1836\" src=\"https:\/\/makarska-info.hr\/wp-content\/uploads\/2026\/01\/Klizaliste1.jpg\" class=\"attachment-full size-full\" alt=\"Advent Makarska\" srcset=\"https:\/\/makarska-info.hr\/wp-content\/uploads\/2026\/01\/Klizaliste1.jpg 1224w, https:\/\/makarska-info.hr\/wp-content\/uploads\/2026\/01\/Klizaliste1-200x300.jpg 200w, https:\/\/makarska-info.hr\/wp-content\/uploads\/2026\/01\/Klizaliste1-683x1024.jpg 683w, https:\/\/makarska-info.hr\/wp-content\/uploads\/2026\/01\/Klizaliste1-768x1152.jpg 768w, https:\/\/makarska-info.hr\/wp-content\/uploads\/2026\/01\/Klizaliste1-1024x1536.jpg 1024w, https:\/\/makarska-info.hr\/wp-content\/uploads\/2026\/01\/Klizaliste1-8x12.jpg 8w\" sizes=\"(max-width: 1224px) 100vw, 1224px\" \/><\/a>\n\t\t\t<\/div><\/figure><figure class='gallery-item'>\n\t\t\t<div class='gallery-icon portrait'>\n\t\t\t\t<a data-elementor-open-lightbox=\"yes\" data-elementor-lightbox-slideshow=\"17e8d74\" data-elementor-lightbox-title=\"Advent Makarska\" data-e-action-hash=\"#elementor-action%3Aaction%3Dlightbox%26settings%3DeyJpZCI6MjE0NjAsInVybCI6Imh0dHBzOlwvXC9tYWthcnNrYS1pbmZvLmhyXC93cC1jb250ZW50XC91cGxvYWRzXC8yMDI2XC8wMVwvSmFrb3YtSm96aW5vdmljLmpwZyIsInNsaWRlc2hvdyI6IjE3ZThkNzQifQ%3D%3D\" href=\"https:\/\/makarska-info.hr\/wp-content\/uploads\/2026\/01\/Jakov-Jozinovic.jpg\"><img loading=\"lazy\" decoding=\"async\" width=\"1607\" height=\"2411\" src=\"https:\/\/makarska-info.hr\/wp-content\/uploads\/2026\/01\/Jakov-Jozinovic.jpg\" class=\"attachment-full size-full\" alt=\"Advent Makarska\" srcset=\"https:\/\/makarska-info.hr\/wp-content\/uploads\/2026\/01\/Jakov-Jozinovic.jpg 1607w, https:\/\/makarska-info.hr\/wp-content\/uploads\/2026\/01\/Jakov-Jozinovic-200x300.jpg 200w, https:\/\/makarska-info.hr\/wp-content\/uploads\/2026\/01\/Jakov-Jozinovic-683x1024.jpg 683w, https:\/\/makarska-info.hr\/wp-content\/uploads\/2026\/01\/Jakov-Jozinovic-768x1152.jpg 768w, https:\/\/makarska-info.hr\/wp-content\/uploads\/2026\/01\/Jakov-Jozinovic-1024x1536.jpg 1024w, https:\/\/makarska-info.hr\/wp-content\/uploads\/2026\/01\/Jakov-Jozinovic-1365x2048.jpg 1365w, https:\/\/makarska-info.hr\/wp-content\/uploads\/2026\/01\/Jakov-Jozinovic-8x12.jpg 8w\" sizes=\"(max-width: 1607px) 100vw, 1607px\" \/><\/a>\n\t\t\t<\/div><\/figure><figure class='gallery-item'>\n\t\t\t<div class='gallery-icon portrait'>\n\t\t\t\t<a data-elementor-open-lightbox=\"yes\" data-elementor-lightbox-slideshow=\"17e8d74\" data-elementor-lightbox-title=\"Advent Makarska\" data-e-action-hash=\"#elementor-action%3Aaction%3Dlightbox%26settings%3DeyJpZCI6MjE0NTksInVybCI6Imh0dHBzOlwvXC9tYWthcnNrYS1pbmZvLmhyXC93cC1jb250ZW50XC91cGxvYWRzXC8yMDI2XC8wMVwvSWdsb28tZGplZGEtQm96aWNuamFrYS5qcGciLCJzbGlkZXNob3ciOiIxN2U4ZDc0In0%3D\" href=\"https:\/\/makarska-info.hr\/wp-content\/uploads\/2026\/01\/Igloo-djeda-Bozicnjaka.jpg\"><img loading=\"lazy\" decoding=\"async\" width=\"999\" height=\"1495\" src=\"https:\/\/makarska-info.hr\/wp-content\/uploads\/2026\/01\/Igloo-djeda-Bozicnjaka.jpg\" class=\"attachment-full size-full\" alt=\"Advent Makarska\" srcset=\"https:\/\/makarska-info.hr\/wp-content\/uploads\/2026\/01\/Igloo-djeda-Bozicnjaka.jpg 999w, https:\/\/makarska-info.hr\/wp-content\/uploads\/2026\/01\/Igloo-djeda-Bozicnjaka-200x300.jpg 200w, https:\/\/makarska-info.hr\/wp-content\/uploads\/2026\/01\/Igloo-djeda-Bozicnjaka-684x1024.jpg 684w, https:\/\/makarska-info.hr\/wp-content\/uploads\/2026\/01\/Igloo-djeda-Bozicnjaka-768x1149.jpg 768w, https:\/\/makarska-info.hr\/wp-content\/uploads\/2026\/01\/Igloo-djeda-Bozicnjaka-8x12.jpg 8w\" sizes=\"(max-width: 999px) 100vw, 999px\" \/><\/a>\n\t\t\t<\/div><\/figure><figure class='gallery-item'>\n\t\t\t<div class='gallery-icon portrait'>\n\t\t\t\t<a data-elementor-open-lightbox=\"yes\" data-elementor-lightbox-slideshow=\"17e8d74\" data-elementor-lightbox-title=\"Advent Makarska\" data-e-action-hash=\"#elementor-action%3Aaction%3Dlightbox%26settings%3DeyJpZCI6MjE0NTgsInVybCI6Imh0dHBzOlwvXC9tYWthcnNrYS1pbmZvLmhyXC93cC1jb250ZW50XC91cGxvYWRzXC8yMDI2XC8wMVwvSWdsb28tZGplZGEtQm96aWNuamFrYTEuanBnIiwic2xpZGVzaG93IjoiMTdlOGQ3NCJ9\" href=\"https:\/\/makarska-info.hr\/wp-content\/uploads\/2026\/01\/Igloo-djeda-Bozicnjaka1.jpg\"><img loading=\"lazy\" decoding=\"async\" width=\"1509\" height=\"2263\" src=\"https:\/\/makarska-info.hr\/wp-content\/uploads\/2026\/01\/Igloo-djeda-Bozicnjaka1.jpg\" class=\"attachment-full size-full\" alt=\"Advent Makarska\" srcset=\"https:\/\/makarska-info.hr\/wp-content\/uploads\/2026\/01\/Igloo-djeda-Bozicnjaka1.jpg 1509w, https:\/\/makarska-info.hr\/wp-content\/uploads\/2026\/01\/Igloo-djeda-Bozicnjaka1-200x300.jpg 200w, https:\/\/makarska-info.hr\/wp-content\/uploads\/2026\/01\/Igloo-djeda-Bozicnjaka1-683x1024.jpg 683w, https:\/\/makarska-info.hr\/wp-content\/uploads\/2026\/01\/Igloo-djeda-Bozicnjaka1-768x1152.jpg 768w, https:\/\/makarska-info.hr\/wp-content\/uploads\/2026\/01\/Igloo-djeda-Bozicnjaka1-1024x1536.jpg 1024w, https:\/\/makarska-info.hr\/wp-content\/uploads\/2026\/01\/Igloo-djeda-Bozicnjaka1-1366x2048.jpg 1366w, https:\/\/makarska-info.hr\/wp-content\/uploads\/2026\/01\/Igloo-djeda-Bozicnjaka1-8x12.jpg 8w\" sizes=\"(max-width: 1509px) 100vw, 1509px\" \/><\/a>\n\t\t\t<\/div><\/figure><figure class='gallery-item'>\n\t\t\t<div class='gallery-icon portrait'>\n\t\t\t\t<a data-elementor-open-lightbox=\"yes\" data-elementor-lightbox-slideshow=\"17e8d74\" data-elementor-lightbox-title=\"Advent Makarska\" data-e-action-hash=\"#elementor-action%3Aaction%3Dlightbox%26settings%3DeyJpZCI6MjE0NTcsInVybCI6Imh0dHBzOlwvXC9tYWthcnNrYS1pbmZvLmhyXC93cC1jb250ZW50XC91cGxvYWRzXC8yMDI2XC8wMVwvRmVzdGl2YWwtTWFza290YS5qcGciLCJzbGlkZXNob3ciOiIxN2U4ZDc0In0%3D\" href=\"https:\/\/makarska-info.hr\/wp-content\/uploads\/2026\/01\/Festival-Maskota.jpg\"><img loading=\"lazy\" decoding=\"async\" width=\"1517\" height=\"2276\" src=\"https:\/\/makarska-info.hr\/wp-content\/uploads\/2026\/01\/Festival-Maskota.jpg\" class=\"attachment-full size-full\" alt=\"Advent Makarska\" srcset=\"https:\/\/makarska-info.hr\/wp-content\/uploads\/2026\/01\/Festival-Maskota.jpg 1517w, https:\/\/makarska-info.hr\/wp-content\/uploads\/2026\/01\/Festival-Maskota-200x300.jpg 200w, https:\/\/makarska-info.hr\/wp-content\/uploads\/2026\/01\/Festival-Maskota-683x1024.jpg 683w, https:\/\/makarska-info.hr\/wp-content\/uploads\/2026\/01\/Festival-Maskota-768x1152.jpg 768w, https:\/\/makarska-info.hr\/wp-content\/uploads\/2026\/01\/Festival-Maskota-1024x1536.jpg 1024w, https:\/\/makarska-info.hr\/wp-content\/uploads\/2026\/01\/Festival-Maskota-1365x2048.jpg 1365w, https:\/\/makarska-info.hr\/wp-content\/uploads\/2026\/01\/Festival-Maskota-8x12.jpg 8w\" sizes=\"(max-width: 1517px) 100vw, 1517px\" \/><\/a>\n\t\t\t<\/div><\/figure><figure class='gallery-item'>\n\t\t\t<div class='gallery-icon portrait'>\n\t\t\t\t<a data-elementor-open-lightbox=\"yes\" data-elementor-lightbox-slideshow=\"17e8d74\" data-elementor-lightbox-title=\"Advent Makarska\" data-e-action-hash=\"#elementor-action%3Aaction%3Dlightbox%26settings%3DeyJpZCI6MjE0NTYsInVybCI6Imh0dHBzOlwvXC9tYWthcnNrYS1pbmZvLmhyXC93cC1jb250ZW50XC91cGxvYWRzXC8yMDI2XC8wMVwvRHJhemVuLVplY2ljLmpwZyIsInNsaWRlc2hvdyI6IjE3ZThkNzQifQ%3D%3D\" href=\"https:\/\/makarska-info.hr\/wp-content\/uploads\/2026\/01\/Drazen-Zecic.jpg\"><img loading=\"lazy\" decoding=\"async\" width=\"1322\" height=\"1982\" src=\"https:\/\/makarska-info.hr\/wp-content\/uploads\/2026\/01\/Drazen-Zecic.jpg\" class=\"attachment-full size-full\" alt=\"Advent Makarska\" srcset=\"https:\/\/makarska-info.hr\/wp-content\/uploads\/2026\/01\/Drazen-Zecic.jpg 1322w, https:\/\/makarska-info.hr\/wp-content\/uploads\/2026\/01\/Drazen-Zecic-200x300.jpg 200w, https:\/\/makarska-info.hr\/wp-content\/uploads\/2026\/01\/Drazen-Zecic-683x1024.jpg 683w, https:\/\/makarska-info.hr\/wp-content\/uploads\/2026\/01\/Drazen-Zecic-768x1151.jpg 768w, https:\/\/makarska-info.hr\/wp-content\/uploads\/2026\/01\/Drazen-Zecic-1025x1536.jpg 1025w, https:\/\/makarska-info.hr\/wp-content\/uploads\/2026\/01\/Drazen-Zecic-8x12.jpg 8w\" sizes=\"(max-width: 1322px) 100vw, 1322px\" \/><\/a>\n\t\t\t<\/div><\/figure><figure class='gallery-item'>\n\t\t\t<div class='gallery-icon portrait'>\n\t\t\t\t<a data-elementor-open-lightbox=\"yes\" data-elementor-lightbox-slideshow=\"17e8d74\" data-elementor-lightbox-title=\"Advent Makarska\" data-e-action-hash=\"#elementor-action%3Aaction%3Dlightbox%26settings%3DeyJpZCI6MjE0NTQsInVybCI6Imh0dHBzOlwvXC9tYWthcnNrYS1pbmZvLmhyXC93cC1jb250ZW50XC91cGxvYWRzXC8yMDI2XC8wMVwvRGplY2ppLWRvY2VrLmpwZyIsInNsaWRlc2hvdyI6IjE3ZThkNzQifQ%3D%3D\" href=\"https:\/\/makarska-info.hr\/wp-content\/uploads\/2026\/01\/Djecji-docek.jpg\"><img loading=\"lazy\" decoding=\"async\" width=\"1541\" height=\"2311\" src=\"https:\/\/makarska-info.hr\/wp-content\/uploads\/2026\/01\/Djecji-docek.jpg\" class=\"attachment-full size-full\" alt=\"Advent Makarska\" srcset=\"https:\/\/makarska-info.hr\/wp-content\/uploads\/2026\/01\/Djecji-docek.jpg 1541w, https:\/\/makarska-info.hr\/wp-content\/uploads\/2026\/01\/Djecji-docek-200x300.jpg 200w, https:\/\/makarska-info.hr\/wp-content\/uploads\/2026\/01\/Djecji-docek-683x1024.jpg 683w, https:\/\/makarska-info.hr\/wp-content\/uploads\/2026\/01\/Djecji-docek-768x1152.jpg 768w, https:\/\/makarska-info.hr\/wp-content\/uploads\/2026\/01\/Djecji-docek-1024x1536.jpg 1024w, https:\/\/makarska-info.hr\/wp-content\/uploads\/2026\/01\/Djecji-docek-1366x2048.jpg 1366w, https:\/\/makarska-info.hr\/wp-content\/uploads\/2026\/01\/Djecji-docek-8x12.jpg 8w\" sizes=\"(max-width: 1541px) 100vw, 1541px\" \/><\/a>\n\t\t\t<\/div><\/figure><figure class='gallery-item'>\n\t\t\t<div class='gallery-icon portrait'>\n\t\t\t\t<a data-elementor-open-lightbox=\"yes\" data-elementor-lightbox-slideshow=\"17e8d74\" data-elementor-lightbox-title=\"Advent Makarska\" data-e-action-hash=\"#elementor-action%3Aaction%3Dlightbox%26settings%3DeyJpZCI6MjE0NTUsInVybCI6Imh0dHBzOlwvXC9tYWthcnNrYS1pbmZvLmhyXC93cC1jb250ZW50XC91cGxvYWRzXC8yMDI2XC8wMVwvRG5ldm5pLWRvY2VrLmpwZyIsInNsaWRlc2hvdyI6IjE3ZThkNzQifQ%3D%3D\" href=\"https:\/\/makarska-info.hr\/wp-content\/uploads\/2026\/01\/Dnevni-docek.jpg\"><img loading=\"lazy\" decoding=\"async\" width=\"1700\" height=\"2550\" src=\"https:\/\/makarska-info.hr\/wp-content\/uploads\/2026\/01\/Dnevni-docek.jpg\" class=\"attachment-full size-full\" alt=\"Advent Makarska\" srcset=\"https:\/\/makarska-info.hr\/wp-content\/uploads\/2026\/01\/Dnevni-docek.jpg 1700w, https:\/\/makarska-info.hr\/wp-content\/uploads\/2026\/01\/Dnevni-docek-200x300.jpg 200w, https:\/\/makarska-info.hr\/wp-content\/uploads\/2026\/01\/Dnevni-docek-683x1024.jpg 683w, https:\/\/makarska-info.hr\/wp-content\/uploads\/2026\/01\/Dnevni-docek-768x1152.jpg 768w, https:\/\/makarska-info.hr\/wp-content\/uploads\/2026\/01\/Dnevni-docek-1024x1536.jpg 1024w, https:\/\/makarska-info.hr\/wp-content\/uploads\/2026\/01\/Dnevni-docek-1365x2048.jpg 1365w, https:\/\/makarska-info.hr\/wp-content\/uploads\/2026\/01\/Dnevni-docek-8x12.jpg 8w\" sizes=\"(max-width: 1700px) 100vw, 1700px\" \/><\/a>\n\t\t\t<\/div><\/figure><figure class='gallery-item'>\n\t\t\t<div class='gallery-icon portrait'>\n\t\t\t\t<a data-elementor-open-lightbox=\"yes\" data-elementor-lightbox-slideshow=\"17e8d74\" data-elementor-lightbox-title=\"Advent Makarska\" data-e-action-hash=\"#elementor-action%3Aaction%3Dlightbox%26settings%3DeyJpZCI6MjE0NTMsInVybCI6Imh0dHBzOlwvXC9tYWthcnNrYS1pbmZvLmhyXC93cC1jb250ZW50XC91cGxvYWRzXC8yMDI2XC8wMVwvQWR2ZW50c2thLXV0cmthLmpwZyIsInNsaWRlc2hvdyI6IjE3ZThkNzQifQ%3D%3D\" href=\"https:\/\/makarska-info.hr\/wp-content\/uploads\/2026\/01\/Adventska-utrka.jpg\"><img loading=\"lazy\" decoding=\"async\" width=\"1650\" height=\"2475\" src=\"https:\/\/makarska-info.hr\/wp-content\/uploads\/2026\/01\/Adventska-utrka.jpg\" class=\"attachment-full size-full\" alt=\"Advent Makarska\" srcset=\"https:\/\/makarska-info.hr\/wp-content\/uploads\/2026\/01\/Adventska-utrka.jpg 1650w, https:\/\/makarska-info.hr\/wp-content\/uploads\/2026\/01\/Adventska-utrka-200x300.jpg 200w, https:\/\/makarska-info.hr\/wp-content\/uploads\/2026\/01\/Adventska-utrka-683x1024.jpg 683w, https:\/\/makarska-info.hr\/wp-content\/uploads\/2026\/01\/Adventska-utrka-768x1152.jpg 768w, https:\/\/makarska-info.hr\/wp-content\/uploads\/2026\/01\/Adventska-utrka-1024x1536.jpg 1024w, https:\/\/makarska-info.hr\/wp-content\/uploads\/2026\/01\/Adventska-utrka-1365x2048.jpg 1365w, https:\/\/makarska-info.hr\/wp-content\/uploads\/2026\/01\/Adventska-utrka-8x12.jpg 8w\" sizes=\"(max-width: 1650px) 100vw, 1650px\" \/><\/a>\n\t\t\t<\/div><\/figure><figure class='gallery-item'>\n\t\t\t<div class='gallery-icon portrait'>\n\t\t\t\t<a data-elementor-open-lightbox=\"yes\" data-elementor-lightbox-slideshow=\"17e8d74\" data-elementor-lightbox-title=\"Advent Makarska\" data-e-action-hash=\"#elementor-action%3Aaction%3Dlightbox%26settings%3DeyJpZCI6MjE0NTIsInVybCI6Imh0dHBzOlwvXC9tYWthcnNrYS1pbmZvLmhyXC93cC1jb250ZW50XC91cGxvYWRzXC8yMDI2XC8wMVwvQWR2ZW50c2thLWNhamFua2EuanBnIiwic2xpZGVzaG93IjoiMTdlOGQ3NCJ9\" href=\"https:\/\/makarska-info.hr\/wp-content\/uploads\/2026\/01\/Adventska-cajanka.jpg\"><img loading=\"lazy\" decoding=\"async\" width=\"1668\" height=\"2502\" src=\"https:\/\/makarska-info.hr\/wp-content\/uploads\/2026\/01\/Adventska-cajanka.jpg\" class=\"attachment-full size-full\" alt=\"Advent Makarska\" srcset=\"https:\/\/makarska-info.hr\/wp-content\/uploads\/2026\/01\/Adventska-cajanka.jpg 1668w, https:\/\/makarska-info.hr\/wp-content\/uploads\/2026\/01\/Adventska-cajanka-200x300.jpg 200w, https:\/\/makarska-info.hr\/wp-content\/uploads\/2026\/01\/Adventska-cajanka-683x1024.jpg 683w, https:\/\/makarska-info.hr\/wp-content\/uploads\/2026\/01\/Adventska-cajanka-768x1152.jpg 768w, https:\/\/makarska-info.hr\/wp-content\/uploads\/2026\/01\/Adventska-cajanka-1024x1536.jpg 1024w, https:\/\/makarska-info.hr\/wp-content\/uploads\/2026\/01\/Adventska-cajanka-1365x2048.jpg 1365w, https:\/\/makarska-info.hr\/wp-content\/uploads\/2026\/01\/Adventska-cajanka-8x12.jpg 8w\" sizes=\"(max-width: 1668px) 100vw, 1668px\" \/><\/a>\n\t\t\t<\/div><\/figure><figure class='gallery-item'>\n\t\t\t<div class='gallery-icon portrait'>\n\t\t\t\t<a data-elementor-open-lightbox=\"yes\" data-elementor-lightbox-slideshow=\"17e8d74\" data-elementor-lightbox-title=\"Advent Makarska\" data-e-action-hash=\"#elementor-action%3Aaction%3Dlightbox%26settings%3DeyJpZCI6MjE0NTEsInVybCI6Imh0dHBzOlwvXC9tYWthcnNrYS1pbmZvLmhyXC93cC1jb250ZW50XC91cGxvYWRzXC8yMDI2XC8wMVwvQWR2ZW50LU1ha2Fyc2thLmpwZyIsInNsaWRlc2hvdyI6IjE3ZThkNzQifQ%3D%3D\" href=\"https:\/\/makarska-info.hr\/wp-content\/uploads\/2026\/01\/Advent-Makarska.jpg\"><img loading=\"lazy\" decoding=\"async\" width=\"1800\" height=\"2700\" src=\"https:\/\/makarska-info.hr\/wp-content\/uploads\/2026\/01\/Advent-Makarska.jpg\" class=\"attachment-full size-full\" alt=\"Advent Makarska\" srcset=\"https:\/\/makarska-info.hr\/wp-content\/uploads\/2026\/01\/Advent-Makarska.jpg 1800w, https:\/\/makarska-info.hr\/wp-content\/uploads\/2026\/01\/Advent-Makarska-200x300.jpg 200w, https:\/\/makarska-info.hr\/wp-content\/uploads\/2026\/01\/Advent-Makarska-683x1024.jpg 683w, https:\/\/makarska-info.hr\/wp-content\/uploads\/2026\/01\/Advent-Makarska-768x1152.jpg 768w, https:\/\/makarska-info.hr\/wp-content\/uploads\/2026\/01\/Advent-Makarska-1024x1536.jpg 1024w, https:\/\/makarska-info.hr\/wp-content\/uploads\/2026\/01\/Advent-Makarska-1365x2048.jpg 1365w, https:\/\/makarska-info.hr\/wp-content\/uploads\/2026\/01\/Advent-Makarska-8x12.jpg 8w\" sizes=\"(max-width: 1800px) 100vw, 1800px\" \/><\/a>\n\t\t\t<\/div><\/figure><figure class='gallery-item'>\n\t\t\t<div class='gallery-icon portrait'>\n\t\t\t\t<a data-elementor-open-lightbox=\"yes\" data-elementor-lightbox-slideshow=\"17e8d74\" data-elementor-lightbox-title=\"Advent Makarska\" data-e-action-hash=\"#elementor-action%3Aaction%3Dlightbox%26settings%3DeyJpZCI6MjE0NDksInVybCI6Imh0dHBzOlwvXC9tYWthcnNrYS1pbmZvLmhyXC93cC1jb250ZW50XC91cGxvYWRzXC8yMDI2XC8wMVwvQWR2ZW50LU1ha2Fyc2thNi5qcGciLCJzbGlkZXNob3ciOiIxN2U4ZDc0In0%3D\" href=\"https:\/\/makarska-info.hr\/wp-content\/uploads\/2026\/01\/Advent-Makarska6.jpg\"><img loading=\"lazy\" decoding=\"async\" width=\"1650\" height=\"2476\" src=\"https:\/\/makarska-info.hr\/wp-content\/uploads\/2026\/01\/Advent-Makarska6.jpg\" class=\"attachment-full size-full\" alt=\"Advent Makarska\" srcset=\"https:\/\/makarska-info.hr\/wp-content\/uploads\/2026\/01\/Advent-Makarska6.jpg 1650w, https:\/\/makarska-info.hr\/wp-content\/uploads\/2026\/01\/Advent-Makarska6-200x300.jpg 200w, https:\/\/makarska-info.hr\/wp-content\/uploads\/2026\/01\/Advent-Makarska6-682x1024.jpg 682w, https:\/\/makarska-info.hr\/wp-content\/uploads\/2026\/01\/Advent-Makarska6-768x1152.jpg 768w, https:\/\/makarska-info.hr\/wp-content\/uploads\/2026\/01\/Advent-Makarska6-1024x1536.jpg 1024w, https:\/\/makarska-info.hr\/wp-content\/uploads\/2026\/01\/Advent-Makarska6-1365x2048.jpg 1365w, https:\/\/makarska-info.hr\/wp-content\/uploads\/2026\/01\/Advent-Makarska6-8x12.jpg 8w\" sizes=\"(max-width: 1650px) 100vw, 1650px\" \/><\/a>\n\t\t\t<\/div><\/figure><figure class='gallery-item'>\n\t\t\t<div class='gallery-icon portrait'>\n\t\t\t\t<a data-elementor-open-lightbox=\"yes\" data-elementor-lightbox-slideshow=\"17e8d74\" data-elementor-lightbox-title=\"Advent Makarska\" data-e-action-hash=\"#elementor-action%3Aaction%3Dlightbox%26settings%3DeyJpZCI6MjE0NDgsInVybCI6Imh0dHBzOlwvXC9tYWthcnNrYS1pbmZvLmhyXC93cC1jb250ZW50XC91cGxvYWRzXC8yMDI2XC8wMVwvQWR2ZW50LU1ha2Fyc2thNS5qcGciLCJzbGlkZXNob3ciOiIxN2U4ZDc0In0%3D\" href=\"https:\/\/makarska-info.hr\/wp-content\/uploads\/2026\/01\/Advent-Makarska5.jpg\"><img loading=\"lazy\" decoding=\"async\" width=\"1337\" height=\"2006\" src=\"https:\/\/makarska-info.hr\/wp-content\/uploads\/2026\/01\/Advent-Makarska5.jpg\" class=\"attachment-full size-full\" alt=\"Advent Makarska\" srcset=\"https:\/\/makarska-info.hr\/wp-content\/uploads\/2026\/01\/Advent-Makarska5.jpg 1337w, https:\/\/makarska-info.hr\/wp-content\/uploads\/2026\/01\/Advent-Makarska5-200x300.jpg 200w, https:\/\/makarska-info.hr\/wp-content\/uploads\/2026\/01\/Advent-Makarska5-682x1024.jpg 682w, https:\/\/makarska-info.hr\/wp-content\/uploads\/2026\/01\/Advent-Makarska5-768x1152.jpg 768w, https:\/\/makarska-info.hr\/wp-content\/uploads\/2026\/01\/Advent-Makarska5-1024x1536.jpg 1024w, https:\/\/makarska-info.hr\/wp-content\/uploads\/2026\/01\/Advent-Makarska5-8x12.jpg 8w\" sizes=\"(max-width: 1337px) 100vw, 1337px\" \/><\/a>\n\t\t\t<\/div><\/figure><figure class='gallery-item'>\n\t\t\t<div class='gallery-icon portrait'>\n\t\t\t\t<a data-elementor-open-lightbox=\"yes\" data-elementor-lightbox-slideshow=\"17e8d74\" data-elementor-lightbox-title=\"Advent Makarska\" data-e-action-hash=\"#elementor-action%3Aaction%3Dlightbox%26settings%3DeyJpZCI6MjE0NDcsInVybCI6Imh0dHBzOlwvXC9tYWthcnNrYS1pbmZvLmhyXC93cC1jb250ZW50XC91cGxvYWRzXC8yMDI2XC8wMVwvQWR2ZW50LU1ha2Fyc2thNC5qcGciLCJzbGlkZXNob3ciOiIxN2U4ZDc0In0%3D\" href=\"https:\/\/makarska-info.hr\/wp-content\/uploads\/2026\/01\/Advent-Makarska4.jpg\"><img loading=\"lazy\" decoding=\"async\" width=\"1160\" height=\"1740\" src=\"https:\/\/makarska-info.hr\/wp-content\/uploads\/2026\/01\/Advent-Makarska4.jpg\" class=\"attachment-full size-full\" alt=\"Advent Makarska\" srcset=\"https:\/\/makarska-info.hr\/wp-content\/uploads\/2026\/01\/Advent-Makarska4.jpg 1160w, https:\/\/makarska-info.hr\/wp-content\/uploads\/2026\/01\/Advent-Makarska4-200x300.jpg 200w, https:\/\/makarska-info.hr\/wp-content\/uploads\/2026\/01\/Advent-Makarska4-683x1024.jpg 683w, https:\/\/makarska-info.hr\/wp-content\/uploads\/2026\/01\/Advent-Makarska4-768x1152.jpg 768w, https:\/\/makarska-info.hr\/wp-content\/uploads\/2026\/01\/Advent-Makarska4-1024x1536.jpg 1024w, https:\/\/makarska-info.hr\/wp-content\/uploads\/2026\/01\/Advent-Makarska4-8x12.jpg 8w\" sizes=\"(max-width: 1160px) 100vw, 1160px\" \/><\/a>\n\t\t\t<\/div><\/figure><figure class='gallery-item'>\n\t\t\t<div class='gallery-icon portrait'>\n\t\t\t\t<a data-elementor-open-lightbox=\"yes\" data-elementor-lightbox-slideshow=\"17e8d74\" data-elementor-lightbox-title=\"Advent Makarska\" data-e-action-hash=\"#elementor-action%3Aaction%3Dlightbox%26settings%3DeyJpZCI6MjE0NDYsInVybCI6Imh0dHBzOlwvXC9tYWthcnNrYS1pbmZvLmhyXC93cC1jb250ZW50XC91cGxvYWRzXC8yMDI2XC8wMVwvQWR2ZW50LU1ha2Fyc2thMy5qcGciLCJzbGlkZXNob3ciOiIxN2U4ZDc0In0%3D\" href=\"https:\/\/makarska-info.hr\/wp-content\/uploads\/2026\/01\/Advent-Makarska3.jpg\"><img loading=\"lazy\" decoding=\"async\" width=\"1034\" height=\"1552\" src=\"https:\/\/makarska-info.hr\/wp-content\/uploads\/2026\/01\/Advent-Makarska3.jpg\" class=\"attachment-full size-full\" alt=\"Advent Makarska\" srcset=\"https:\/\/makarska-info.hr\/wp-content\/uploads\/2026\/01\/Advent-Makarska3.jpg 1034w, https:\/\/makarska-info.hr\/wp-content\/uploads\/2026\/01\/Advent-Makarska3-200x300.jpg 200w, https:\/\/makarska-info.hr\/wp-content\/uploads\/2026\/01\/Advent-Makarska3-682x1024.jpg 682w, https:\/\/makarska-info.hr\/wp-content\/uploads\/2026\/01\/Advent-Makarska3-768x1153.jpg 768w, https:\/\/makarska-info.hr\/wp-content\/uploads\/2026\/01\/Advent-Makarska3-1023x1536.jpg 1023w, https:\/\/makarska-info.hr\/wp-content\/uploads\/2026\/01\/Advent-Makarska3-8x12.jpg 8w\" sizes=\"(max-width: 1034px) 100vw, 1034px\" \/><\/a>\n\t\t\t<\/div><\/figure><figure class='gallery-item'>\n\t\t\t<div class='gallery-icon portrait'>\n\t\t\t\t<a data-elementor-open-lightbox=\"yes\" data-elementor-lightbox-slideshow=\"17e8d74\" data-elementor-lightbox-title=\"Advent Makarska\" data-e-action-hash=\"#elementor-action%3Aaction%3Dlightbox%26settings%3DeyJpZCI6MjE0NDUsInVybCI6Imh0dHBzOlwvXC9tYWthcnNrYS1pbmZvLmhyXC93cC1jb250ZW50XC91cGxvYWRzXC8yMDI2XC8wMVwvQWR2ZW50LU1ha2Fyc2thMS5qcGciLCJzbGlkZXNob3ciOiIxN2U4ZDc0In0%3D\" href=\"https:\/\/makarska-info.hr\/wp-content\/uploads\/2026\/01\/Advent-Makarska1.jpg\"><img loading=\"lazy\" decoding=\"async\" width=\"1300\" height=\"1950\" src=\"https:\/\/makarska-info.hr\/wp-content\/uploads\/2026\/01\/Advent-Makarska1.jpg\" class=\"attachment-full size-full\" alt=\"Advent Makarska\" srcset=\"https:\/\/makarska-info.hr\/wp-content\/uploads\/2026\/01\/Advent-Makarska1.jpg 1300w, https:\/\/makarska-info.hr\/wp-content\/uploads\/2026\/01\/Advent-Makarska1-200x300.jpg 200w, https:\/\/makarska-info.hr\/wp-content\/uploads\/2026\/01\/Advent-Makarska1-683x1024.jpg 683w, https:\/\/makarska-info.hr\/wp-content\/uploads\/2026\/01\/Advent-Makarska1-768x1152.jpg 768w, https:\/\/makarska-info.hr\/wp-content\/uploads\/2026\/01\/Advent-Makarska1-1024x1536.jpg 1024w, https:\/\/makarska-info.hr\/wp-content\/uploads\/2026\/01\/Advent-Makarska1-8x12.jpg 8w\" sizes=\"(max-width: 1300px) 100vw, 1300px\" \/><\/a>\n\t\t\t<\/div><\/figure>\n\t\t<\/div>\n\t\t<\/div>\n\t\t\t\t\t\t<\/div>\n\t\t\t\t<\/div>\n\t\t\t\t\t<\/div>\n\t\t\t\t<\/div>\n\t\t\t\t<\/div>","protected":false},"excerpt":{"rendered":"<p>ADVENT MAKARSKA 30.11.2025 &#8211; 1.1.2026 Facebook Instagram ADVENT MAKARSKA Naj\u0161armantniji Advent uz more ADVENT MAKARSKA Makarska i ove zime otvara jednu od najprepoznatljivijih blagdanskih pri\u010da na Jadranu. Advent koji se&hellip;&nbsp;<a href=\"https:\/\/makarska-info.hr\/en\/advent-makarska\/\" rel=\"bookmark\">Read More &raquo;<span class=\"screen-reader-text\">Advent Makarska<\/span><\/a><\/p>","protected":false},"author":1,"featured_media":0,"parent":0,"menu_order":0,"comment_status":"closed","ping_status":"closed","template":"elementor_canvas","meta":{"neve_meta_sidebar":"","neve_meta_container":"","neve_meta_enable_content_width":"","neve_meta_content_width":0,"neve_meta_title_alignment":"","neve_meta_author_avatar":"","neve_post_elements_order":"","neve_meta_disable_header":"","neve_meta_disable_footer":"","neve_meta_disable_title":"","footnotes":""},"class_list":["post-20082","page","type-page","status-publish","hentry"],"_links":{"self":[{"href":"https:\/\/makarska-info.hr\/en\/wp-json\/wp\/v2\/pages\/20082","targetHints":{"allow":["GET"]}}],"collection":[{"href":"https:\/\/makarska-info.hr\/en\/wp-json\/wp\/v2\/pages"}],"about":[{"href":"https:\/\/makarska-info.hr\/en\/wp-json\/wp\/v2\/types\/page"}],"author":[{"embeddable":true,"href":"https:\/\/makarska-info.hr\/en\/wp-json\/wp\/v2\/users\/1"}],"replies":[{"embeddable":true,"href":"https:\/\/makarska-info.hr\/en\/wp-json\/wp\/v2\/comments?post=20082"}],"version-history":[{"count":887,"href":"https:\/\/makarska-info.hr\/en\/wp-json\/wp\/v2\/pages\/20082\/revisions"}],"predecessor-version":[{"id":21472,"href":"https:\/\/makarska-info.hr\/en\/wp-json\/wp\/v2\/pages\/20082\/revisions\/21472"}],"wp:attachment":[{"href":"https:\/\/makarska-info.hr\/en\/wp-json\/wp\/v2\/media?parent=20082"}],"curies":[{"name":"wp","href":"https:\/\/api.w.org\/{rel}","templated":true}]}}