{"id":208,"date":"2023-05-27T18:43:57","date_gmt":"2023-05-27T17:43:57","guid":{"rendered":"https:\/\/makarska-info.hr\/?page_id=208"},"modified":"2026-04-20T07:26:26","modified_gmt":"2026-04-20T06:26:26","slug":"novosti","status":"publish","type":"page","link":"https:\/\/makarska-info.hr\/en\/novosti\/","title":{"rendered":"News"},"content":{"rendered":"<div data-elementor-type=\"wp-page\" data-elementor-id=\"208\" class=\"elementor elementor-208\" data-elementor-post-type=\"page\">\n\t\t\t\t\t\t<section class=\"elementor-section elementor-top-section elementor-element elementor-element-57da9551 elementor-section-full_width elementor-section-height-default elementor-section-height-default\" data-id=\"57da9551\" data-element_type=\"section\" data-e-type=\"section\">\n\t\t\t\t\t\t<div class=\"elementor-container elementor-column-gap-default\">\n\t\t\t\t\t<div class=\"elementor-column elementor-col-100 elementor-top-column elementor-element elementor-element-65207470\" data-id=\"65207470\" data-element_type=\"column\" data-e-type=\"column\">\n\t\t\t<div class=\"elementor-widget-wrap\">\n\t\t\t\t\t\t\t<\/div>\n\t\t<\/div>\n\t\t\t\t\t<\/div>\n\t\t<\/section>\n\t\t<div class=\"elementor-element elementor-element-5c535a1a e-con-full e-flex e-con e-parent\" data-id=\"5c535a1a\" data-element_type=\"container\" data-e-type=\"container\" data-settings=\"{&quot;background_background&quot;:&quot;classic&quot;}\">\n\t\t\t\t<\/div>\n\t\t<div class=\"elementor-element elementor-element-70fbca40 e-con-full e-flex e-con e-parent\" data-id=\"70fbca40\" data-element_type=\"container\" data-e-type=\"container\" data-settings=\"{&quot;background_background&quot;:&quot;classic&quot;}\">\n\t\t\t\t<div class=\"elementor-element elementor-element-f42e7a3 elementor-widget elementor-widget-heading\" data-id=\"f42e7a3\" data-element_type=\"widget\" data-e-type=\"widget\" data-widget_type=\"heading.default\">\n\t\t\t\t<div class=\"elementor-widget-container\">\n\t\t\t\t\t<h2 class=\"elementor-heading-title elementor-size-default\">NEWS<\/h2>\t\t\t\t<\/div>\n\t\t\t\t<\/div>\n\t\t\t\t<\/div>\n\t\t<div class=\"elementor-element elementor-element-386e7f6 e-flex e-con-boxed e-con e-parent\" data-id=\"386e7f6\" data-element_type=\"container\" data-e-type=\"container\" data-settings=\"{&quot;background_background&quot;:&quot;classic&quot;}\">\n\t\t\t\t\t<div class=\"e-con-inner\">\n\t\t\t\t<div class=\"elementor-element elementor-element-93bcd1b elementor-grid-3 elementor-grid-tablet-2 elementor-grid-mobile-1 elementor-posts--thumbnail-top elementor-card-shadow-yes elementor-posts__hover-gradient elementor-widget elementor-widget-posts\" data-id=\"93bcd1b\" data-element_type=\"widget\" data-e-type=\"widget\" data-settings=\"{&quot;cards_columns&quot;:&quot;3&quot;,&quot;cards_columns_tablet&quot;:&quot;2&quot;,&quot;cards_columns_mobile&quot;:&quot;1&quot;,&quot;cards_row_gap&quot;:{&quot;unit&quot;:&quot;px&quot;,&quot;size&quot;:35,&quot;sizes&quot;:[]},&quot;cards_row_gap_widescreen&quot;:{&quot;unit&quot;:&quot;px&quot;,&quot;size&quot;:&quot;&quot;,&quot;sizes&quot;:[]},&quot;cards_row_gap_laptop&quot;:{&quot;unit&quot;:&quot;px&quot;,&quot;size&quot;:&quot;&quot;,&quot;sizes&quot;:[]},&quot;cards_row_gap_tablet_extra&quot;:{&quot;unit&quot;:&quot;px&quot;,&quot;size&quot;:&quot;&quot;,&quot;sizes&quot;:[]},&quot;cards_row_gap_tablet&quot;:{&quot;unit&quot;:&quot;px&quot;,&quot;size&quot;:&quot;&quot;,&quot;sizes&quot;:[]},&quot;cards_row_gap_mobile_extra&quot;:{&quot;unit&quot;:&quot;px&quot;,&quot;size&quot;:&quot;&quot;,&quot;sizes&quot;:[]},&quot;cards_row_gap_mobile&quot;:{&quot;unit&quot;:&quot;px&quot;,&quot;size&quot;:&quot;&quot;,&quot;sizes&quot;:[]}}\" data-widget_type=\"posts.cards\">\n\t\t\t\t<div class=\"elementor-widget-container\">\n\t\t\t\t\t\t\t<div class=\"elementor-posts-container elementor-posts elementor-posts--skin-cards elementor-grid\" role=\"list\">\n\t\t\t\t<article class=\"elementor-post elementor-grid-item post-23197 post type-post status-publish format-standard has-post-thumbnail hentry category-objave\" role=\"listitem\">\n\t\t\t<div class=\"elementor-post__card\">\n\t\t\t\t<a class=\"elementor-post__thumbnail__link\" href=\"https:\/\/makarska-info.hr\/en\/edukacija-za-male-iznajmljivace-2\/\" tabindex=\"-1\" ><div class=\"elementor-post__thumbnail\"><img fetchpriority=\"high\" decoding=\"async\" width=\"1080\" height=\"1440\" src=\"https:\/\/makarska-info.hr\/wp-content\/uploads\/2026\/04\/edukacija-za-male-iznajmljivace.png\" class=\"attachment-full size-full wp-image-23198\" alt=\"edukacija za male iznajmljiva\u010de\" srcset=\"https:\/\/makarska-info.hr\/wp-content\/uploads\/2026\/04\/edukacija-za-male-iznajmljivace.png 1080w, https:\/\/makarska-info.hr\/wp-content\/uploads\/2026\/04\/edukacija-za-male-iznajmljivace-225x300.png 225w, https:\/\/makarska-info.hr\/wp-content\/uploads\/2026\/04\/edukacija-za-male-iznajmljivace-768x1024.png 768w, https:\/\/makarska-info.hr\/wp-content\/uploads\/2026\/04\/edukacija-za-male-iznajmljivace-9x12.png 9w\" sizes=\"(max-width: 1080px) 100vw, 1080px\" \/><\/div><\/a>\n\t\t\t\t<div class=\"elementor-post__badge\">Objave<\/div>\n\t\t\t\t<div class=\"elementor-post__text\">\n\t\t\t\t<h3 class=\"elementor-post__title\">\n\t\t\t<a href=\"https:\/\/makarska-info.hr\/en\/edukacija-za-male-iznajmljivace-2\/\" >\n\t\t\t\tEducational Seminar for Private Accommodation Providers in Makarska (croatian)\t\t\t<\/a>\n\t\t<\/h3>\n\t\t\t\t\t<div class=\"elementor-post__read-more-wrapper\">\n\t\t\n\t\t<a class=\"elementor-post__read-more\" href=\"https:\/\/makarska-info.hr\/en\/edukacija-za-male-iznajmljivace-2\/\" aria-label=\"Read more about Edukacija za male iznajmljiva\u010de\" tabindex=\"-1\" >\n\t\t\tPRO\u010cITAJ VI\u0160E \u00bb\t\t<\/a>\n\n\t\t\t\t\t<\/div>\n\t\t\t\t<\/div>\n\t\t\t\t<div class=\"elementor-post__meta-data\">\n\t\t\t\t\t<span class=\"elementor-post-date\">\n\t\t\t29\/04\/2026\t\t<\/span>\n\t\t\t\t<\/div>\n\t\t\t\t\t<\/div>\n\t\t<\/article>\n\t\t\t\t<article class=\"elementor-post elementor-grid-item post-23171 post type-post status-publish format-standard has-post-thumbnail hentry category-objave\" role=\"listitem\">\n\t\t\t<div class=\"elementor-post__card\">\n\t\t\t\t<a class=\"elementor-post__thumbnail__link\" href=\"https:\/\/makarska-info.hr\/en\/tz-makarska-natjecaj-za-prijam-u-radni-odnos-na-odredeno-vrijeme\/\" tabindex=\"-1\" ><div class=\"elementor-post__thumbnail\"><img decoding=\"async\" width=\"1080\" height=\"1920\" src=\"https:\/\/makarska-info.hr\/wp-content\/uploads\/2025\/10\/Dizajn-bez-naslova-16.png\" class=\"attachment-full size-full wp-image-20002\" alt=\"\" srcset=\"https:\/\/makarska-info.hr\/wp-content\/uploads\/2025\/10\/Dizajn-bez-naslova-16.png 1080w, https:\/\/makarska-info.hr\/wp-content\/uploads\/2025\/10\/Dizajn-bez-naslova-16-169x300.png 169w, https:\/\/makarska-info.hr\/wp-content\/uploads\/2025\/10\/Dizajn-bez-naslova-16-576x1024.png 576w, https:\/\/makarska-info.hr\/wp-content\/uploads\/2025\/10\/Dizajn-bez-naslova-16-768x1365.png 768w, https:\/\/makarska-info.hr\/wp-content\/uploads\/2025\/10\/Dizajn-bez-naslova-16-864x1536.png 864w, https:\/\/makarska-info.hr\/wp-content\/uploads\/2025\/10\/Dizajn-bez-naslova-16-7x12.png 7w\" sizes=\"(max-width: 1080px) 100vw, 1080px\" \/><\/div><\/a>\n\t\t\t\t<div class=\"elementor-post__badge\">Objave<\/div>\n\t\t\t\t<div class=\"elementor-post__text\">\n\t\t\t\t<h3 class=\"elementor-post__title\">\n\t\t\t<a href=\"https:\/\/makarska-info.hr\/en\/tz-makarska-natjecaj-za-prijam-u-radni-odnos-na-odredeno-vrijeme\/\" >\n\t\t\t\tTZ Makarska &#8211; Natje\u010daj za prijam u radni odnos na odre\u0111eno vrijeme\t\t\t<\/a>\n\t\t<\/h3>\n\t\t\t\t\t<div class=\"elementor-post__read-more-wrapper\">\n\t\t\n\t\t<a class=\"elementor-post__read-more\" href=\"https:\/\/makarska-info.hr\/en\/tz-makarska-natjecaj-za-prijam-u-radni-odnos-na-odredeno-vrijeme\/\" aria-label=\"Read more about TZ Makarska &#8211; Natje\u010daj za prijam u radni odnos na odre\u0111eno vrijeme\" tabindex=\"-1\" >\n\t\t\tPRO\u010cITAJ VI\u0160E \u00bb\t\t<\/a>\n\n\t\t\t\t\t<\/div>\n\t\t\t\t<\/div>\n\t\t\t\t<div class=\"elementor-post__meta-data\">\n\t\t\t\t\t<span class=\"elementor-post-date\">\n\t\t\t27\/04\/2026\t\t<\/span>\n\t\t\t\t<\/div>\n\t\t\t\t\t<\/div>\n\t\t<\/article>\n\t\t\t\t<article class=\"elementor-post elementor-grid-item post-23149 post type-post status-publish format-standard has-post-thumbnail hentry category-objave\" role=\"listitem\">\n\t\t\t<div class=\"elementor-post__card\">\n\t\t\t\t<a class=\"elementor-post__thumbnail__link\" href=\"https:\/\/makarska-info.hr\/en\/odluka-o-dodjeli-bespovratnih-sredstava-za-manifestacije-u-2026-godini\/\" tabindex=\"-1\" ><div class=\"elementor-post__thumbnail\"><img decoding=\"async\" width=\"600\" height=\"600\" src=\"https:\/\/makarska-info.hr\/wp-content\/uploads\/2025\/07\/turee.png\" class=\"attachment-full size-full wp-image-19541\" alt=\"maestrale stortytelling ture\" srcset=\"https:\/\/makarska-info.hr\/wp-content\/uploads\/2025\/07\/turee.png 600w, https:\/\/makarska-info.hr\/wp-content\/uploads\/2025\/07\/turee-300x300.png 300w, https:\/\/makarska-info.hr\/wp-content\/uploads\/2025\/07\/turee-150x150.png 150w, https:\/\/makarska-info.hr\/wp-content\/uploads\/2025\/07\/turee-12x12.png 12w\" sizes=\"(max-width: 600px) 100vw, 600px\" \/><\/div><\/a>\n\t\t\t\t<div class=\"elementor-post__badge\">Objave<\/div>\n\t\t\t\t<div class=\"elementor-post__text\">\n\t\t\t\t<h3 class=\"elementor-post__title\">\n\t\t\t<a href=\"https:\/\/makarska-info.hr\/en\/odluka-o-dodjeli-bespovratnih-sredstava-za-manifestacije-u-2026-godini\/\" >\n\t\t\t\tOdluka o dodjeli bespovratnih sredstava za manifestacije u 2026.godini\t\t\t<\/a>\n\t\t<\/h3>\n\t\t\t\t\t<div class=\"elementor-post__read-more-wrapper\">\n\t\t\n\t\t<a class=\"elementor-post__read-more\" href=\"https:\/\/makarska-info.hr\/en\/odluka-o-dodjeli-bespovratnih-sredstava-za-manifestacije-u-2026-godini\/\" aria-label=\"Read more about Odluka o dodjeli bespovratnih sredstava za manifestacije u 2026.godini\" tabindex=\"-1\" >\n\t\t\tPRO\u010cITAJ VI\u0160E \u00bb\t\t<\/a>\n\n\t\t\t\t\t<\/div>\n\t\t\t\t<\/div>\n\t\t\t\t<div class=\"elementor-post__meta-data\">\n\t\t\t\t\t<span class=\"elementor-post-date\">\n\t\t\t23\/04\/2026\t\t<\/span>\n\t\t\t\t<\/div>\n\t\t\t\t\t<\/div>\n\t\t<\/article>\n\t\t\t\t<article class=\"elementor-post elementor-grid-item post-23060 post type-post status-publish format-standard has-post-thumbnail hentry category-objave\" role=\"listitem\">\n\t\t\t<div class=\"elementor-post__card\">\n\t\t\t\t<a class=\"elementor-post__thumbnail__link\" href=\"https:\/\/makarska-info.hr\/en\/zasadi-danas-njeguj-sutra-dan-planeta-zemlje-u-makarskoj\/\" tabindex=\"-1\" ><div class=\"elementor-post__thumbnail\"><img loading=\"lazy\" decoding=\"async\" width=\"828\" height=\"1037\" src=\"https:\/\/makarska-info.hr\/wp-content\/uploads\/2026\/04\/zasadi-makarska.jpg\" class=\"attachment-full size-full wp-image-23061\" alt=\"zasadi\" srcset=\"https:\/\/makarska-info.hr\/wp-content\/uploads\/2026\/04\/zasadi-makarska.jpg 828w, https:\/\/makarska-info.hr\/wp-content\/uploads\/2026\/04\/zasadi-makarska-240x300.jpg 240w, https:\/\/makarska-info.hr\/wp-content\/uploads\/2026\/04\/zasadi-makarska-818x1024.jpg 818w, https:\/\/makarska-info.hr\/wp-content\/uploads\/2026\/04\/zasadi-makarska-768x962.jpg 768w, https:\/\/makarska-info.hr\/wp-content\/uploads\/2026\/04\/zasadi-makarska-10x12.jpg 10w\" sizes=\"(max-width: 828px) 100vw, 828px\" \/><\/div><\/a>\n\t\t\t\t<div class=\"elementor-post__badge\">Objave<\/div>\n\t\t\t\t<div class=\"elementor-post__text\">\n\t\t\t\t<h3 class=\"elementor-post__title\">\n\t\t\t<a href=\"https:\/\/makarska-info.hr\/en\/zasadi-danas-njeguj-sutra-dan-planeta-zemlje-u-makarskoj\/\" >\n\t\t\t\tEarth day in Makarska\t\t\t<\/a>\n\t\t<\/h3>\n\t\t\t\t\t<div class=\"elementor-post__read-more-wrapper\">\n\t\t\n\t\t<a class=\"elementor-post__read-more\" href=\"https:\/\/makarska-info.hr\/en\/zasadi-danas-njeguj-sutra-dan-planeta-zemlje-u-makarskoj\/\" aria-label=\"Read more about Zasadi danas, njeguj sutra \u2013 Dan planeta Zemlje u Makarskoj\" tabindex=\"-1\" >\n\t\t\tPRO\u010cITAJ VI\u0160E \u00bb\t\t<\/a>\n\n\t\t\t\t\t<\/div>\n\t\t\t\t<\/div>\n\t\t\t\t<div class=\"elementor-post__meta-data\">\n\t\t\t\t\t<span class=\"elementor-post-date\">\n\t\t\t15\/04\/2026\t\t<\/span>\n\t\t\t\t<\/div>\n\t\t\t\t\t<\/div>\n\t\t<\/article>\n\t\t\t\t<article class=\"elementor-post elementor-grid-item post-23017 post type-post status-publish format-standard has-post-thumbnail hentry category-objave tag-izvjestaj tag-makarska tag-tzg-makarske tag-uskrs-2026 tag-uskrsni-dorucak\" role=\"listitem\">\n\t\t\t<div class=\"elementor-post__card\">\n\t\t\t\t<a class=\"elementor-post__thumbnail__link\" href=\"https:\/\/makarska-info.hr\/en\/uskrs-u-makarskoj-vise-od-3-100-gostiju-i-gotovo-7-000-nocenja-za-odlican-pocetak-sezone\/\" tabindex=\"-1\" ><div class=\"elementor-post__thumbnail\"><img loading=\"lazy\" decoding=\"async\" width=\"1365\" height=\"2048\" src=\"https:\/\/makarska-info.hr\/wp-content\/uploads\/2026\/04\/USKRSNI-DORUCAK.jpg\" class=\"attachment-full size-full wp-image-23019\" alt=\"\" srcset=\"https:\/\/makarska-info.hr\/wp-content\/uploads\/2026\/04\/USKRSNI-DORUCAK.jpg 1365w, https:\/\/makarska-info.hr\/wp-content\/uploads\/2026\/04\/USKRSNI-DORUCAK-200x300.jpg 200w, https:\/\/makarska-info.hr\/wp-content\/uploads\/2026\/04\/USKRSNI-DORUCAK-683x1024.jpg 683w, https:\/\/makarska-info.hr\/wp-content\/uploads\/2026\/04\/USKRSNI-DORUCAK-768x1152.jpg 768w, https:\/\/makarska-info.hr\/wp-content\/uploads\/2026\/04\/USKRSNI-DORUCAK-1024x1536.jpg 1024w, https:\/\/makarska-info.hr\/wp-content\/uploads\/2026\/04\/USKRSNI-DORUCAK-8x12.jpg 8w\" sizes=\"(max-width: 1365px) 100vw, 1365px\" \/><\/div><\/a>\n\t\t\t\t<div class=\"elementor-post__badge\">Objave<\/div>\n\t\t\t\t<div class=\"elementor-post__text\">\n\t\t\t\t<h3 class=\"elementor-post__title\">\n\t\t\t<a href=\"https:\/\/makarska-info.hr\/en\/uskrs-u-makarskoj-vise-od-3-100-gostiju-i-gotovo-7-000-nocenja-za-odlican-pocetak-sezone\/\" >\n\t\t\t\tUskrs u Makarskoj: vi\u0161e od 3.100 gostiju i gotovo 7.000 no\u0107enja za odli\u010dan po\u010detak sezone\t\t\t<\/a>\n\t\t<\/h3>\n\t\t\t\t\t<div class=\"elementor-post__read-more-wrapper\">\n\t\t\n\t\t<a class=\"elementor-post__read-more\" href=\"https:\/\/makarska-info.hr\/en\/uskrs-u-makarskoj-vise-od-3-100-gostiju-i-gotovo-7-000-nocenja-za-odlican-pocetak-sezone\/\" aria-label=\"Read more about Uskrs u Makarskoj: vi\u0161e od 3.100 gostiju i gotovo 7.000 no\u0107enja za odli\u010dan po\u010detak sezone\" tabindex=\"-1\" >\n\t\t\tPRO\u010cITAJ VI\u0160E \u00bb\t\t<\/a>\n\n\t\t\t\t\t<\/div>\n\t\t\t\t<\/div>\n\t\t\t\t<div class=\"elementor-post__meta-data\">\n\t\t\t\t\t<span class=\"elementor-post-date\">\n\t\t\t08\/04\/2026\t\t<\/span>\n\t\t\t\t<\/div>\n\t\t\t\t\t<\/div>\n\t\t<\/article>\n\t\t\t\t<article class=\"elementor-post elementor-grid-item post-22996 post type-post status-publish format-standard has-post-thumbnail hentry category-objave\" role=\"listitem\">\n\t\t\t<div class=\"elementor-post__card\">\n\t\t\t\t<a class=\"elementor-post__thumbnail__link\" href=\"https:\/\/makarska-info.hr\/en\/plana-upravljanja-destinacijom-grada-makarske\/\" tabindex=\"-1\" ><div class=\"elementor-post__thumbnail\"><img decoding=\"async\" width=\"1080\" height=\"1920\" src=\"https:\/\/makarska-info.hr\/wp-content\/uploads\/2025\/10\/Dizajn-bez-naslova-16.png\" class=\"attachment-full size-full wp-image-20002\" alt=\"\" srcset=\"https:\/\/makarska-info.hr\/wp-content\/uploads\/2025\/10\/Dizajn-bez-naslova-16.png 1080w, https:\/\/makarska-info.hr\/wp-content\/uploads\/2025\/10\/Dizajn-bez-naslova-16-169x300.png 169w, https:\/\/makarska-info.hr\/wp-content\/uploads\/2025\/10\/Dizajn-bez-naslova-16-576x1024.png 576w, https:\/\/makarska-info.hr\/wp-content\/uploads\/2025\/10\/Dizajn-bez-naslova-16-768x1365.png 768w, https:\/\/makarska-info.hr\/wp-content\/uploads\/2025\/10\/Dizajn-bez-naslova-16-864x1536.png 864w, https:\/\/makarska-info.hr\/wp-content\/uploads\/2025\/10\/Dizajn-bez-naslova-16-7x12.png 7w\" sizes=\"(max-width: 1080px) 100vw, 1080px\" \/><\/div><\/a>\n\t\t\t\t<div class=\"elementor-post__badge\">Objave<\/div>\n\t\t\t\t<div class=\"elementor-post__text\">\n\t\t\t\t<h3 class=\"elementor-post__title\">\n\t\t\t<a href=\"https:\/\/makarska-info.hr\/en\/plana-upravljanja-destinacijom-grada-makarske\/\" >\n\t\t\t\tPlan upravljanja destinacijom Grada Makarske\t\t\t<\/a>\n\t\t<\/h3>\n\t\t\t\t\t<div class=\"elementor-post__read-more-wrapper\">\n\t\t\n\t\t<a class=\"elementor-post__read-more\" href=\"https:\/\/makarska-info.hr\/en\/plana-upravljanja-destinacijom-grada-makarske\/\" aria-label=\"Read more about Plan upravljanja destinacijom Grada Makarske\" tabindex=\"-1\" >\n\t\t\tPRO\u010cITAJ VI\u0160E \u00bb\t\t<\/a>\n\n\t\t\t\t\t<\/div>\n\t\t\t\t<\/div>\n\t\t\t\t<div class=\"elementor-post__meta-data\">\n\t\t\t\t\t<span class=\"elementor-post-date\">\n\t\t\t07\/04\/2026\t\t<\/span>\n\t\t\t\t<\/div>\n\t\t\t\t\t<\/div>\n\t\t<\/article>\n\t\t\t\t<article class=\"elementor-post elementor-grid-item post-22983 post type-post status-publish format-standard has-post-thumbnail hentry category-objave\" role=\"listitem\">\n\t\t\t<div class=\"elementor-post__card\">\n\t\t\t\t<a class=\"elementor-post__thumbnail__link\" href=\"https:\/\/makarska-info.hr\/en\/sretan-uskrs\/\" tabindex=\"-1\" ><div class=\"elementor-post__thumbnail\"><img loading=\"lazy\" decoding=\"async\" width=\"829\" height=\"1037\" src=\"https:\/\/makarska-info.hr\/wp-content\/uploads\/2026\/04\/uskrs-makarska.jpg\" class=\"attachment-full size-full wp-image-22980\" alt=\"\" srcset=\"https:\/\/makarska-info.hr\/wp-content\/uploads\/2026\/04\/uskrs-makarska.jpg 829w, https:\/\/makarska-info.hr\/wp-content\/uploads\/2026\/04\/uskrs-makarska-240x300.jpg 240w, https:\/\/makarska-info.hr\/wp-content\/uploads\/2026\/04\/uskrs-makarska-819x1024.jpg 819w, https:\/\/makarska-info.hr\/wp-content\/uploads\/2026\/04\/uskrs-makarska-768x961.jpg 768w, https:\/\/makarska-info.hr\/wp-content\/uploads\/2026\/04\/uskrs-makarska-10x12.jpg 10w\" sizes=\"(max-width: 829px) 100vw, 829px\" \/><\/div><\/a>\n\t\t\t\t<div class=\"elementor-post__badge\">Objave<\/div>\n\t\t\t\t<div class=\"elementor-post__text\">\n\t\t\t\t<h3 class=\"elementor-post__title\">\n\t\t\t<a href=\"https:\/\/makarska-info.hr\/en\/sretan-uskrs\/\" >\n\t\t\t\tHappy Easter from Makarska\t\t\t<\/a>\n\t\t<\/h3>\n\t\t\t\t\t<div class=\"elementor-post__read-more-wrapper\">\n\t\t\n\t\t<a class=\"elementor-post__read-more\" href=\"https:\/\/makarska-info.hr\/en\/sretan-uskrs\/\" aria-label=\"Read more about Sretan Uskrs\" tabindex=\"-1\" >\n\t\t\tPRO\u010cITAJ VI\u0160E \u00bb\t\t<\/a>\n\n\t\t\t\t\t<\/div>\n\t\t\t\t<\/div>\n\t\t\t\t<div class=\"elementor-post__meta-data\">\n\t\t\t\t\t<span class=\"elementor-post-date\">\n\t\t\t05\/04\/2026\t\t<\/span>\n\t\t\t\t<\/div>\n\t\t\t\t\t<\/div>\n\t\t<\/article>\n\t\t\t\t<article class=\"elementor-post elementor-grid-item post-22974 post type-post status-publish format-standard has-post-thumbnail hentry category-objave tag-izvjestaj tag-statistika tag-tzg-makarske\" role=\"listitem\">\n\t\t\t<div class=\"elementor-post__card\">\n\t\t\t\t<a class=\"elementor-post__thumbnail__link\" href=\"https:\/\/makarska-info.hr\/en\/rast-turistickog-prometa-u-ozujku-i-prvom-tromjesecju-2026\/\" tabindex=\"-1\" ><div class=\"elementor-post__thumbnail\"><img loading=\"lazy\" decoding=\"async\" width=\"592\" height=\"896\" src=\"https:\/\/makarska-info.hr\/wp-content\/uploads\/2025\/06\/statistika-slika.jpg\" class=\"attachment-full size-full wp-image-19426\" alt=\"\" srcset=\"https:\/\/makarska-info.hr\/wp-content\/uploads\/2025\/06\/statistika-slika.jpg 592w, https:\/\/makarska-info.hr\/wp-content\/uploads\/2025\/06\/statistika-slika-198x300.jpg 198w, https:\/\/makarska-info.hr\/wp-content\/uploads\/2025\/06\/statistika-slika-8x12.jpg 8w\" sizes=\"(max-width: 592px) 100vw, 592px\" \/><\/div><\/a>\n\t\t\t\t<div class=\"elementor-post__badge\">Objave<\/div>\n\t\t\t\t<div class=\"elementor-post__text\">\n\t\t\t\t<h3 class=\"elementor-post__title\">\n\t\t\t<a href=\"https:\/\/makarska-info.hr\/en\/rast-turistickog-prometa-u-ozujku-i-prvom-tromjesecju-2026\/\" >\n\t\t\t\tRast turisti\u010dkog prometa u o\u017eujku i prvom tromjese\u010dju 2026.\t\t\t<\/a>\n\t\t<\/h3>\n\t\t\t\t\t<div class=\"elementor-post__read-more-wrapper\">\n\t\t\n\t\t<a class=\"elementor-post__read-more\" href=\"https:\/\/makarska-info.hr\/en\/rast-turistickog-prometa-u-ozujku-i-prvom-tromjesecju-2026\/\" aria-label=\"Read more about Rast turisti\u010dkog prometa u o\u017eujku i prvom tromjese\u010dju 2026.\" tabindex=\"-1\" >\n\t\t\tPRO\u010cITAJ VI\u0160E \u00bb\t\t<\/a>\n\n\t\t\t\t\t<\/div>\n\t\t\t\t<\/div>\n\t\t\t\t<div class=\"elementor-post__meta-data\">\n\t\t\t\t\t<span class=\"elementor-post-date\">\n\t\t\t03\/04\/2026\t\t<\/span>\n\t\t\t\t<\/div>\n\t\t\t\t\t<\/div>\n\t\t<\/article>\n\t\t\t\t<article class=\"elementor-post elementor-grid-item post-22952 post type-post status-publish format-standard has-post-thumbnail hentry category-dogadjanja\" role=\"listitem\">\n\t\t\t<div class=\"elementor-post__card\">\n\t\t\t\t<a class=\"elementor-post__thumbnail__link\" href=\"https:\/\/makarska-info.hr\/en\/xviii-metno-festival-makarska\/\" tabindex=\"-1\" ><div class=\"elementor-post__thumbnail\"><img loading=\"lazy\" decoding=\"async\" width=\"1080\" height=\"1350\" src=\"https:\/\/makarska-info.hr\/wp-content\/uploads\/2026\/04\/XVIII-Metno-Festival-Makarska.jpg\" class=\"attachment-full size-full wp-image-22953\" alt=\"XVIII. Metno Festival - Makarska\" srcset=\"https:\/\/makarska-info.hr\/wp-content\/uploads\/2026\/04\/XVIII-Metno-Festival-Makarska.jpg 1080w, https:\/\/makarska-info.hr\/wp-content\/uploads\/2026\/04\/XVIII-Metno-Festival-Makarska-240x300.jpg 240w, https:\/\/makarska-info.hr\/wp-content\/uploads\/2026\/04\/XVIII-Metno-Festival-Makarska-819x1024.jpg 819w, https:\/\/makarska-info.hr\/wp-content\/uploads\/2026\/04\/XVIII-Metno-Festival-Makarska-768x960.jpg 768w, https:\/\/makarska-info.hr\/wp-content\/uploads\/2026\/04\/XVIII-Metno-Festival-Makarska-10x12.jpg 10w\" sizes=\"(max-width: 1080px) 100vw, 1080px\" \/><\/div><\/a>\n\t\t\t\t<div class=\"elementor-post__badge\">doga\u0111anja<\/div>\n\t\t\t\t<div class=\"elementor-post__text\">\n\t\t\t\t<h3 class=\"elementor-post__title\">\n\t\t\t<a href=\"https:\/\/makarska-info.hr\/en\/xviii-metno-festival-makarska\/\" >\n\t\t\t\tXVIII. Metno Festival &#8211; Makarska\t\t\t<\/a>\n\t\t<\/h3>\n\t\t\t\t\t<div class=\"elementor-post__read-more-wrapper\">\n\t\t\n\t\t<a class=\"elementor-post__read-more\" href=\"https:\/\/makarska-info.hr\/en\/xviii-metno-festival-makarska\/\" aria-label=\"Read more about XVIII. Metno Festival &#8211; Makarska\" tabindex=\"-1\" >\n\t\t\tPRO\u010cITAJ VI\u0160E \u00bb\t\t<\/a>\n\n\t\t\t\t\t<\/div>\n\t\t\t\t<\/div>\n\t\t\t\t<div class=\"elementor-post__meta-data\">\n\t\t\t\t\t<span class=\"elementor-post-date\">\n\t\t\t01\/04\/2026\t\t<\/span>\n\t\t\t\t<\/div>\n\t\t\t\t\t<\/div>\n\t\t<\/article>\n\t\t\t\t<article class=\"elementor-post elementor-grid-item post-22926 post type-post status-publish format-standard has-post-thumbnail hentry category-objave\" role=\"listitem\">\n\t\t\t<div class=\"elementor-post__card\">\n\t\t\t\t<a class=\"elementor-post__thumbnail__link\" href=\"https:\/\/makarska-info.hr\/en\/uskrs-u-makarskoj-program-za-djecu-i-tradicionalni-dorucak-na-otvorenom\/\" tabindex=\"-1\" ><div class=\"elementor-post__thumbnail\"><img loading=\"lazy\" decoding=\"async\" width=\"1080\" height=\"1350\" src=\"https:\/\/makarska-info.hr\/wp-content\/uploads\/2026\/03\/Drustvene-2-1.png\" class=\"attachment-full size-full wp-image-22967\" alt=\"uskrs u makarskoj\" srcset=\"https:\/\/makarska-info.hr\/wp-content\/uploads\/2026\/03\/Drustvene-2-1.png 1080w, https:\/\/makarska-info.hr\/wp-content\/uploads\/2026\/03\/Drustvene-2-1-240x300.png 240w, https:\/\/makarska-info.hr\/wp-content\/uploads\/2026\/03\/Drustvene-2-1-819x1024.png 819w, https:\/\/makarska-info.hr\/wp-content\/uploads\/2026\/03\/Drustvene-2-1-768x960.png 768w, https:\/\/makarska-info.hr\/wp-content\/uploads\/2026\/03\/Drustvene-2-1-10x12.png 10w\" sizes=\"(max-width: 1080px) 100vw, 1080px\" \/><\/div><\/a>\n\t\t\t\t<div class=\"elementor-post__badge\">Objave<\/div>\n\t\t\t\t<div class=\"elementor-post__text\">\n\t\t\t\t<h3 class=\"elementor-post__title\">\n\t\t\t<a href=\"https:\/\/makarska-info.hr\/en\/uskrs-u-makarskoj-program-za-djecu-i-tradicionalni-dorucak-na-otvorenom\/\" >\n\t\t\t\tEaster in Makarska: children\u2019s program and traditional Easter breakfast\t\t\t<\/a>\n\t\t<\/h3>\n\t\t\t\t\t<div class=\"elementor-post__read-more-wrapper\">\n\t\t\n\t\t<a class=\"elementor-post__read-more\" href=\"https:\/\/makarska-info.hr\/en\/uskrs-u-makarskoj-program-za-djecu-i-tradicionalni-dorucak-na-otvorenom\/\" aria-label=\"Read more about Uskrs u Makarskoj: program za djecu i tradicionalni doru\u010dak na otvorenom\" tabindex=\"-1\" >\n\t\t\tPRO\u010cITAJ VI\u0160E \u00bb\t\t<\/a>\n\n\t\t\t\t\t<\/div>\n\t\t\t\t<\/div>\n\t\t\t\t<div class=\"elementor-post__meta-data\">\n\t\t\t\t\t<span class=\"elementor-post-date\">\n\t\t\t31\/03\/2026\t\t<\/span>\n\t\t\t\t<\/div>\n\t\t\t\t\t<\/div>\n\t\t<\/article>\n\t\t\t\t<article class=\"elementor-post elementor-grid-item post-22899 post type-post status-publish format-standard has-post-thumbnail hentry category-objave tag-sjednica tag-tzg-makarske\" role=\"listitem\">\n\t\t\t<div class=\"elementor-post__card\">\n\t\t\t\t<a class=\"elementor-post__thumbnail__link\" href=\"https:\/\/makarska-info.hr\/en\/poziv-na-4-sjednicu-skupstine-tzg-makarske-dana-27-3-2026\/\" tabindex=\"-1\" ><div class=\"elementor-post__thumbnail\"><img decoding=\"async\" width=\"1080\" height=\"1920\" src=\"https:\/\/makarska-info.hr\/wp-content\/uploads\/2025\/10\/Dizajn-bez-naslova-16.png\" class=\"attachment-full size-full wp-image-20002\" alt=\"\" srcset=\"https:\/\/makarska-info.hr\/wp-content\/uploads\/2025\/10\/Dizajn-bez-naslova-16.png 1080w, https:\/\/makarska-info.hr\/wp-content\/uploads\/2025\/10\/Dizajn-bez-naslova-16-169x300.png 169w, https:\/\/makarska-info.hr\/wp-content\/uploads\/2025\/10\/Dizajn-bez-naslova-16-576x1024.png 576w, https:\/\/makarska-info.hr\/wp-content\/uploads\/2025\/10\/Dizajn-bez-naslova-16-768x1365.png 768w, https:\/\/makarska-info.hr\/wp-content\/uploads\/2025\/10\/Dizajn-bez-naslova-16-864x1536.png 864w, https:\/\/makarska-info.hr\/wp-content\/uploads\/2025\/10\/Dizajn-bez-naslova-16-7x12.png 7w\" sizes=\"(max-width: 1080px) 100vw, 1080px\" \/><\/div><\/a>\n\t\t\t\t<div class=\"elementor-post__badge\">Objave<\/div>\n\t\t\t\t<div class=\"elementor-post__text\">\n\t\t\t\t<h3 class=\"elementor-post__title\">\n\t\t\t<a href=\"https:\/\/makarska-info.hr\/en\/poziv-na-4-sjednicu-skupstine-tzg-makarske-dana-27-3-2026\/\" >\n\t\t\t\tPoziv na 4. sjednicu Skup\u0161tine TZG Makarske dana 27. 3. 2026.\t\t\t<\/a>\n\t\t<\/h3>\n\t\t\t\t\t<div class=\"elementor-post__read-more-wrapper\">\n\t\t\n\t\t<a class=\"elementor-post__read-more\" href=\"https:\/\/makarska-info.hr\/en\/poziv-na-4-sjednicu-skupstine-tzg-makarske-dana-27-3-2026\/\" aria-label=\"Read more about Poziv na 4. sjednicu Skup\u0161tine TZG Makarske dana 27. 3. 2026.\" tabindex=\"-1\" >\n\t\t\tPRO\u010cITAJ VI\u0160E \u00bb\t\t<\/a>\n\n\t\t\t\t\t<\/div>\n\t\t\t\t<\/div>\n\t\t\t\t<div class=\"elementor-post__meta-data\">\n\t\t\t\t\t<span class=\"elementor-post-date\">\n\t\t\t26\/03\/2026\t\t<\/span>\n\t\t\t\t<\/div>\n\t\t\t\t\t<\/div>\n\t\t<\/article>\n\t\t\t\t<article class=\"elementor-post elementor-grid-item post-22896 post type-post status-publish format-standard has-post-thumbnail hentry category-objave tag-sjednica tag-tzg-makarske\" role=\"listitem\">\n\t\t\t<div class=\"elementor-post__card\">\n\t\t\t\t<a class=\"elementor-post__thumbnail__link\" href=\"https:\/\/makarska-info.hr\/en\/poziv-na-5-sjednicu-turistickog-vijeca-tzg-makarske-dana-26-3-2026\/\" tabindex=\"-1\" ><div class=\"elementor-post__thumbnail\"><img decoding=\"async\" width=\"1080\" height=\"1920\" src=\"https:\/\/makarska-info.hr\/wp-content\/uploads\/2025\/10\/Dizajn-bez-naslova-16.png\" class=\"attachment-full size-full wp-image-20002\" alt=\"\" srcset=\"https:\/\/makarska-info.hr\/wp-content\/uploads\/2025\/10\/Dizajn-bez-naslova-16.png 1080w, https:\/\/makarska-info.hr\/wp-content\/uploads\/2025\/10\/Dizajn-bez-naslova-16-169x300.png 169w, https:\/\/makarska-info.hr\/wp-content\/uploads\/2025\/10\/Dizajn-bez-naslova-16-576x1024.png 576w, https:\/\/makarska-info.hr\/wp-content\/uploads\/2025\/10\/Dizajn-bez-naslova-16-768x1365.png 768w, https:\/\/makarska-info.hr\/wp-content\/uploads\/2025\/10\/Dizajn-bez-naslova-16-864x1536.png 864w, https:\/\/makarska-info.hr\/wp-content\/uploads\/2025\/10\/Dizajn-bez-naslova-16-7x12.png 7w\" sizes=\"(max-width: 1080px) 100vw, 1080px\" \/><\/div><\/a>\n\t\t\t\t<div class=\"elementor-post__badge\">Objave<\/div>\n\t\t\t\t<div class=\"elementor-post__text\">\n\t\t\t\t<h3 class=\"elementor-post__title\">\n\t\t\t<a href=\"https:\/\/makarska-info.hr\/en\/poziv-na-5-sjednicu-turistickog-vijeca-tzg-makarske-dana-26-3-2026\/\" >\n\t\t\t\tPoziv na 5. sjednicu Turisti\u010dkog vije\u0107a TZG Makarske dana 26. 3. 2026.\t\t\t<\/a>\n\t\t<\/h3>\n\t\t\t\t\t<div class=\"elementor-post__read-more-wrapper\">\n\t\t\n\t\t<a class=\"elementor-post__read-more\" href=\"https:\/\/makarska-info.hr\/en\/poziv-na-5-sjednicu-turistickog-vijeca-tzg-makarske-dana-26-3-2026\/\" aria-label=\"Read more about Poziv na 5. sjednicu Turisti\u010dkog vije\u0107a TZG Makarske dana 26. 3. 2026.\" tabindex=\"-1\" >\n\t\t\tPRO\u010cITAJ VI\u0160E \u00bb\t\t<\/a>\n\n\t\t\t\t\t<\/div>\n\t\t\t\t<\/div>\n\t\t\t\t<div class=\"elementor-post__meta-data\">\n\t\t\t\t\t<span class=\"elementor-post-date\">\n\t\t\t26\/03\/2026\t\t<\/span>\n\t\t\t\t<\/div>\n\t\t\t\t\t<\/div>\n\t\t<\/article>\n\t\t\t\t<article class=\"elementor-post elementor-grid-item post-22868 post type-post status-publish format-standard has-post-thumbnail hentry category-objave tag-obavijest\" role=\"listitem\">\n\t\t\t<div class=\"elementor-post__card\">\n\t\t\t\t<a class=\"elementor-post__thumbnail__link\" href=\"https:\/\/makarska-info.hr\/en\/vazno-obavijest-o-laznom-turistickom-registru-i-pozivu-na-placanje\/\" tabindex=\"-1\" ><div class=\"elementor-post__thumbnail\"><img decoding=\"async\" width=\"1080\" height=\"1920\" src=\"https:\/\/makarska-info.hr\/wp-content\/uploads\/2025\/10\/Dizajn-bez-naslova-16.png\" class=\"attachment-full size-full wp-image-20002\" alt=\"\" srcset=\"https:\/\/makarska-info.hr\/wp-content\/uploads\/2025\/10\/Dizajn-bez-naslova-16.png 1080w, https:\/\/makarska-info.hr\/wp-content\/uploads\/2025\/10\/Dizajn-bez-naslova-16-169x300.png 169w, https:\/\/makarska-info.hr\/wp-content\/uploads\/2025\/10\/Dizajn-bez-naslova-16-576x1024.png 576w, https:\/\/makarska-info.hr\/wp-content\/uploads\/2025\/10\/Dizajn-bez-naslova-16-768x1365.png 768w, https:\/\/makarska-info.hr\/wp-content\/uploads\/2025\/10\/Dizajn-bez-naslova-16-864x1536.png 864w, https:\/\/makarska-info.hr\/wp-content\/uploads\/2025\/10\/Dizajn-bez-naslova-16-7x12.png 7w\" sizes=\"(max-width: 1080px) 100vw, 1080px\" \/><\/div><\/a>\n\t\t\t\t<div class=\"elementor-post__badge\">Objave<\/div>\n\t\t\t\t<div class=\"elementor-post__text\">\n\t\t\t\t<h3 class=\"elementor-post__title\">\n\t\t\t<a href=\"https:\/\/makarska-info.hr\/en\/vazno-obavijest-o-laznom-turistickom-registru-i-pozivu-na-placanje\/\" >\n\t\t\t\tObavijest o la\u017enom &#8220;Turisti\u010dkom Registru&#8221; i pozivu na pla\u0107anje!!!\t\t\t<\/a>\n\t\t<\/h3>\n\t\t\t\t\t<div class=\"elementor-post__read-more-wrapper\">\n\t\t\n\t\t<a class=\"elementor-post__read-more\" href=\"https:\/\/makarska-info.hr\/en\/vazno-obavijest-o-laznom-turistickom-registru-i-pozivu-na-placanje\/\" aria-label=\"Read more about Obavijest o la\u017enom &#8220;Turisti\u010dkom Registru&#8221; i pozivu na pla\u0107anje!!!\" tabindex=\"-1\" >\n\t\t\tPRO\u010cITAJ VI\u0160E \u00bb\t\t<\/a>\n\n\t\t\t\t\t<\/div>\n\t\t\t\t<\/div>\n\t\t\t\t<div class=\"elementor-post__meta-data\">\n\t\t\t\t\t<span class=\"elementor-post-date\">\n\t\t\t24\/03\/2026\t\t<\/span>\n\t\t\t\t<\/div>\n\t\t\t\t\t<\/div>\n\t\t<\/article>\n\t\t\t\t<article class=\"elementor-post elementor-grid-item post-22859 post type-post status-publish format-standard has-post-thumbnail hentry category-objave\" role=\"listitem\">\n\t\t\t<div class=\"elementor-post__card\">\n\t\t\t\t<a class=\"elementor-post__thumbnail__link\" href=\"https:\/\/makarska-info.hr\/en\/edukacija-za-male-iznajmljivace\/\" tabindex=\"-1\" ><div class=\"elementor-post__thumbnail\"><img loading=\"lazy\" decoding=\"async\" width=\"1080\" height=\"1440\" src=\"https:\/\/makarska-info.hr\/wp-content\/uploads\/2026\/03\/edukacija-za-male-iznajmljivace.png\" class=\"attachment-full size-full wp-image-22860\" alt=\"\" srcset=\"https:\/\/makarska-info.hr\/wp-content\/uploads\/2026\/03\/edukacija-za-male-iznajmljivace.png 1080w, https:\/\/makarska-info.hr\/wp-content\/uploads\/2026\/03\/edukacija-za-male-iznajmljivace-225x300.png 225w, https:\/\/makarska-info.hr\/wp-content\/uploads\/2026\/03\/edukacija-za-male-iznajmljivace-768x1024.png 768w, https:\/\/makarska-info.hr\/wp-content\/uploads\/2026\/03\/edukacija-za-male-iznajmljivace-9x12.png 9w\" sizes=\"(max-width: 1080px) 100vw, 1080px\" \/><\/div><\/a>\n\t\t\t\t<div class=\"elementor-post__badge\">Objave<\/div>\n\t\t\t\t<div class=\"elementor-post__text\">\n\t\t\t\t<h3 class=\"elementor-post__title\">\n\t\t\t<a href=\"https:\/\/makarska-info.hr\/en\/edukacija-za-male-iznajmljivace\/\" >\n\t\t\t\tEducational Seminar for Private Accommodation Providers in Makarska (croatian)\t\t\t<\/a>\n\t\t<\/h3>\n\t\t\t\t\t<div class=\"elementor-post__read-more-wrapper\">\n\t\t\n\t\t<a class=\"elementor-post__read-more\" href=\"https:\/\/makarska-info.hr\/en\/edukacija-za-male-iznajmljivace\/\" aria-label=\"Read more about Edukacija za male iznajmljiva\u010de\" tabindex=\"-1\" >\n\t\t\tPRO\u010cITAJ VI\u0160E \u00bb\t\t<\/a>\n\n\t\t\t\t\t<\/div>\n\t\t\t\t<\/div>\n\t\t\t\t<div class=\"elementor-post__meta-data\">\n\t\t\t\t\t<span class=\"elementor-post-date\">\n\t\t\t23\/03\/2026\t\t<\/span>\n\t\t\t\t<\/div>\n\t\t\t\t\t<\/div>\n\t\t<\/article>\n\t\t\t\t<article class=\"elementor-post elementor-grid-item post-22612 post type-post status-publish format-standard has-post-thumbnail hentry category-objave tag-izvjestaj tag-makarska tag-statistika tag-tzg-makarska\" role=\"listitem\">\n\t\t\t<div class=\"elementor-post__card\">\n\t\t\t\t<a class=\"elementor-post__thumbnail__link\" href=\"https:\/\/makarska-info.hr\/en\/ostvareni-turisticki-promet-veljaca-i-prva-dva-mjeseca-2026\/\" tabindex=\"-1\" ><div class=\"elementor-post__thumbnail\"><img loading=\"lazy\" decoding=\"async\" width=\"592\" height=\"896\" src=\"https:\/\/makarska-info.hr\/wp-content\/uploads\/2025\/06\/statistika-slika.jpg\" class=\"attachment-full size-full wp-image-19426\" alt=\"\" srcset=\"https:\/\/makarska-info.hr\/wp-content\/uploads\/2025\/06\/statistika-slika.jpg 592w, https:\/\/makarska-info.hr\/wp-content\/uploads\/2025\/06\/statistika-slika-198x300.jpg 198w, https:\/\/makarska-info.hr\/wp-content\/uploads\/2025\/06\/statistika-slika-8x12.jpg 8w\" sizes=\"(max-width: 592px) 100vw, 592px\" \/><\/div><\/a>\n\t\t\t\t<div class=\"elementor-post__badge\">Objave<\/div>\n\t\t\t\t<div class=\"elementor-post__text\">\n\t\t\t\t<h3 class=\"elementor-post__title\">\n\t\t\t<a href=\"https:\/\/makarska-info.hr\/en\/ostvareni-turisticki-promet-veljaca-i-prva-dva-mjeseca-2026\/\" >\n\t\t\t\tOstvareni turisti\u010dki promet velja\u010da i prva dva mjeseca 2026.\t\t\t<\/a>\n\t\t<\/h3>\n\t\t\t\t\t<div class=\"elementor-post__read-more-wrapper\">\n\t\t\n\t\t<a class=\"elementor-post__read-more\" href=\"https:\/\/makarska-info.hr\/en\/ostvareni-turisticki-promet-veljaca-i-prva-dva-mjeseca-2026\/\" aria-label=\"Read more about Ostvareni turisti\u010dki promet velja\u010da i prva dva mjeseca 2026.\" tabindex=\"-1\" >\n\t\t\tPRO\u010cITAJ VI\u0160E \u00bb\t\t<\/a>\n\n\t\t\t\t\t<\/div>\n\t\t\t\t<\/div>\n\t\t\t\t<div class=\"elementor-post__meta-data\">\n\t\t\t\t\t<span class=\"elementor-post-date\">\n\t\t\t04\/03\/2026\t\t<\/span>\n\t\t\t\t<\/div>\n\t\t\t\t\t<\/div>\n\t\t<\/article>\n\t\t\t\t<article class=\"elementor-post elementor-grid-item post-22555 post type-post status-publish format-standard has-post-thumbnail hentry category-dogadjanja\" role=\"listitem\">\n\t\t\t<div class=\"elementor-post__card\">\n\t\t\t\t<a class=\"elementor-post__thumbnail__link\" href=\"https:\/\/makarska-info.hr\/en\/karneval-otkazan-druzenje-i-ples-u-hotelu-miramare\/\" tabindex=\"-1\" ><div class=\"elementor-post__thumbnail\"><img loading=\"lazy\" decoding=\"async\" width=\"1616\" height=\"1080\" src=\"https:\/\/makarska-info.hr\/wp-content\/uploads\/2026\/01\/DSC02921-1.jpg\" class=\"attachment-full size-full wp-image-21975\" alt=\"maskare makarska\" srcset=\"https:\/\/makarska-info.hr\/wp-content\/uploads\/2026\/01\/DSC02921-1.jpg 1616w, https:\/\/makarska-info.hr\/wp-content\/uploads\/2026\/01\/DSC02921-1-300x200.jpg 300w, https:\/\/makarska-info.hr\/wp-content\/uploads\/2026\/01\/DSC02921-1-1024x684.jpg 1024w, https:\/\/makarska-info.hr\/wp-content\/uploads\/2026\/01\/DSC02921-1-768x513.jpg 768w, https:\/\/makarska-info.hr\/wp-content\/uploads\/2026\/01\/DSC02921-1-1536x1027.jpg 1536w, https:\/\/makarska-info.hr\/wp-content\/uploads\/2026\/01\/DSC02921-1-18x12.jpg 18w\" sizes=\"(max-width: 1616px) 100vw, 1616px\" \/><\/div><\/a>\n\t\t\t\t<div class=\"elementor-post__badge\">doga\u0111anja<\/div>\n\t\t\t\t<div class=\"elementor-post__text\">\n\t\t\t\t<h3 class=\"elementor-post__title\">\n\t\t\t<a href=\"https:\/\/makarska-info.hr\/en\/karneval-otkazan-druzenje-i-ples-u-hotelu-miramare\/\" >\n\t\t\t\tKarnevalska povorka otkazana \u2013 dru\u017eenje i ples u hotelu Miramare\t\t\t<\/a>\n\t\t<\/h3>\n\t\t\t\t\t<div class=\"elementor-post__read-more-wrapper\">\n\t\t\n\t\t<a class=\"elementor-post__read-more\" href=\"https:\/\/makarska-info.hr\/en\/karneval-otkazan-druzenje-i-ples-u-hotelu-miramare\/\" aria-label=\"Read more about Karnevalska povorka otkazana \u2013 dru\u017eenje i ples u hotelu Miramare\" tabindex=\"-1\" >\n\t\t\tPRO\u010cITAJ VI\u0160E \u00bb\t\t<\/a>\n\n\t\t\t\t\t<\/div>\n\t\t\t\t<\/div>\n\t\t\t\t<div class=\"elementor-post__meta-data\">\n\t\t\t\t\t<span class=\"elementor-post-date\">\n\t\t\t17\/02\/2026\t\t<\/span>\n\t\t\t\t<\/div>\n\t\t\t\t\t<\/div>\n\t\t<\/article>\n\t\t\t\t<article class=\"elementor-post elementor-grid-item post-22537 post type-post status-publish format-standard has-post-thumbnail hentry category-dogadjanja\" role=\"listitem\">\n\t\t\t<div class=\"elementor-post__card\">\n\t\t\t\t<a class=\"elementor-post__thumbnail__link\" href=\"https:\/\/makarska-info.hr\/en\/regulacija-prometa-makarske-maskare\/\" tabindex=\"-1\" ><div class=\"elementor-post__thumbnail\"><img loading=\"lazy\" decoding=\"async\" width=\"1000\" height=\"668\" src=\"https:\/\/makarska-info.hr\/wp-content\/uploads\/2026\/01\/DSC03232.jpg\" class=\"attachment-full size-full wp-image-22058\" alt=\"maskare makarska\" srcset=\"https:\/\/makarska-info.hr\/wp-content\/uploads\/2026\/01\/DSC03232.jpg 1000w, https:\/\/makarska-info.hr\/wp-content\/uploads\/2026\/01\/DSC03232-300x200.jpg 300w, https:\/\/makarska-info.hr\/wp-content\/uploads\/2026\/01\/DSC03232-768x513.jpg 768w, https:\/\/makarska-info.hr\/wp-content\/uploads\/2026\/01\/DSC03232-18x12.jpg 18w, https:\/\/makarska-info.hr\/wp-content\/uploads\/2026\/01\/DSC03232-930x620.jpg 930w\" sizes=\"(max-width: 1000px) 100vw, 1000px\" \/><\/div><\/a>\n\t\t\t\t<div class=\"elementor-post__badge\">doga\u0111anja<\/div>\n\t\t\t\t<div class=\"elementor-post__text\">\n\t\t\t\t<h3 class=\"elementor-post__title\">\n\t\t\t<a href=\"https:\/\/makarska-info.hr\/en\/regulacija-prometa-makarske-maskare\/\" >\n\t\t\t\tPrivremena regulacija prometa &#8211; Makarske ma\u0161kare\t\t\t<\/a>\n\t\t<\/h3>\n\t\t\t\t\t<div class=\"elementor-post__read-more-wrapper\">\n\t\t\n\t\t<a class=\"elementor-post__read-more\" href=\"https:\/\/makarska-info.hr\/en\/regulacija-prometa-makarske-maskare\/\" aria-label=\"Read more about Privremena regulacija prometa &#8211; Makarske ma\u0161kare\" tabindex=\"-1\" >\n\t\t\tPRO\u010cITAJ VI\u0160E \u00bb\t\t<\/a>\n\n\t\t\t\t\t<\/div>\n\t\t\t\t<\/div>\n\t\t\t\t<div class=\"elementor-post__meta-data\">\n\t\t\t\t\t<span class=\"elementor-post-date\">\n\t\t\t12\/02\/2026\t\t<\/span>\n\t\t\t\t<\/div>\n\t\t\t\t\t<\/div>\n\t\t<\/article>\n\t\t\t\t<article class=\"elementor-post elementor-grid-item post-22507 post type-post status-publish format-standard has-post-thumbnail hentry category-dogadjanja\" role=\"listitem\">\n\t\t\t<div class=\"elementor-post__card\">\n\t\t\t\t<a class=\"elementor-post__thumbnail__link\" href=\"https:\/\/makarska-info.hr\/en\/male-maskare-u-makarskoj-u-petak-13-veljace-grad-pripada-djeci\/\" tabindex=\"-1\" ><div class=\"elementor-post__thumbnail\"><img loading=\"lazy\" decoding=\"async\" width=\"1547\" height=\"1013\" src=\"https:\/\/makarska-info.hr\/wp-content\/uploads\/2026\/01\/Djecje-Maskare-TZGM.jpg\" class=\"attachment-full size-full wp-image-21976\" alt=\"male ma\u0161kare\" srcset=\"https:\/\/makarska-info.hr\/wp-content\/uploads\/2026\/01\/Djecje-Maskare-TZGM.jpg 1547w, https:\/\/makarska-info.hr\/wp-content\/uploads\/2026\/01\/Djecje-Maskare-TZGM-300x196.jpg 300w, https:\/\/makarska-info.hr\/wp-content\/uploads\/2026\/01\/Djecje-Maskare-TZGM-1024x671.jpg 1024w, https:\/\/makarska-info.hr\/wp-content\/uploads\/2026\/01\/Djecje-Maskare-TZGM-768x503.jpg 768w, https:\/\/makarska-info.hr\/wp-content\/uploads\/2026\/01\/Djecje-Maskare-TZGM-1536x1006.jpg 1536w, https:\/\/makarska-info.hr\/wp-content\/uploads\/2026\/01\/Djecje-Maskare-TZGM-18x12.jpg 18w\" sizes=\"(max-width: 1547px) 100vw, 1547px\" \/><\/div><\/a>\n\t\t\t\t<div class=\"elementor-post__badge\">doga\u0111anja<\/div>\n\t\t\t\t<div class=\"elementor-post__text\">\n\t\t\t\t<h3 class=\"elementor-post__title\">\n\t\t\t<a href=\"https:\/\/makarska-info.hr\/en\/male-maskare-u-makarskoj-u-petak-13-veljace-grad-pripada-djeci\/\" >\n\t\t\t\tMale ma\u0161kare u Makarskoj &#8211; u petak 13. velja\u010de grad pripada djeci\t\t\t<\/a>\n\t\t<\/h3>\n\t\t\t\t\t<div class=\"elementor-post__read-more-wrapper\">\n\t\t\n\t\t<a class=\"elementor-post__read-more\" href=\"https:\/\/makarska-info.hr\/en\/male-maskare-u-makarskoj-u-petak-13-veljace-grad-pripada-djeci\/\" aria-label=\"Read more about Male ma\u0161kare u Makarskoj &#8211; u petak 13. velja\u010de grad pripada djeci\" tabindex=\"-1\" >\n\t\t\tPRO\u010cITAJ VI\u0160E \u00bb\t\t<\/a>\n\n\t\t\t\t\t<\/div>\n\t\t\t\t<\/div>\n\t\t\t\t<div class=\"elementor-post__meta-data\">\n\t\t\t\t\t<span class=\"elementor-post-date\">\n\t\t\t11\/02\/2026\t\t<\/span>\n\t\t\t\t<\/div>\n\t\t\t\t\t<\/div>\n\t\t<\/article>\n\t\t\t\t<article class=\"elementor-post elementor-grid-item post-22384 post type-post status-publish format-standard has-post-thumbnail hentry category-objave tag-izvjestaj tag-makarska tag-statistika tag-tzg-makarske\" role=\"listitem\">\n\t\t\t<div class=\"elementor-post__card\">\n\t\t\t\t<a class=\"elementor-post__thumbnail__link\" href=\"https:\/\/makarska-info.hr\/en\/ostvareni-turisticki-promet-u-sijecnju-2026-2025-2024\/\" tabindex=\"-1\" ><div class=\"elementor-post__thumbnail\"><img loading=\"lazy\" decoding=\"async\" width=\"592\" height=\"896\" src=\"https:\/\/makarska-info.hr\/wp-content\/uploads\/2025\/06\/statistika-slika.jpg\" class=\"attachment-full size-full wp-image-19426\" alt=\"\" srcset=\"https:\/\/makarska-info.hr\/wp-content\/uploads\/2025\/06\/statistika-slika.jpg 592w, https:\/\/makarska-info.hr\/wp-content\/uploads\/2025\/06\/statistika-slika-198x300.jpg 198w, https:\/\/makarska-info.hr\/wp-content\/uploads\/2025\/06\/statistika-slika-8x12.jpg 8w\" sizes=\"(max-width: 592px) 100vw, 592px\" \/><\/div><\/a>\n\t\t\t\t<div class=\"elementor-post__badge\">Objave<\/div>\n\t\t\t\t<div class=\"elementor-post__text\">\n\t\t\t\t<h3 class=\"elementor-post__title\">\n\t\t\t<a href=\"https:\/\/makarska-info.hr\/en\/ostvareni-turisticki-promet-u-sijecnju-2026-2025-2024\/\" >\n\t\t\t\tOstvareni turisti\u010dki promet u sije\u010dnju 2026. (2025., 2024.)\t\t\t<\/a>\n\t\t<\/h3>\n\t\t\t\t\t<div class=\"elementor-post__read-more-wrapper\">\n\t\t\n\t\t<a class=\"elementor-post__read-more\" href=\"https:\/\/makarska-info.hr\/en\/ostvareni-turisticki-promet-u-sijecnju-2026-2025-2024\/\" aria-label=\"Read more about Ostvareni turisti\u010dki promet u sije\u010dnju 2026. (2025., 2024.)\" tabindex=\"-1\" >\n\t\t\tPRO\u010cITAJ VI\u0160E \u00bb\t\t<\/a>\n\n\t\t\t\t\t<\/div>\n\t\t\t\t<\/div>\n\t\t\t\t<div class=\"elementor-post__meta-data\">\n\t\t\t\t\t<span class=\"elementor-post-date\">\n\t\t\t03\/02\/2026\t\t<\/span>\n\t\t\t\t<\/div>\n\t\t\t\t\t<\/div>\n\t\t<\/article>\n\t\t\t\t<article class=\"elementor-post elementor-grid-item post-22379 post type-post status-publish format-standard has-post-thumbnail hentry category-dogadjanja tag-makarska tag-male-maskare tag-maskare\" role=\"listitem\">\n\t\t\t<div class=\"elementor-post__card\">\n\t\t\t\t<a class=\"elementor-post__thumbnail__link\" href=\"https:\/\/makarska-info.hr\/en\/odgodene-male-maskare-novi-datum-13-2\/\" tabindex=\"-1\" ><div class=\"elementor-post__thumbnail\"><img loading=\"lazy\" decoding=\"async\" width=\"880\" height=\"1317\" src=\"https:\/\/makarska-info.hr\/wp-content\/uploads\/2026\/01\/Djecje-Maskare-TZGM13.jpg\" class=\"attachment-full size-full wp-image-21561\" alt=\"maskare makarska\" srcset=\"https:\/\/makarska-info.hr\/wp-content\/uploads\/2026\/01\/Djecje-Maskare-TZGM13.jpg 880w, https:\/\/makarska-info.hr\/wp-content\/uploads\/2026\/01\/Djecje-Maskare-TZGM13-200x300.jpg 200w, https:\/\/makarska-info.hr\/wp-content\/uploads\/2026\/01\/Djecje-Maskare-TZGM13-684x1024.jpg 684w, https:\/\/makarska-info.hr\/wp-content\/uploads\/2026\/01\/Djecje-Maskare-TZGM13-768x1149.jpg 768w, https:\/\/makarska-info.hr\/wp-content\/uploads\/2026\/01\/Djecje-Maskare-TZGM13-8x12.jpg 8w\" sizes=\"(max-width: 880px) 100vw, 880px\" \/><\/div><\/a>\n\t\t\t\t<div class=\"elementor-post__badge\">doga\u0111anja<\/div>\n\t\t\t\t<div class=\"elementor-post__text\">\n\t\t\t\t<h3 class=\"elementor-post__title\">\n\t\t\t<a href=\"https:\/\/makarska-info.hr\/en\/odgodene-male-maskare-novi-datum-13-2\/\" >\n\t\t\t\tOdgo\u0111ene Male ma\u0161kare \u2013 novi datum 13.2.\t\t\t<\/a>\n\t\t<\/h3>\n\t\t\t\t\t<div class=\"elementor-post__read-more-wrapper\">\n\t\t\n\t\t<a class=\"elementor-post__read-more\" href=\"https:\/\/makarska-info.hr\/en\/odgodene-male-maskare-novi-datum-13-2\/\" aria-label=\"Read more about Odgo\u0111ene Male ma\u0161kare \u2013 novi datum 13.2.\" tabindex=\"-1\" >\n\t\t\tPRO\u010cITAJ VI\u0160E \u00bb\t\t<\/a>\n\n\t\t\t\t\t<\/div>\n\t\t\t\t<\/div>\n\t\t\t\t<div class=\"elementor-post__meta-data\">\n\t\t\t\t\t<span class=\"elementor-post-date\">\n\t\t\t03\/02\/2026\t\t<\/span>\n\t\t\t\t<\/div>\n\t\t\t\t\t<\/div>\n\t\t<\/article>\n\t\t\t\t<article class=\"elementor-post elementor-grid-item post-22276 post type-post status-publish format-standard has-post-thumbnail hentry category-dogadjanja tag-karneval tag-makarska tag-maskare\" role=\"listitem\">\n\t\t\t<div class=\"elementor-post__card\">\n\t\t\t\t<a class=\"elementor-post__thumbnail__link\" href=\"https:\/\/makarska-info.hr\/en\/makarske-maskare\/\" tabindex=\"-1\" ><div class=\"elementor-post__thumbnail\"><img loading=\"lazy\" decoding=\"async\" width=\"1616\" height=\"1080\" src=\"https:\/\/makarska-info.hr\/wp-content\/uploads\/2026\/01\/DSC03068-1.jpg\" class=\"attachment-full size-full wp-image-21974\" alt=\"maskare makarska\" srcset=\"https:\/\/makarska-info.hr\/wp-content\/uploads\/2026\/01\/DSC03068-1.jpg 1616w, https:\/\/makarska-info.hr\/wp-content\/uploads\/2026\/01\/DSC03068-1-300x200.jpg 300w, https:\/\/makarska-info.hr\/wp-content\/uploads\/2026\/01\/DSC03068-1-1024x684.jpg 1024w, https:\/\/makarska-info.hr\/wp-content\/uploads\/2026\/01\/DSC03068-1-768x513.jpg 768w, https:\/\/makarska-info.hr\/wp-content\/uploads\/2026\/01\/DSC03068-1-1536x1027.jpg 1536w, https:\/\/makarska-info.hr\/wp-content\/uploads\/2026\/01\/DSC03068-1-18x12.jpg 18w\" sizes=\"(max-width: 1616px) 100vw, 1616px\" \/><\/div><\/a>\n\t\t\t\t<div class=\"elementor-post__badge\">doga\u0111anja<\/div>\n\t\t\t\t<div class=\"elementor-post__text\">\n\t\t\t\t<h3 class=\"elementor-post__title\">\n\t\t\t<a href=\"https:\/\/makarska-info.hr\/en\/makarske-maskare\/\" >\n\t\t\t\tKad grad postane pozornica ma\u0161te \u2013 MA\u0160KARE U MAKARSKOJ\t\t\t<\/a>\n\t\t<\/h3>\n\t\t\t\t\t<div class=\"elementor-post__read-more-wrapper\">\n\t\t\n\t\t<a class=\"elementor-post__read-more\" href=\"https:\/\/makarska-info.hr\/en\/makarske-maskare\/\" aria-label=\"Read more about Kad grad postane pozornica ma\u0161te \u2013 MA\u0160KARE U MAKARSKOJ\" tabindex=\"-1\" >\n\t\t\tPRO\u010cITAJ VI\u0160E \u00bb\t\t<\/a>\n\n\t\t\t\t\t<\/div>\n\t\t\t\t<\/div>\n\t\t\t\t<div class=\"elementor-post__meta-data\">\n\t\t\t\t\t<span class=\"elementor-post-date\">\n\t\t\t26\/01\/2026\t\t<\/span>\n\t\t\t\t<\/div>\n\t\t\t\t\t<\/div>\n\t\t<\/article>\n\t\t\t\t<article class=\"elementor-post elementor-grid-item post-21497 post type-post status-publish format-standard has-post-thumbnail hentry category-objave\" role=\"listitem\">\n\t\t\t<div class=\"elementor-post__card\">\n\t\t\t\t<a class=\"elementor-post__thumbnail__link\" href=\"https:\/\/makarska-info.hr\/en\/novi-alati-stare-price-serijal-besplatnih-webinara-za-vodice-agencije-i-organizatore-tura\/\" tabindex=\"-1\" ><div class=\"elementor-post__thumbnail\"><img loading=\"lazy\" decoding=\"async\" width=\"687\" height=\"1036\" src=\"https:\/\/makarska-info.hr\/wp-content\/uploads\/2025\/07\/TURE-2.jpg\" class=\"attachment-full size-full wp-image-19470\" alt=\"maestrale stortytelling ture\" srcset=\"https:\/\/makarska-info.hr\/wp-content\/uploads\/2025\/07\/TURE-2.jpg 687w, https:\/\/makarska-info.hr\/wp-content\/uploads\/2025\/07\/TURE-2-199x300.jpg 199w, https:\/\/makarska-info.hr\/wp-content\/uploads\/2025\/07\/TURE-2-679x1024.jpg 679w, https:\/\/makarska-info.hr\/wp-content\/uploads\/2025\/07\/TURE-2-8x12.jpg 8w\" sizes=\"(max-width: 687px) 100vw, 687px\" \/><\/div><\/a>\n\t\t\t\t<div class=\"elementor-post__badge\">Objave<\/div>\n\t\t\t\t<div class=\"elementor-post__text\">\n\t\t\t\t<h3 class=\"elementor-post__title\">\n\t\t\t<a href=\"https:\/\/makarska-info.hr\/en\/novi-alati-stare-price-serijal-besplatnih-webinara-za-vodice-agencije-i-organizatore-tura\/\" >\n\t\t\t\tNovi alati, stare pri\u010de: serijal besplatnih webinara za vodi\u010de, agencije i organizatore tura\t\t\t<\/a>\n\t\t<\/h3>\n\t\t\t\t\t<div class=\"elementor-post__read-more-wrapper\">\n\t\t\n\t\t<a class=\"elementor-post__read-more\" href=\"https:\/\/makarska-info.hr\/en\/novi-alati-stare-price-serijal-besplatnih-webinara-za-vodice-agencije-i-organizatore-tura\/\" aria-label=\"Read more about Novi alati, stare pri\u010de: serijal besplatnih webinara za vodi\u010de, agencije i organizatore tura\" tabindex=\"-1\" >\n\t\t\tPRO\u010cITAJ VI\u0160E \u00bb\t\t<\/a>\n\n\t\t\t\t\t<\/div>\n\t\t\t\t<\/div>\n\t\t\t\t<div class=\"elementor-post__meta-data\">\n\t\t\t\t\t<span class=\"elementor-post-date\">\n\t\t\t15\/01\/2026\t\t<\/span>\n\t\t\t\t<\/div>\n\t\t\t\t\t<\/div>\n\t\t<\/article>\n\t\t\t\t<article class=\"elementor-post elementor-grid-item post-21484 post type-post status-publish format-standard has-post-thumbnail hentry category-objave tag-javi-poziv tag-makarska tag-manifestacije\" role=\"listitem\">\n\t\t\t<div class=\"elementor-post__card\">\n\t\t\t\t<a class=\"elementor-post__thumbnail__link\" href=\"https:\/\/makarska-info.hr\/en\/javni-poziv-potpore-manifestacijama-2026\/\" tabindex=\"-1\" ><div class=\"elementor-post__thumbnail\"><img decoding=\"async\" width=\"1080\" height=\"1920\" src=\"https:\/\/makarska-info.hr\/wp-content\/uploads\/2025\/10\/Dizajn-bez-naslova-16.png\" class=\"attachment-full size-full wp-image-20002\" alt=\"\" srcset=\"https:\/\/makarska-info.hr\/wp-content\/uploads\/2025\/10\/Dizajn-bez-naslova-16.png 1080w, https:\/\/makarska-info.hr\/wp-content\/uploads\/2025\/10\/Dizajn-bez-naslova-16-169x300.png 169w, https:\/\/makarska-info.hr\/wp-content\/uploads\/2025\/10\/Dizajn-bez-naslova-16-576x1024.png 576w, https:\/\/makarska-info.hr\/wp-content\/uploads\/2025\/10\/Dizajn-bez-naslova-16-768x1365.png 768w, https:\/\/makarska-info.hr\/wp-content\/uploads\/2025\/10\/Dizajn-bez-naslova-16-864x1536.png 864w, https:\/\/makarska-info.hr\/wp-content\/uploads\/2025\/10\/Dizajn-bez-naslova-16-7x12.png 7w\" sizes=\"(max-width: 1080px) 100vw, 1080px\" \/><\/div><\/a>\n\t\t\t\t<div class=\"elementor-post__badge\">Objave<\/div>\n\t\t\t\t<div class=\"elementor-post__text\">\n\t\t\t\t<h3 class=\"elementor-post__title\">\n\t\t\t<a href=\"https:\/\/makarska-info.hr\/en\/javni-poziv-potpore-manifestacijama-2026\/\" >\n\t\t\t\tJavni poziv &#8211; potpore manifestacijama 2026\t\t\t<\/a>\n\t\t<\/h3>\n\t\t\t\t\t<div class=\"elementor-post__read-more-wrapper\">\n\t\t\n\t\t<a class=\"elementor-post__read-more\" href=\"https:\/\/makarska-info.hr\/en\/javni-poziv-potpore-manifestacijama-2026\/\" aria-label=\"Read more about Javni poziv &#8211; potpore manifestacijama 2026\" tabindex=\"-1\" >\n\t\t\tPRO\u010cITAJ VI\u0160E \u00bb\t\t<\/a>\n\n\t\t\t\t\t<\/div>\n\t\t\t\t<\/div>\n\t\t\t\t<div class=\"elementor-post__meta-data\">\n\t\t\t\t\t<span class=\"elementor-post-date\">\n\t\t\t14\/01\/2026\t\t<\/span>\n\t\t\t\t<\/div>\n\t\t\t\t\t<\/div>\n\t\t<\/article>\n\t\t\t\t<article class=\"elementor-post elementor-grid-item post-21475 post type-post status-publish format-standard has-post-thumbnail hentry category-objave tag-143 tag-izvjestaj tag-makarska tag-statistika\" role=\"listitem\">\n\t\t\t<div class=\"elementor-post__card\">\n\t\t\t\t<a class=\"elementor-post__thumbnail__link\" href=\"https:\/\/makarska-info.hr\/en\/ostvareni-turisticki-promet-prosinac-i-2025-godina\/\" tabindex=\"-1\" ><div class=\"elementor-post__thumbnail\"><img loading=\"lazy\" decoding=\"async\" width=\"1300\" height=\"1950\" src=\"https:\/\/makarska-info.hr\/wp-content\/uploads\/2026\/01\/Advent-Makarska1.jpg\" class=\"attachment-full size-full wp-image-21445\" alt=\"Advent Makarska\" srcset=\"https:\/\/makarska-info.hr\/wp-content\/uploads\/2026\/01\/Advent-Makarska1.jpg 1300w, https:\/\/makarska-info.hr\/wp-content\/uploads\/2026\/01\/Advent-Makarska1-200x300.jpg 200w, https:\/\/makarska-info.hr\/wp-content\/uploads\/2026\/01\/Advent-Makarska1-683x1024.jpg 683w, https:\/\/makarska-info.hr\/wp-content\/uploads\/2026\/01\/Advent-Makarska1-768x1152.jpg 768w, https:\/\/makarska-info.hr\/wp-content\/uploads\/2026\/01\/Advent-Makarska1-1024x1536.jpg 1024w, https:\/\/makarska-info.hr\/wp-content\/uploads\/2026\/01\/Advent-Makarska1-8x12.jpg 8w\" sizes=\"(max-width: 1300px) 100vw, 1300px\" \/><\/div><\/a>\n\t\t\t\t<div class=\"elementor-post__badge\">Objave<\/div>\n\t\t\t\t<div class=\"elementor-post__text\">\n\t\t\t\t<h3 class=\"elementor-post__title\">\n\t\t\t<a href=\"https:\/\/makarska-info.hr\/en\/ostvareni-turisticki-promet-prosinac-i-2025-godina\/\" >\n\t\t\t\tOstvareni turisti\u010dki promet u prosincu i 2025. godini\t\t\t<\/a>\n\t\t<\/h3>\n\t\t\t\t\t<div class=\"elementor-post__read-more-wrapper\">\n\t\t\n\t\t<a class=\"elementor-post__read-more\" href=\"https:\/\/makarska-info.hr\/en\/ostvareni-turisticki-promet-prosinac-i-2025-godina\/\" aria-label=\"Read more about Ostvareni turisti\u010dki promet u prosincu i 2025. godini\" tabindex=\"-1\" >\n\t\t\tPRO\u010cITAJ VI\u0160E \u00bb\t\t<\/a>\n\n\t\t\t\t\t<\/div>\n\t\t\t\t<\/div>\n\t\t\t\t<div class=\"elementor-post__meta-data\">\n\t\t\t\t\t<span class=\"elementor-post-date\">\n\t\t\t13\/01\/2026\t\t<\/span>\n\t\t\t\t<\/div>\n\t\t\t\t\t<\/div>\n\t\t<\/article>\n\t\t\t\t<article class=\"elementor-post elementor-grid-item post-21414 post type-post status-publish format-standard has-post-thumbnail hentry category-objave\" role=\"listitem\">\n\t\t\t<div class=\"elementor-post__card\">\n\t\t\t\t<a class=\"elementor-post__thumbnail__link\" href=\"https:\/\/makarska-info.hr\/en\/poziv-privatnim-iznajmljivacima-viber-zajednica-tz-a\/\" tabindex=\"-1\" ><div class=\"elementor-post__thumbnail\"><img loading=\"lazy\" decoding=\"async\" width=\"980\" height=\"1225\" src=\"https:\/\/makarska-info.hr\/wp-content\/uploads\/2026\/01\/PRIDRUZI-SE-VIBER-ZAJEDNICI-1.png\" class=\"attachment-full size-full wp-image-21417\" alt=\"viber zajednica\" srcset=\"https:\/\/makarska-info.hr\/wp-content\/uploads\/2026\/01\/PRIDRUZI-SE-VIBER-ZAJEDNICI-1.png 980w, https:\/\/makarska-info.hr\/wp-content\/uploads\/2026\/01\/PRIDRUZI-SE-VIBER-ZAJEDNICI-1-240x300.png 240w, https:\/\/makarska-info.hr\/wp-content\/uploads\/2026\/01\/PRIDRUZI-SE-VIBER-ZAJEDNICI-1-819x1024.png 819w, https:\/\/makarska-info.hr\/wp-content\/uploads\/2026\/01\/PRIDRUZI-SE-VIBER-ZAJEDNICI-1-768x960.png 768w, https:\/\/makarska-info.hr\/wp-content\/uploads\/2026\/01\/PRIDRUZI-SE-VIBER-ZAJEDNICI-1-10x12.png 10w\" sizes=\"(max-width: 980px) 100vw, 980px\" \/><\/div><\/a>\n\t\t\t\t<div class=\"elementor-post__badge\">Objave<\/div>\n\t\t\t\t<div class=\"elementor-post__text\">\n\t\t\t\t<h3 class=\"elementor-post__title\">\n\t\t\t<a href=\"https:\/\/makarska-info.hr\/en\/poziv-privatnim-iznajmljivacima-viber-zajednica-tz-a\/\" >\n\t\t\t\tPoziv privatnim iznajmljiva\u010dima \u2013 Viber zajednica TZ-a\t\t\t<\/a>\n\t\t<\/h3>\n\t\t\t\t\t<div class=\"elementor-post__read-more-wrapper\">\n\t\t\n\t\t<a class=\"elementor-post__read-more\" href=\"https:\/\/makarska-info.hr\/en\/poziv-privatnim-iznajmljivacima-viber-zajednica-tz-a\/\" aria-label=\"Read more about Poziv privatnim iznajmljiva\u010dima \u2013 Viber zajednica TZ-a\" tabindex=\"-1\" >\n\t\t\tPRO\u010cITAJ VI\u0160E \u00bb\t\t<\/a>\n\n\t\t\t\t\t<\/div>\n\t\t\t\t<\/div>\n\t\t\t\t<div class=\"elementor-post__meta-data\">\n\t\t\t\t\t<span class=\"elementor-post-date\">\n\t\t\t07\/01\/2026\t\t<\/span>\n\t\t\t\t<\/div>\n\t\t\t\t\t<\/div>\n\t\t<\/article>\n\t\t\t\t<article class=\"elementor-post elementor-grid-item post-21406 post type-post status-publish format-standard has-post-thumbnail hentry category-objave\" role=\"listitem\">\n\t\t\t<div class=\"elementor-post__card\">\n\t\t\t\t<a class=\"elementor-post__thumbnail__link\" href=\"https:\/\/makarska-info.hr\/en\/u-makarskoj-za-blagdane-boravilo-vise-2-300-gostiju\/\" tabindex=\"-1\" ><div class=\"elementor-post__thumbnail\"><img loading=\"lazy\" decoding=\"async\" width=\"1080\" height=\"1616\" src=\"https:\/\/makarska-info.hr\/wp-content\/uploads\/2025\/11\/DSC05341.jpg\" class=\"attachment-full size-full wp-image-20656\" alt=\"advent makarska\" srcset=\"https:\/\/makarska-info.hr\/wp-content\/uploads\/2025\/11\/DSC05341.jpg 1080w, https:\/\/makarska-info.hr\/wp-content\/uploads\/2025\/11\/DSC05341-200x300.jpg 200w, https:\/\/makarska-info.hr\/wp-content\/uploads\/2025\/11\/DSC05341-684x1024.jpg 684w, https:\/\/makarska-info.hr\/wp-content\/uploads\/2025\/11\/DSC05341-768x1149.jpg 768w, https:\/\/makarska-info.hr\/wp-content\/uploads\/2025\/11\/DSC05341-1027x1536.jpg 1027w, https:\/\/makarska-info.hr\/wp-content\/uploads\/2025\/11\/DSC05341-8x12.jpg 8w\" sizes=\"(max-width: 1080px) 100vw, 1080px\" \/><\/div><\/a>\n\t\t\t\t<div class=\"elementor-post__badge\">Objave<\/div>\n\t\t\t\t<div class=\"elementor-post__text\">\n\t\t\t\t<h3 class=\"elementor-post__title\">\n\t\t\t<a href=\"https:\/\/makarska-info.hr\/en\/u-makarskoj-za-blagdane-boravilo-vise-2-300-gostiju\/\" >\n\t\t\t\tU Makarskoj za blagdane boravilo vi\u0161e od 2.300 gostiju\t\t\t<\/a>\n\t\t<\/h3>\n\t\t\t\t\t<div class=\"elementor-post__read-more-wrapper\">\n\t\t\n\t\t<a class=\"elementor-post__read-more\" href=\"https:\/\/makarska-info.hr\/en\/u-makarskoj-za-blagdane-boravilo-vise-2-300-gostiju\/\" aria-label=\"Read more about U Makarskoj za blagdane boravilo vi\u0161e od 2.300 gostiju\" tabindex=\"-1\" >\n\t\t\tPRO\u010cITAJ VI\u0160E \u00bb\t\t<\/a>\n\n\t\t\t\t\t<\/div>\n\t\t\t\t<\/div>\n\t\t\t\t<div class=\"elementor-post__meta-data\">\n\t\t\t\t\t<span class=\"elementor-post-date\">\n\t\t\t05\/01\/2026\t\t<\/span>\n\t\t\t\t<\/div>\n\t\t\t\t\t<\/div>\n\t\t<\/article>\n\t\t\t\t<article class=\"elementor-post elementor-grid-item post-21396 post type-post status-publish format-standard has-post-thumbnail hentry category-objave\" role=\"listitem\">\n\t\t\t<div class=\"elementor-post__card\">\n\t\t\t\t<a class=\"elementor-post__thumbnail__link\" href=\"https:\/\/makarska-info.hr\/en\/upute-za-ispunjavanje-i-dostavu-obrasca-tz\/\" tabindex=\"-1\" ><div class=\"elementor-post__thumbnail\"><img decoding=\"async\" width=\"1080\" height=\"1920\" src=\"https:\/\/makarska-info.hr\/wp-content\/uploads\/2025\/10\/Dizajn-bez-naslova-16.png\" class=\"attachment-full size-full wp-image-20002\" alt=\"\" srcset=\"https:\/\/makarska-info.hr\/wp-content\/uploads\/2025\/10\/Dizajn-bez-naslova-16.png 1080w, https:\/\/makarska-info.hr\/wp-content\/uploads\/2025\/10\/Dizajn-bez-naslova-16-169x300.png 169w, https:\/\/makarska-info.hr\/wp-content\/uploads\/2025\/10\/Dizajn-bez-naslova-16-576x1024.png 576w, https:\/\/makarska-info.hr\/wp-content\/uploads\/2025\/10\/Dizajn-bez-naslova-16-768x1365.png 768w, https:\/\/makarska-info.hr\/wp-content\/uploads\/2025\/10\/Dizajn-bez-naslova-16-864x1536.png 864w, https:\/\/makarska-info.hr\/wp-content\/uploads\/2025\/10\/Dizajn-bez-naslova-16-7x12.png 7w\" sizes=\"(max-width: 1080px) 100vw, 1080px\" \/><\/div><\/a>\n\t\t\t\t<div class=\"elementor-post__badge\">Objave<\/div>\n\t\t\t\t<div class=\"elementor-post__text\">\n\t\t\t\t<h3 class=\"elementor-post__title\">\n\t\t\t<a href=\"https:\/\/makarska-info.hr\/en\/upute-za-ispunjavanje-i-dostavu-obrasca-tz\/\" >\n\t\t\t\tUpute za ispunjavanje i dostavu Obrasca TZ 2\t\t\t<\/a>\n\t\t<\/h3>\n\t\t\t\t\t<div class=\"elementor-post__read-more-wrapper\">\n\t\t\n\t\t<a class=\"elementor-post__read-more\" href=\"https:\/\/makarska-info.hr\/en\/upute-za-ispunjavanje-i-dostavu-obrasca-tz\/\" aria-label=\"Read more about Upute za ispunjavanje i dostavu Obrasca TZ 2\" tabindex=\"-1\" >\n\t\t\tPRO\u010cITAJ VI\u0160E \u00bb\t\t<\/a>\n\n\t\t\t\t\t<\/div>\n\t\t\t\t<\/div>\n\t\t\t\t<div class=\"elementor-post__meta-data\">\n\t\t\t\t\t<span class=\"elementor-post-date\">\n\t\t\t05\/01\/2026\t\t<\/span>\n\t\t\t\t<\/div>\n\t\t\t\t\t<\/div>\n\t\t<\/article>\n\t\t\t\t<article class=\"elementor-post elementor-grid-item post-21386 post type-post status-publish format-standard has-post-thumbnail hentry category-objave tag-makarska tag-sjednica tag-skupstina tag-tzg-makarske\" role=\"listitem\">\n\t\t\t<div class=\"elementor-post__card\">\n\t\t\t\t<a class=\"elementor-post__thumbnail__link\" href=\"https:\/\/makarska-info.hr\/en\/poziv-na-iii-sjednicu-skupstine-tzg-makarske-30-12-2025\/\" tabindex=\"-1\" ><div class=\"elementor-post__thumbnail\"><img decoding=\"async\" width=\"1080\" height=\"1920\" src=\"https:\/\/makarska-info.hr\/wp-content\/uploads\/2025\/10\/Dizajn-bez-naslova-16.png\" class=\"attachment-full size-full wp-image-20002\" alt=\"\" srcset=\"https:\/\/makarska-info.hr\/wp-content\/uploads\/2025\/10\/Dizajn-bez-naslova-16.png 1080w, https:\/\/makarska-info.hr\/wp-content\/uploads\/2025\/10\/Dizajn-bez-naslova-16-169x300.png 169w, https:\/\/makarska-info.hr\/wp-content\/uploads\/2025\/10\/Dizajn-bez-naslova-16-576x1024.png 576w, https:\/\/makarska-info.hr\/wp-content\/uploads\/2025\/10\/Dizajn-bez-naslova-16-768x1365.png 768w, https:\/\/makarska-info.hr\/wp-content\/uploads\/2025\/10\/Dizajn-bez-naslova-16-864x1536.png 864w, https:\/\/makarska-info.hr\/wp-content\/uploads\/2025\/10\/Dizajn-bez-naslova-16-7x12.png 7w\" sizes=\"(max-width: 1080px) 100vw, 1080px\" \/><\/div><\/a>\n\t\t\t\t<div class=\"elementor-post__badge\">Objave<\/div>\n\t\t\t\t<div class=\"elementor-post__text\">\n\t\t\t\t<h3 class=\"elementor-post__title\">\n\t\t\t<a href=\"https:\/\/makarska-info.hr\/en\/poziv-na-iii-sjednicu-skupstine-tzg-makarske-30-12-2025\/\" >\n\t\t\t\tPoziv na III.sjednicu Skups\u030ctine TZG Makarske 30.12.2025.\t\t\t<\/a>\n\t\t<\/h3>\n\t\t\t\t\t<div class=\"elementor-post__read-more-wrapper\">\n\t\t\n\t\t<a class=\"elementor-post__read-more\" href=\"https:\/\/makarska-info.hr\/en\/poziv-na-iii-sjednicu-skupstine-tzg-makarske-30-12-2025\/\" aria-label=\"Read more about Poziv na III.sjednicu Skups\u030ctine TZG Makarske 30.12.2025.\" tabindex=\"-1\" >\n\t\t\tPRO\u010cITAJ VI\u0160E \u00bb\t\t<\/a>\n\n\t\t\t\t\t<\/div>\n\t\t\t\t<\/div>\n\t\t\t\t<div class=\"elementor-post__meta-data\">\n\t\t\t\t\t<span class=\"elementor-post-date\">\n\t\t\t29\/12\/2025\t\t<\/span>\n\t\t\t\t<\/div>\n\t\t\t\t\t<\/div>\n\t\t<\/article>\n\t\t\t\t<article class=\"elementor-post elementor-grid-item post-21360 post type-post status-publish format-standard has-post-thumbnail hentry category-objave tag-sretan-bozic tag-tz-makarska\" role=\"listitem\">\n\t\t\t<div class=\"elementor-post__card\">\n\t\t\t\t<a class=\"elementor-post__thumbnail__link\" href=\"https:\/\/makarska-info.hr\/en\/zelimo-vam-sretne-i-ugodne-blagdane\/\" tabindex=\"-1\" ><div class=\"elementor-post__thumbnail\"><img loading=\"lazy\" decoding=\"async\" width=\"849\" height=\"1056\" src=\"https:\/\/makarska-info.hr\/wp-content\/uploads\/2025\/12\/cestitka.jpg\" class=\"attachment-full size-full wp-image-21361\" alt=\"\" srcset=\"https:\/\/makarska-info.hr\/wp-content\/uploads\/2025\/12\/cestitka.jpg 849w, https:\/\/makarska-info.hr\/wp-content\/uploads\/2025\/12\/cestitka-241x300.jpg 241w, https:\/\/makarska-info.hr\/wp-content\/uploads\/2025\/12\/cestitka-823x1024.jpg 823w, https:\/\/makarska-info.hr\/wp-content\/uploads\/2025\/12\/cestitka-768x955.jpg 768w, https:\/\/makarska-info.hr\/wp-content\/uploads\/2025\/12\/cestitka-10x12.jpg 10w\" sizes=\"(max-width: 849px) 100vw, 849px\" \/><\/div><\/a>\n\t\t\t\t<div class=\"elementor-post__badge\">Objave<\/div>\n\t\t\t\t<div class=\"elementor-post__text\">\n\t\t\t\t<h3 class=\"elementor-post__title\">\n\t\t\t<a href=\"https:\/\/makarska-info.hr\/en\/zelimo-vam-sretne-i-ugodne-blagdane\/\" >\n\t\t\t\t\u017delimo vam sretne i ugodne blagdane!\t\t\t<\/a>\n\t\t<\/h3>\n\t\t\t\t\t<div class=\"elementor-post__read-more-wrapper\">\n\t\t\n\t\t<a class=\"elementor-post__read-more\" href=\"https:\/\/makarska-info.hr\/en\/zelimo-vam-sretne-i-ugodne-blagdane\/\" aria-label=\"Read more about \u017delimo vam sretne i ugodne blagdane!\" tabindex=\"-1\" >\n\t\t\tPRO\u010cITAJ VI\u0160E \u00bb\t\t<\/a>\n\n\t\t\t\t\t<\/div>\n\t\t\t\t<\/div>\n\t\t\t\t<div class=\"elementor-post__meta-data\">\n\t\t\t\t\t<span class=\"elementor-post-date\">\n\t\t\t24\/12\/2025\t\t<\/span>\n\t\t\t\t<\/div>\n\t\t\t\t\t<\/div>\n\t\t<\/article>\n\t\t\t\t<article class=\"elementor-post elementor-grid-item post-21371 post type-post status-publish format-standard has-post-thumbnail hentry category-objave\" role=\"listitem\">\n\t\t\t<div class=\"elementor-post__card\">\n\t\t\t\t<a class=\"elementor-post__thumbnail__link\" href=\"https:\/\/makarska-info.hr\/en\/poceo-je-5-izbor-najljepseg-adventa\/\" tabindex=\"-1\" ><div class=\"elementor-post__thumbnail\"><img loading=\"lazy\" decoding=\"async\" width=\"945\" height=\"1680\" src=\"https:\/\/makarska-info.hr\/wp-content\/uploads\/2025\/12\/1-1.png\" class=\"attachment-full size-full wp-image-21367\" alt=\"advent makarska\" srcset=\"https:\/\/makarska-info.hr\/wp-content\/uploads\/2025\/12\/1-1.png 945w, https:\/\/makarska-info.hr\/wp-content\/uploads\/2025\/12\/1-1-169x300.png 169w, https:\/\/makarska-info.hr\/wp-content\/uploads\/2025\/12\/1-1-576x1024.png 576w, https:\/\/makarska-info.hr\/wp-content\/uploads\/2025\/12\/1-1-768x1365.png 768w, https:\/\/makarska-info.hr\/wp-content\/uploads\/2025\/12\/1-1-864x1536.png 864w, https:\/\/makarska-info.hr\/wp-content\/uploads\/2025\/12\/1-1-7x12.png 7w\" sizes=\"(max-width: 945px) 100vw, 945px\" \/><\/div><\/a>\n\t\t\t\t<div class=\"elementor-post__badge\">Objave<\/div>\n\t\t\t\t<div class=\"elementor-post__text\">\n\t\t\t\t<h3 class=\"elementor-post__title\">\n\t\t\t<a href=\"https:\/\/makarska-info.hr\/en\/poceo-je-5-izbor-najljepseg-adventa\/\" >\n\t\t\t\tPo\u010deo je 5. izbor Najljep\u0161eg adventa\t\t\t<\/a>\n\t\t<\/h3>\n\t\t\t\t\t<div class=\"elementor-post__read-more-wrapper\">\n\t\t\n\t\t<a class=\"elementor-post__read-more\" href=\"https:\/\/makarska-info.hr\/en\/poceo-je-5-izbor-najljepseg-adventa\/\" aria-label=\"Read more about Po\u010deo je 5. izbor Najljep\u0161eg adventa\" tabindex=\"-1\" >\n\t\t\tPRO\u010cITAJ VI\u0160E \u00bb\t\t<\/a>\n\n\t\t\t\t\t<\/div>\n\t\t\t\t<\/div>\n\t\t\t\t<div class=\"elementor-post__meta-data\">\n\t\t\t\t\t<span class=\"elementor-post-date\">\n\t\t\t24\/12\/2025\t\t<\/span>\n\t\t\t\t<\/div>\n\t\t\t\t\t<\/div>\n\t\t<\/article>\n\t\t\t\t<article class=\"elementor-post elementor-grid-item post-21295 post type-post status-publish format-standard has-post-thumbnail hentry category-objave tag-sjednica tag-tzg-makarske\" role=\"listitem\">\n\t\t\t<div class=\"elementor-post__card\">\n\t\t\t\t<a class=\"elementor-post__thumbnail__link\" href=\"https:\/\/makarska-info.hr\/en\/poziv-na-4-sjednicu-turistickog-vijeca-tzg-makarske-18-12-2025\/\" tabindex=\"-1\" ><div class=\"elementor-post__thumbnail\"><img decoding=\"async\" width=\"1080\" height=\"1920\" src=\"https:\/\/makarska-info.hr\/wp-content\/uploads\/2025\/10\/Dizajn-bez-naslova-16.png\" class=\"attachment-full size-full wp-image-20002\" alt=\"\" srcset=\"https:\/\/makarska-info.hr\/wp-content\/uploads\/2025\/10\/Dizajn-bez-naslova-16.png 1080w, https:\/\/makarska-info.hr\/wp-content\/uploads\/2025\/10\/Dizajn-bez-naslova-16-169x300.png 169w, https:\/\/makarska-info.hr\/wp-content\/uploads\/2025\/10\/Dizajn-bez-naslova-16-576x1024.png 576w, https:\/\/makarska-info.hr\/wp-content\/uploads\/2025\/10\/Dizajn-bez-naslova-16-768x1365.png 768w, https:\/\/makarska-info.hr\/wp-content\/uploads\/2025\/10\/Dizajn-bez-naslova-16-864x1536.png 864w, https:\/\/makarska-info.hr\/wp-content\/uploads\/2025\/10\/Dizajn-bez-naslova-16-7x12.png 7w\" sizes=\"(max-width: 1080px) 100vw, 1080px\" \/><\/div><\/a>\n\t\t\t\t<div class=\"elementor-post__badge\">Objave<\/div>\n\t\t\t\t<div class=\"elementor-post__text\">\n\t\t\t\t<h3 class=\"elementor-post__title\">\n\t\t\t<a href=\"https:\/\/makarska-info.hr\/en\/poziv-na-4-sjednicu-turistickog-vijeca-tzg-makarske-18-12-2025\/\" >\n\t\t\t\tPOZIV na 4. sjednicu Turisti\u010dkog vije\u0107a TZG Makarske, 18. 12. 2025.\t\t\t<\/a>\n\t\t<\/h3>\n\t\t\t\t\t<div class=\"elementor-post__read-more-wrapper\">\n\t\t\n\t\t<a class=\"elementor-post__read-more\" href=\"https:\/\/makarska-info.hr\/en\/poziv-na-4-sjednicu-turistickog-vijeca-tzg-makarske-18-12-2025\/\" aria-label=\"Read more about POZIV na 4. sjednicu Turisti\u010dkog vije\u0107a TZG Makarske, 18. 12. 2025.\" tabindex=\"-1\" >\n\t\t\tPRO\u010cITAJ VI\u0160E \u00bb\t\t<\/a>\n\n\t\t\t\t\t<\/div>\n\t\t\t\t<\/div>\n\t\t\t\t<div class=\"elementor-post__meta-data\">\n\t\t\t\t\t<span class=\"elementor-post-date\">\n\t\t\t17\/12\/2025\t\t<\/span>\n\t\t\t\t<\/div>\n\t\t\t\t\t<\/div>\n\t\t<\/article>\n\t\t\t\t<article class=\"elementor-post elementor-grid-item post-21077 post type-post status-publish format-standard has-post-thumbnail hentry category-objave tag-izvjestaj tag-makarska tag-statistika\" role=\"listitem\">\n\t\t\t<div class=\"elementor-post__card\">\n\t\t\t\t<a class=\"elementor-post__thumbnail__link\" href=\"https:\/\/makarska-info.hr\/en\/turisticki-promet-u-studenom-i-11-mjeseci-2025\/\" tabindex=\"-1\" ><div class=\"elementor-post__thumbnail\"><img loading=\"lazy\" decoding=\"async\" width=\"592\" height=\"896\" src=\"https:\/\/makarska-info.hr\/wp-content\/uploads\/2025\/06\/statistika-slika.jpg\" class=\"attachment-full size-full wp-image-19426\" alt=\"\" srcset=\"https:\/\/makarska-info.hr\/wp-content\/uploads\/2025\/06\/statistika-slika.jpg 592w, https:\/\/makarska-info.hr\/wp-content\/uploads\/2025\/06\/statistika-slika-198x300.jpg 198w, https:\/\/makarska-info.hr\/wp-content\/uploads\/2025\/06\/statistika-slika-8x12.jpg 8w\" sizes=\"(max-width: 592px) 100vw, 592px\" \/><\/div><\/a>\n\t\t\t\t<div class=\"elementor-post__badge\">Objave<\/div>\n\t\t\t\t<div class=\"elementor-post__text\">\n\t\t\t\t<h3 class=\"elementor-post__title\">\n\t\t\t<a href=\"https:\/\/makarska-info.hr\/en\/turisticki-promet-u-studenom-i-11-mjeseci-2025\/\" >\n\t\t\t\tTuristi\u010dki promet u studenom i 11 mjeseci 2025.\t\t\t<\/a>\n\t\t<\/h3>\n\t\t\t\t\t<div class=\"elementor-post__read-more-wrapper\">\n\t\t\n\t\t<a class=\"elementor-post__read-more\" href=\"https:\/\/makarska-info.hr\/en\/turisticki-promet-u-studenom-i-11-mjeseci-2025\/\" aria-label=\"Read more about Turisti\u010dki promet u studenom i 11 mjeseci 2025.\" tabindex=\"-1\" >\n\t\t\tPRO\u010cITAJ VI\u0160E \u00bb\t\t<\/a>\n\n\t\t\t\t\t<\/div>\n\t\t\t\t<\/div>\n\t\t\t\t<div class=\"elementor-post__meta-data\">\n\t\t\t\t\t<span class=\"elementor-post-date\">\n\t\t\t04\/12\/2025\t\t<\/span>\n\t\t\t\t<\/div>\n\t\t\t\t\t<\/div>\n\t\t<\/article>\n\t\t\t\t<article class=\"elementor-post elementor-grid-item post-20155 post type-post status-publish format-standard has-post-thumbnail hentry category-objave tag-advent tag-advent-2025 tag-kucice tag-makarska\" role=\"listitem\">\n\t\t\t<div class=\"elementor-post__card\">\n\t\t\t\t<a class=\"elementor-post__thumbnail__link\" href=\"https:\/\/makarska-info.hr\/en\/odluka-o-izboru-zakupnika-za-kucice-advent-makarska-2025\/\" tabindex=\"-1\" ><div class=\"elementor-post__thumbnail\"><img decoding=\"async\" width=\"1080\" height=\"1920\" src=\"https:\/\/makarska-info.hr\/wp-content\/uploads\/2025\/10\/Dizajn-bez-naslova-16.png\" class=\"attachment-full size-full wp-image-20002\" alt=\"\" srcset=\"https:\/\/makarska-info.hr\/wp-content\/uploads\/2025\/10\/Dizajn-bez-naslova-16.png 1080w, https:\/\/makarska-info.hr\/wp-content\/uploads\/2025\/10\/Dizajn-bez-naslova-16-169x300.png 169w, https:\/\/makarska-info.hr\/wp-content\/uploads\/2025\/10\/Dizajn-bez-naslova-16-576x1024.png 576w, https:\/\/makarska-info.hr\/wp-content\/uploads\/2025\/10\/Dizajn-bez-naslova-16-768x1365.png 768w, https:\/\/makarska-info.hr\/wp-content\/uploads\/2025\/10\/Dizajn-bez-naslova-16-864x1536.png 864w, https:\/\/makarska-info.hr\/wp-content\/uploads\/2025\/10\/Dizajn-bez-naslova-16-7x12.png 7w\" sizes=\"(max-width: 1080px) 100vw, 1080px\" \/><\/div><\/a>\n\t\t\t\t<div class=\"elementor-post__badge\">Objave<\/div>\n\t\t\t\t<div class=\"elementor-post__text\">\n\t\t\t\t<h3 class=\"elementor-post__title\">\n\t\t\t<a href=\"https:\/\/makarska-info.hr\/en\/odluka-o-izboru-zakupnika-za-kucice-advent-makarska-2025\/\" >\n\t\t\t\tOdluka o izboru zakupnika za ku\u0107ice Advent Makarska 2025\t\t\t<\/a>\n\t\t<\/h3>\n\t\t\t\t\t<div class=\"elementor-post__read-more-wrapper\">\n\t\t\n\t\t<a class=\"elementor-post__read-more\" href=\"https:\/\/makarska-info.hr\/en\/odluka-o-izboru-zakupnika-za-kucice-advent-makarska-2025\/\" aria-label=\"Read more about Odluka o izboru zakupnika za ku\u0107ice Advent Makarska 2025\" tabindex=\"-1\" >\n\t\t\tPRO\u010cITAJ VI\u0160E \u00bb\t\t<\/a>\n\n\t\t\t\t\t<\/div>\n\t\t\t\t<\/div>\n\t\t\t\t<div class=\"elementor-post__meta-data\">\n\t\t\t\t\t<span class=\"elementor-post-date\">\n\t\t\t14\/11\/2025\t\t<\/span>\n\t\t\t\t<\/div>\n\t\t\t\t\t<\/div>\n\t\t<\/article>\n\t\t\t\t<article class=\"elementor-post elementor-grid-item post-20054 post type-post status-publish format-standard has-post-thumbnail hentry category-objave tag-143 tag-advent tag-advent-makarska tag-makarska\" role=\"listitem\">\n\t\t\t<div class=\"elementor-post__card\">\n\t\t\t\t<a class=\"elementor-post__thumbnail__link\" href=\"https:\/\/makarska-info.hr\/en\/makarska-predstavila-program-adventa-2025-najsarmantniji-advent-uz-more-vraca-se-u-punom-sjaju\/\" tabindex=\"-1\" ><div class=\"elementor-post__thumbnail\"><img loading=\"lazy\" decoding=\"async\" width=\"631\" height=\"948\" src=\"https:\/\/makarska-info.hr\/wp-content\/uploads\/2025\/11\/advent2.jpg\" class=\"attachment-full size-full wp-image-20056\" alt=\"\" srcset=\"https:\/\/makarska-info.hr\/wp-content\/uploads\/2025\/11\/advent2.jpg 631w, https:\/\/makarska-info.hr\/wp-content\/uploads\/2025\/11\/advent2-200x300.jpg 200w, https:\/\/makarska-info.hr\/wp-content\/uploads\/2025\/11\/advent2-8x12.jpg 8w\" sizes=\"(max-width: 631px) 100vw, 631px\" \/><\/div><\/a>\n\t\t\t\t<div class=\"elementor-post__badge\">Objave<\/div>\n\t\t\t\t<div class=\"elementor-post__text\">\n\t\t\t\t<h3 class=\"elementor-post__title\">\n\t\t\t<a href=\"https:\/\/makarska-info.hr\/en\/makarska-predstavila-program-adventa-2025-najsarmantniji-advent-uz-more-vraca-se-u-punom-sjaju\/\" >\n\t\t\t\tMakarska predstavila program Adventa 2025: Naj\u0161armantniji advent uz more vra\u0107a se u punom sjaju\t\t\t<\/a>\n\t\t<\/h3>\n\t\t\t\t\t<div class=\"elementor-post__read-more-wrapper\">\n\t\t\n\t\t<a class=\"elementor-post__read-more\" href=\"https:\/\/makarska-info.hr\/en\/makarska-predstavila-program-adventa-2025-najsarmantniji-advent-uz-more-vraca-se-u-punom-sjaju\/\" aria-label=\"Read more about Makarska predstavila program Adventa 2025: Naj\u0161armantniji advent uz more vra\u0107a se u punom sjaju\" tabindex=\"-1\" >\n\t\t\tPRO\u010cITAJ VI\u0160E \u00bb\t\t<\/a>\n\n\t\t\t\t\t<\/div>\n\t\t\t\t<\/div>\n\t\t\t\t<div class=\"elementor-post__meta-data\">\n\t\t\t\t\t<span class=\"elementor-post-date\">\n\t\t\t11\/11\/2025\t\t<\/span>\n\t\t\t\t<\/div>\n\t\t\t\t\t<\/div>\n\t\t<\/article>\n\t\t\t\t<article class=\"elementor-post elementor-grid-item post-20020 post type-post status-publish format-standard has-post-thumbnail hentry category-objave\" role=\"listitem\">\n\t\t\t<div class=\"elementor-post__card\">\n\t\t\t\t<a class=\"elementor-post__thumbnail__link\" href=\"https:\/\/makarska-info.hr\/en\/odluka-o-visini-turisticke-pristojbe-na-podrucju-sdz-za-2026-godinu\/\" tabindex=\"-1\" ><div class=\"elementor-post__thumbnail\"><img decoding=\"async\" width=\"1080\" height=\"1920\" src=\"https:\/\/makarska-info.hr\/wp-content\/uploads\/2025\/10\/Dizajn-bez-naslova-16.png\" class=\"attachment-full size-full wp-image-20002\" alt=\"\" srcset=\"https:\/\/makarska-info.hr\/wp-content\/uploads\/2025\/10\/Dizajn-bez-naslova-16.png 1080w, https:\/\/makarska-info.hr\/wp-content\/uploads\/2025\/10\/Dizajn-bez-naslova-16-169x300.png 169w, https:\/\/makarska-info.hr\/wp-content\/uploads\/2025\/10\/Dizajn-bez-naslova-16-576x1024.png 576w, https:\/\/makarska-info.hr\/wp-content\/uploads\/2025\/10\/Dizajn-bez-naslova-16-768x1365.png 768w, https:\/\/makarska-info.hr\/wp-content\/uploads\/2025\/10\/Dizajn-bez-naslova-16-864x1536.png 864w, https:\/\/makarska-info.hr\/wp-content\/uploads\/2025\/10\/Dizajn-bez-naslova-16-7x12.png 7w\" sizes=\"(max-width: 1080px) 100vw, 1080px\" \/><\/div><\/a>\n\t\t\t\t<div class=\"elementor-post__badge\">Objave<\/div>\n\t\t\t\t<div class=\"elementor-post__text\">\n\t\t\t\t<h3 class=\"elementor-post__title\">\n\t\t\t<a href=\"https:\/\/makarska-info.hr\/en\/odluka-o-visini-turisticke-pristojbe-na-podrucju-sdz-za-2026-godinu\/\" >\n\t\t\t\tODLUKA o visini turisti\u010dke pristojbe na podru\u010dju SD\u017d za 2026. godinu\t\t\t<\/a>\n\t\t<\/h3>\n\t\t\t\t\t<div class=\"elementor-post__read-more-wrapper\">\n\t\t\n\t\t<a class=\"elementor-post__read-more\" href=\"https:\/\/makarska-info.hr\/en\/odluka-o-visini-turisticke-pristojbe-na-podrucju-sdz-za-2026-godinu\/\" aria-label=\"Read more about ODLUKA o visini turisti\u010dke pristojbe na podru\u010dju SD\u017d za 2026. godinu\" tabindex=\"-1\" >\n\t\t\tPRO\u010cITAJ VI\u0160E \u00bb\t\t<\/a>\n\n\t\t\t\t\t<\/div>\n\t\t\t\t<\/div>\n\t\t\t\t<div class=\"elementor-post__meta-data\">\n\t\t\t\t\t<span class=\"elementor-post-date\">\n\t\t\t06\/11\/2025\t\t<\/span>\n\t\t\t\t<\/div>\n\t\t\t\t\t<\/div>\n\t\t<\/article>\n\t\t\t\t<article class=\"elementor-post elementor-grid-item post-20015 post type-post status-publish format-standard has-post-thumbnail hentry category-objave tag-izvjestaj tag-makarska tag-statistika\" role=\"listitem\">\n\t\t\t<div class=\"elementor-post__card\">\n\t\t\t\t<a class=\"elementor-post__thumbnail__link\" href=\"https:\/\/makarska-info.hr\/en\/makarsku-u-prvih-10-mjeseci-2025-posjetilo-327-tisuca-turista-vise-nego-cijele-2024\/\" tabindex=\"-1\" ><div class=\"elementor-post__thumbnail\"><img loading=\"lazy\" decoding=\"async\" width=\"592\" height=\"896\" src=\"https:\/\/makarska-info.hr\/wp-content\/uploads\/2025\/06\/statistika-slika.jpg\" class=\"attachment-full size-full wp-image-19426\" alt=\"\" srcset=\"https:\/\/makarska-info.hr\/wp-content\/uploads\/2025\/06\/statistika-slika.jpg 592w, https:\/\/makarska-info.hr\/wp-content\/uploads\/2025\/06\/statistika-slika-198x300.jpg 198w, https:\/\/makarska-info.hr\/wp-content\/uploads\/2025\/06\/statistika-slika-8x12.jpg 8w\" sizes=\"(max-width: 592px) 100vw, 592px\" \/><\/div><\/a>\n\t\t\t\t<div class=\"elementor-post__badge\">Objave<\/div>\n\t\t\t\t<div class=\"elementor-post__text\">\n\t\t\t\t<h3 class=\"elementor-post__title\">\n\t\t\t<a href=\"https:\/\/makarska-info.hr\/en\/makarsku-u-prvih-10-mjeseci-2025-posjetilo-327-tisuca-turista-vise-nego-cijele-2024\/\" >\n\t\t\t\tMakarsku u prvih 10 mjeseci 2025. posjetilo 327 tisu\u0107a turista, vi\u0161e nego cijele 2024.\t\t\t<\/a>\n\t\t<\/h3>\n\t\t\t\t\t<div class=\"elementor-post__read-more-wrapper\">\n\t\t\n\t\t<a class=\"elementor-post__read-more\" href=\"https:\/\/makarska-info.hr\/en\/makarsku-u-prvih-10-mjeseci-2025-posjetilo-327-tisuca-turista-vise-nego-cijele-2024\/\" aria-label=\"Read more about Makarsku u prvih 10 mjeseci 2025. posjetilo 327 tisu\u0107a turista, vi\u0161e nego cijele 2024.\" tabindex=\"-1\" >\n\t\t\tPRO\u010cITAJ VI\u0160E \u00bb\t\t<\/a>\n\n\t\t\t\t\t<\/div>\n\t\t\t\t<\/div>\n\t\t\t\t<div class=\"elementor-post__meta-data\">\n\t\t\t\t\t<span class=\"elementor-post-date\">\n\t\t\t04\/11\/2025\t\t<\/span>\n\t\t\t\t<\/div>\n\t\t\t\t\t<\/div>\n\t\t<\/article>\n\t\t\t\t<article class=\"elementor-post elementor-grid-item post-19992 post type-post status-publish format-standard has-post-thumbnail hentry category-objave tag-143 tag-advent tag-advent-makarska tag-javni-poziv tag-makarska\" role=\"listitem\">\n\t\t\t<div class=\"elementor-post__card\">\n\t\t\t\t<a class=\"elementor-post__thumbnail__link\" href=\"https:\/\/makarska-info.hr\/en\/javni-poziv-advent-2025\/\" tabindex=\"-1\" ><div class=\"elementor-post__thumbnail\"><img loading=\"lazy\" decoding=\"async\" width=\"682\" height=\"1028\" src=\"https:\/\/makarska-info.hr\/wp-content\/uploads\/2025\/10\/adventt.jpg\" class=\"attachment-full size-full wp-image-20023\" alt=\"\" srcset=\"https:\/\/makarska-info.hr\/wp-content\/uploads\/2025\/10\/adventt.jpg 682w, https:\/\/makarska-info.hr\/wp-content\/uploads\/2025\/10\/adventt-199x300.jpg 199w, https:\/\/makarska-info.hr\/wp-content\/uploads\/2025\/10\/adventt-679x1024.jpg 679w, https:\/\/makarska-info.hr\/wp-content\/uploads\/2025\/10\/adventt-8x12.jpg 8w\" sizes=\"(max-width: 682px) 100vw, 682px\" \/><\/div><\/a>\n\t\t\t\t<div class=\"elementor-post__badge\">Objave<\/div>\n\t\t\t\t<div class=\"elementor-post__text\">\n\t\t\t\t<h3 class=\"elementor-post__title\">\n\t\t\t<a href=\"https:\/\/makarska-info.hr\/en\/javni-poziv-advent-2025\/\" >\n\t\t\t\tJavni poziv Advent 2025\t\t\t<\/a>\n\t\t<\/h3>\n\t\t\t\t\t<div class=\"elementor-post__read-more-wrapper\">\n\t\t\n\t\t<a class=\"elementor-post__read-more\" href=\"https:\/\/makarska-info.hr\/en\/javni-poziv-advent-2025\/\" aria-label=\"Read more about Javni poziv Advent 2025\" tabindex=\"-1\" >\n\t\t\tPRO\u010cITAJ VI\u0160E \u00bb\t\t<\/a>\n\n\t\t\t\t\t<\/div>\n\t\t\t\t<\/div>\n\t\t\t\t<div class=\"elementor-post__meta-data\">\n\t\t\t\t\t<span class=\"elementor-post-date\">\n\t\t\t20\/10\/2025\t\t<\/span>\n\t\t\t\t<\/div>\n\t\t\t\t\t<\/div>\n\t\t<\/article>\n\t\t\t\t<article class=\"elementor-post elementor-grid-item post-19985 post type-post status-publish format-standard has-post-thumbnail hentry category-objave tag-izvjestaj tag-makarska tag-sezona-2025 tag-statistika tag-turisticka-zajednica\" role=\"listitem\">\n\t\t\t<div class=\"elementor-post__card\">\n\t\t\t\t<a class=\"elementor-post__thumbnail__link\" href=\"https:\/\/makarska-info.hr\/en\/makarska-u-rujnu-2025-zabiljezila-gotovo-50-tisuca-turista-i-rast-turistickog-prometa\/\" tabindex=\"-1\" ><div class=\"elementor-post__thumbnail\"><img loading=\"lazy\" decoding=\"async\" width=\"1551\" height=\"1032\" src=\"https:\/\/makarska-info.hr\/wp-content\/uploads\/2025\/07\/ture.jpg\" class=\"attachment-full size-full wp-image-19460\" alt=\"maestrale stortytelling ture\" srcset=\"https:\/\/makarska-info.hr\/wp-content\/uploads\/2025\/07\/ture.jpg 1551w, https:\/\/makarska-info.hr\/wp-content\/uploads\/2025\/07\/ture-300x200.jpg 300w, https:\/\/makarska-info.hr\/wp-content\/uploads\/2025\/07\/ture-1024x681.jpg 1024w, https:\/\/makarska-info.hr\/wp-content\/uploads\/2025\/07\/ture-768x511.jpg 768w, https:\/\/makarska-info.hr\/wp-content\/uploads\/2025\/07\/ture-1536x1022.jpg 1536w, https:\/\/makarska-info.hr\/wp-content\/uploads\/2025\/07\/ture-18x12.jpg 18w, https:\/\/makarska-info.hr\/wp-content\/uploads\/2025\/07\/ture-930x620.jpg 930w\" sizes=\"(max-width: 1551px) 100vw, 1551px\" \/><\/div><\/a>\n\t\t\t\t<div class=\"elementor-post__badge\">Objave<\/div>\n\t\t\t\t<div class=\"elementor-post__text\">\n\t\t\t\t<h3 class=\"elementor-post__title\">\n\t\t\t<a href=\"https:\/\/makarska-info.hr\/en\/makarska-u-rujnu-2025-zabiljezila-gotovo-50-tisuca-turista-i-rast-turistickog-prometa\/\" >\n\t\t\t\tMakarska u rujnu 2025. zabilje\u017eila gotovo 50 tisu\u0107a turista i rast turisti\u010dkog prometa\t\t\t<\/a>\n\t\t<\/h3>\n\t\t\t\t\t<div class=\"elementor-post__read-more-wrapper\">\n\t\t\n\t\t<a class=\"elementor-post__read-more\" href=\"https:\/\/makarska-info.hr\/en\/makarska-u-rujnu-2025-zabiljezila-gotovo-50-tisuca-turista-i-rast-turistickog-prometa\/\" aria-label=\"Read more about Makarska u rujnu 2025. zabilje\u017eila gotovo 50 tisu\u0107a turista i rast turisti\u010dkog prometa\" tabindex=\"-1\" >\n\t\t\tPRO\u010cITAJ VI\u0160E \u00bb\t\t<\/a>\n\n\t\t\t\t\t<\/div>\n\t\t\t\t<\/div>\n\t\t\t\t<div class=\"elementor-post__meta-data\">\n\t\t\t\t\t<span class=\"elementor-post-date\">\n\t\t\t03\/10\/2025\t\t<\/span>\n\t\t\t\t<\/div>\n\t\t\t\t\t<\/div>\n\t\t<\/article>\n\t\t\t\t<article class=\"elementor-post elementor-grid-item post-19911 post type-post status-publish format-standard has-post-thumbnail hentry category-objave\" role=\"listitem\">\n\t\t\t<div class=\"elementor-post__card\">\n\t\t\t\t<a class=\"elementor-post__thumbnail__link\" href=\"https:\/\/makarska-info.hr\/en\/muzeji-i-izlozbe-koje-vrijedi-posjetiti-u-makarskoj\/\" tabindex=\"-1\" ><div class=\"elementor-post__thumbnail\"><img loading=\"lazy\" decoding=\"async\" width=\"2877\" height=\"4000\" src=\"https:\/\/makarska-info.hr\/wp-content\/uploads\/2025\/03\/MUZEJ.jpg\" class=\"attachment-full size-full wp-image-14497\" alt=\"\" srcset=\"https:\/\/makarska-info.hr\/wp-content\/uploads\/2025\/03\/MUZEJ.jpg 2877w, https:\/\/makarska-info.hr\/wp-content\/uploads\/2025\/03\/MUZEJ-216x300.jpg 216w, https:\/\/makarska-info.hr\/wp-content\/uploads\/2025\/03\/MUZEJ-737x1024.jpg 737w, https:\/\/makarska-info.hr\/wp-content\/uploads\/2025\/03\/MUZEJ-768x1068.jpg 768w, https:\/\/makarska-info.hr\/wp-content\/uploads\/2025\/03\/MUZEJ-1105x1536.jpg 1105w, https:\/\/makarska-info.hr\/wp-content\/uploads\/2025\/03\/MUZEJ-1473x2048.jpg 1473w\" sizes=\"(max-width: 2877px) 100vw, 2877px\" \/><\/div><\/a>\n\t\t\t\t<div class=\"elementor-post__badge\">Objave<\/div>\n\t\t\t\t<div class=\"elementor-post__text\">\n\t\t\t\t<h3 class=\"elementor-post__title\">\n\t\t\t<a href=\"https:\/\/makarska-info.hr\/en\/muzeji-i-izlozbe-koje-vrijedi-posjetiti-u-makarskoj\/\" >\n\t\t\t\tMakarska Museums and Exhibitions to See\t\t\t<\/a>\n\t\t<\/h3>\n\t\t\t\t\t<div class=\"elementor-post__read-more-wrapper\">\n\t\t\n\t\t<a class=\"elementor-post__read-more\" href=\"https:\/\/makarska-info.hr\/en\/muzeji-i-izlozbe-koje-vrijedi-posjetiti-u-makarskoj\/\" aria-label=\"Read more about Muzeji i izlo\u017ebe koje vrijedi posjetiti u Makarskoj\" tabindex=\"-1\" >\n\t\t\tPRO\u010cITAJ VI\u0160E \u00bb\t\t<\/a>\n\n\t\t\t\t\t<\/div>\n\t\t\t\t<\/div>\n\t\t\t\t<div class=\"elementor-post__meta-data\">\n\t\t\t\t\t<span class=\"elementor-post-date\">\n\t\t\t01\/10\/2025\t\t<\/span>\n\t\t\t\t<\/div>\n\t\t\t\t\t<\/div>\n\t\t<\/article>\n\t\t\t\t<article class=\"elementor-post elementor-grid-item post-19872 post type-post status-publish format-standard has-post-thumbnail hentry category-dogadjanja\" role=\"listitem\">\n\t\t\t<div class=\"elementor-post__card\">\n\t\t\t\t<a class=\"elementor-post__thumbnail__link\" href=\"https:\/\/makarska-info.hr\/en\/pomorska-bitka-u-makarskoj\/\" tabindex=\"-1\" ><div class=\"elementor-post__thumbnail\"><img loading=\"lazy\" decoding=\"async\" width=\"850\" height=\"1062\" src=\"https:\/\/makarska-info.hr\/wp-content\/uploads\/2025\/09\/pomorska-bitka-web.jpg\" class=\"attachment-full size-full wp-image-19873\" alt=\"\" srcset=\"https:\/\/makarska-info.hr\/wp-content\/uploads\/2025\/09\/pomorska-bitka-web.jpg 850w, https:\/\/makarska-info.hr\/wp-content\/uploads\/2025\/09\/pomorska-bitka-web-240x300.jpg 240w, https:\/\/makarska-info.hr\/wp-content\/uploads\/2025\/09\/pomorska-bitka-web-820x1024.jpg 820w, https:\/\/makarska-info.hr\/wp-content\/uploads\/2025\/09\/pomorska-bitka-web-768x960.jpg 768w, https:\/\/makarska-info.hr\/wp-content\/uploads\/2025\/09\/pomorska-bitka-web-10x12.jpg 10w\" sizes=\"(max-width: 850px) 100vw, 850px\" \/><\/div><\/a>\n\t\t\t\t<div class=\"elementor-post__badge\">doga\u0111anja<\/div>\n\t\t\t\t<div class=\"elementor-post__text\">\n\t\t\t\t<h3 class=\"elementor-post__title\">\n\t\t\t<a href=\"https:\/\/makarska-info.hr\/en\/pomorska-bitka-u-makarskoj\/\" >\n\t\t\t\tNaval Battle of Makarska\t\t\t<\/a>\n\t\t<\/h3>\n\t\t\t\t\t<div class=\"elementor-post__read-more-wrapper\">\n\t\t\n\t\t<a class=\"elementor-post__read-more\" href=\"https:\/\/makarska-info.hr\/en\/pomorska-bitka-u-makarskoj\/\" aria-label=\"Read more about Pomorska bitka u Makarskoj\" tabindex=\"-1\" >\n\t\t\tPRO\u010cITAJ VI\u0160E \u00bb\t\t<\/a>\n\n\t\t\t\t\t<\/div>\n\t\t\t\t<\/div>\n\t\t\t\t<div class=\"elementor-post__meta-data\">\n\t\t\t\t\t<span class=\"elementor-post-date\">\n\t\t\t12\/09\/2025\t\t<\/span>\n\t\t\t\t<\/div>\n\t\t\t\t\t<\/div>\n\t\t<\/article>\n\t\t\t\t<article class=\"elementor-post elementor-grid-item post-19856 post type-post status-publish format-standard has-post-thumbnail hentry category-objave tag-izvjestaj tag-makarska tag-sezona-2025 tag-statistika tag-tzg-makarske\" role=\"listitem\">\n\t\t\t<div class=\"elementor-post__card\">\n\t\t\t\t<a class=\"elementor-post__thumbnail__link\" href=\"https:\/\/makarska-info.hr\/en\/tijekom-kolovoza-u-makarskoj-zabiljezeno-vise-od-100-tisuca-turista-i-vise-od-500-tisuca-nocenja\/\" tabindex=\"-1\" ><div class=\"elementor-post__thumbnail\"><img loading=\"lazy\" decoding=\"async\" width=\"1551\" height=\"1036\" src=\"https:\/\/makarska-info.hr\/wp-content\/uploads\/2025\/07\/TURAWEB-1.jpg\" class=\"attachment-full size-full wp-image-19472\" alt=\"maestrale stortytelling ture\" srcset=\"https:\/\/makarska-info.hr\/wp-content\/uploads\/2025\/07\/TURAWEB-1.jpg 1551w, https:\/\/makarska-info.hr\/wp-content\/uploads\/2025\/07\/TURAWEB-1-300x200.jpg 300w, https:\/\/makarska-info.hr\/wp-content\/uploads\/2025\/07\/TURAWEB-1-1024x684.jpg 1024w, https:\/\/makarska-info.hr\/wp-content\/uploads\/2025\/07\/TURAWEB-1-768x513.jpg 768w, https:\/\/makarska-info.hr\/wp-content\/uploads\/2025\/07\/TURAWEB-1-1536x1026.jpg 1536w, https:\/\/makarska-info.hr\/wp-content\/uploads\/2025\/07\/TURAWEB-1-18x12.jpg 18w, https:\/\/makarska-info.hr\/wp-content\/uploads\/2025\/07\/TURAWEB-1-930x620.jpg 930w\" sizes=\"(max-width: 1551px) 100vw, 1551px\" \/><\/div><\/a>\n\t\t\t\t<div class=\"elementor-post__badge\">Objave<\/div>\n\t\t\t\t<div class=\"elementor-post__text\">\n\t\t\t\t<h3 class=\"elementor-post__title\">\n\t\t\t<a href=\"https:\/\/makarska-info.hr\/en\/tijekom-kolovoza-u-makarskoj-zabiljezeno-vise-od-100-tisuca-turista-i-vise-od-500-tisuca-nocenja\/\" >\n\t\t\t\tTijekom kolovoza u Makarskoj zabilje\u017eeno vi\u0161e od 100 tisu\u0107a turista i vi\u0161e od 500 tisu\u0107a no\u0107enja\t\t\t<\/a>\n\t\t<\/h3>\n\t\t\t\t\t<div class=\"elementor-post__read-more-wrapper\">\n\t\t\n\t\t<a class=\"elementor-post__read-more\" href=\"https:\/\/makarska-info.hr\/en\/tijekom-kolovoza-u-makarskoj-zabiljezeno-vise-od-100-tisuca-turista-i-vise-od-500-tisuca-nocenja\/\" aria-label=\"Read more about Tijekom kolovoza u Makarskoj zabilje\u017eeno vi\u0161e od 100 tisu\u0107a turista i vi\u0161e od 500 tisu\u0107a no\u0107enja\" tabindex=\"-1\" >\n\t\t\tPRO\u010cITAJ VI\u0160E \u00bb\t\t<\/a>\n\n\t\t\t\t\t<\/div>\n\t\t\t\t<\/div>\n\t\t\t\t<div class=\"elementor-post__meta-data\">\n\t\t\t\t\t<span class=\"elementor-post-date\">\n\t\t\t04\/09\/2025\t\t<\/span>\n\t\t\t\t<\/div>\n\t\t\t\t\t<\/div>\n\t\t<\/article>\n\t\t\t\t<article class=\"elementor-post elementor-grid-item post-19850 post type-post status-publish format-standard has-post-thumbnail hentry category-dogadjanja\" role=\"listitem\">\n\t\t\t<div class=\"elementor-post__card\">\n\t\t\t\t<a class=\"elementor-post__thumbnail__link\" href=\"https:\/\/makarska-info.hr\/en\/festival-modro-i-zeleno\/\" tabindex=\"-1\" ><div class=\"elementor-post__thumbnail\"><img loading=\"lazy\" decoding=\"async\" width=\"850\" height=\"1062\" src=\"https:\/\/makarska-info.hr\/wp-content\/uploads\/2025\/09\/modroizeleno.jpg\" class=\"attachment-full size-full wp-image-19851\" alt=\"\" srcset=\"https:\/\/makarska-info.hr\/wp-content\/uploads\/2025\/09\/modroizeleno.jpg 850w, https:\/\/makarska-info.hr\/wp-content\/uploads\/2025\/09\/modroizeleno-240x300.jpg 240w, https:\/\/makarska-info.hr\/wp-content\/uploads\/2025\/09\/modroizeleno-820x1024.jpg 820w, https:\/\/makarska-info.hr\/wp-content\/uploads\/2025\/09\/modroizeleno-768x960.jpg 768w, https:\/\/makarska-info.hr\/wp-content\/uploads\/2025\/09\/modroizeleno-10x12.jpg 10w\" sizes=\"(max-width: 850px) 100vw, 850px\" \/><\/div><\/a>\n\t\t\t\t<div class=\"elementor-post__badge\">doga\u0111anja<\/div>\n\t\t\t\t<div class=\"elementor-post__text\">\n\t\t\t\t<h3 class=\"elementor-post__title\">\n\t\t\t<a href=\"https:\/\/makarska-info.hr\/en\/festival-modro-i-zeleno\/\" >\n\t\t\t\tFestival Modro i Zeleno\t\t\t<\/a>\n\t\t<\/h3>\n\t\t\t\t\t<div class=\"elementor-post__read-more-wrapper\">\n\t\t\n\t\t<a class=\"elementor-post__read-more\" href=\"https:\/\/makarska-info.hr\/en\/festival-modro-i-zeleno\/\" aria-label=\"Read more about Festival Modro i Zeleno\" tabindex=\"-1\" >\n\t\t\tPRO\u010cITAJ VI\u0160E \u00bb\t\t<\/a>\n\n\t\t\t\t\t<\/div>\n\t\t\t\t<\/div>\n\t\t\t\t<div class=\"elementor-post__meta-data\">\n\t\t\t\t\t<span class=\"elementor-post-date\">\n\t\t\t04\/09\/2025\t\t<\/span>\n\t\t\t\t<\/div>\n\t\t\t\t\t<\/div>\n\t\t<\/article>\n\t\t\t\t<article class=\"elementor-post elementor-grid-item post-19837 post type-post status-publish format-standard has-post-thumbnail hentry category-dogadjanja tag-dogadanja tag-lito-u-gradu tag-makarska\" role=\"listitem\">\n\t\t\t<div class=\"elementor-post__card\">\n\t\t\t\t<a class=\"elementor-post__thumbnail__link\" href=\"https:\/\/makarska-info.hr\/en\/program-dogadanja-za-rujan\/\" tabindex=\"-1\" ><div class=\"elementor-post__thumbnail\"><img loading=\"lazy\" decoding=\"async\" width=\"829\" height=\"1039\" src=\"https:\/\/makarska-info.hr\/wp-content\/uploads\/2025\/09\/rujan.jpg\" class=\"attachment-full size-full wp-image-19838\" alt=\"\" srcset=\"https:\/\/makarska-info.hr\/wp-content\/uploads\/2025\/09\/rujan.jpg 829w, https:\/\/makarska-info.hr\/wp-content\/uploads\/2025\/09\/rujan-239x300.jpg 239w, https:\/\/makarska-info.hr\/wp-content\/uploads\/2025\/09\/rujan-817x1024.jpg 817w, https:\/\/makarska-info.hr\/wp-content\/uploads\/2025\/09\/rujan-768x963.jpg 768w, https:\/\/makarska-info.hr\/wp-content\/uploads\/2025\/09\/rujan-10x12.jpg 10w\" sizes=\"(max-width: 829px) 100vw, 829px\" \/><\/div><\/a>\n\t\t\t\t<div class=\"elementor-post__badge\">doga\u0111anja<\/div>\n\t\t\t\t<div class=\"elementor-post__text\">\n\t\t\t\t<h3 class=\"elementor-post__title\">\n\t\t\t<a href=\"https:\/\/makarska-info.hr\/en\/program-dogadanja-za-rujan\/\" >\n\t\t\t\tSeptember Events Program\t\t\t<\/a>\n\t\t<\/h3>\n\t\t\t\t\t<div class=\"elementor-post__read-more-wrapper\">\n\t\t\n\t\t<a class=\"elementor-post__read-more\" href=\"https:\/\/makarska-info.hr\/en\/program-dogadanja-za-rujan\/\" aria-label=\"Read more about Program doga\u0111anja za rujan\" tabindex=\"-1\" >\n\t\t\tPRO\u010cITAJ VI\u0160E \u00bb\t\t<\/a>\n\n\t\t\t\t\t<\/div>\n\t\t\t\t<\/div>\n\t\t\t\t<div class=\"elementor-post__meta-data\">\n\t\t\t\t\t<span class=\"elementor-post-date\">\n\t\t\t01\/09\/2025\t\t<\/span>\n\t\t\t\t<\/div>\n\t\t\t\t\t<\/div>\n\t\t<\/article>\n\t\t\t\t<article class=\"elementor-post elementor-grid-item post-19782 post type-post status-publish format-standard has-post-thumbnail hentry category-dogadjanja\" role=\"listitem\">\n\t\t\t<div class=\"elementor-post__card\">\n\t\t\t\t<a class=\"elementor-post__thumbnail__link\" href=\"https:\/\/makarska-info.hr\/en\/nadolazeca-dogadanja-u-makarskoj-2\/\" tabindex=\"-1\" ><div class=\"elementor-post__thumbnail\"><img loading=\"lazy\" decoding=\"async\" width=\"687\" height=\"1036\" src=\"https:\/\/makarska-info.hr\/wp-content\/uploads\/2025\/07\/TURE-2.jpg\" class=\"attachment-full size-full wp-image-19470\" alt=\"maestrale stortytelling ture\" srcset=\"https:\/\/makarska-info.hr\/wp-content\/uploads\/2025\/07\/TURE-2.jpg 687w, https:\/\/makarska-info.hr\/wp-content\/uploads\/2025\/07\/TURE-2-199x300.jpg 199w, https:\/\/makarska-info.hr\/wp-content\/uploads\/2025\/07\/TURE-2-679x1024.jpg 679w, https:\/\/makarska-info.hr\/wp-content\/uploads\/2025\/07\/TURE-2-8x12.jpg 8w\" sizes=\"(max-width: 687px) 100vw, 687px\" \/><\/div><\/a>\n\t\t\t\t<div class=\"elementor-post__badge\">doga\u0111anja<\/div>\n\t\t\t\t<div class=\"elementor-post__text\">\n\t\t\t\t<h3 class=\"elementor-post__title\">\n\t\t\t<a href=\"https:\/\/makarska-info.hr\/en\/nadolazeca-dogadanja-u-makarskoj-2\/\" >\n\t\t\t\tUpcoming events in Makarska\t\t\t<\/a>\n\t\t<\/h3>\n\t\t\t\t\t<div class=\"elementor-post__read-more-wrapper\">\n\t\t\n\t\t<a class=\"elementor-post__read-more\" href=\"https:\/\/makarska-info.hr\/en\/nadolazeca-dogadanja-u-makarskoj-2\/\" aria-label=\"Read more about Nadolaze\u0107a doga\u0111anja u Makarskoj\" tabindex=\"-1\" >\n\t\t\tPRO\u010cITAJ VI\u0160E \u00bb\t\t<\/a>\n\n\t\t\t\t\t<\/div>\n\t\t\t\t<\/div>\n\t\t\t\t<div class=\"elementor-post__meta-data\">\n\t\t\t\t\t<span class=\"elementor-post-date\">\n\t\t\t22\/08\/2025\t\t<\/span>\n\t\t\t\t<\/div>\n\t\t\t\t\t<\/div>\n\t\t<\/article>\n\t\t\t\t<article class=\"elementor-post elementor-grid-item post-19755 post type-post status-publish format-standard has-post-thumbnail hentry category-dogadjanja\" role=\"listitem\">\n\t\t\t<div class=\"elementor-post__card\">\n\t\t\t\t<a class=\"elementor-post__thumbnail__link\" href=\"https:\/\/makarska-info.hr\/en\/ljeto-je-u-punom-jeku-a-mi-vas-pozivamo-na-niz-zanimljivih-i-zabavnih-dogadanja\/\" tabindex=\"-1\" ><div class=\"elementor-post__thumbnail\"><img loading=\"lazy\" decoding=\"async\" width=\"690\" height=\"1036\" src=\"https:\/\/makarska-info.hr\/wp-content\/uploads\/2025\/08\/zaweb.jpg\" class=\"attachment-full size-full wp-image-19756\" alt=\"\" srcset=\"https:\/\/makarska-info.hr\/wp-content\/uploads\/2025\/08\/zaweb.jpg 690w, https:\/\/makarska-info.hr\/wp-content\/uploads\/2025\/08\/zaweb-200x300.jpg 200w, https:\/\/makarska-info.hr\/wp-content\/uploads\/2025\/08\/zaweb-682x1024.jpg 682w, https:\/\/makarska-info.hr\/wp-content\/uploads\/2025\/08\/zaweb-8x12.jpg 8w\" sizes=\"(max-width: 690px) 100vw, 690px\" \/><\/div><\/a>\n\t\t\t\t<div class=\"elementor-post__badge\">doga\u0111anja<\/div>\n\t\t\t\t<div class=\"elementor-post__text\">\n\t\t\t\t<h3 class=\"elementor-post__title\">\n\t\t\t<a href=\"https:\/\/makarska-info.hr\/en\/ljeto-je-u-punom-jeku-a-mi-vas-pozivamo-na-niz-zanimljivih-i-zabavnih-dogadanja\/\" >\n\t\t\t\tSummer is in full swing, and we invite you to a series of exciting and entertaining events!\t\t\t<\/a>\n\t\t<\/h3>\n\t\t\t\t\t<div class=\"elementor-post__read-more-wrapper\">\n\t\t\n\t\t<a class=\"elementor-post__read-more\" href=\"https:\/\/makarska-info.hr\/en\/ljeto-je-u-punom-jeku-a-mi-vas-pozivamo-na-niz-zanimljivih-i-zabavnih-dogadanja\/\" aria-label=\"Read more about Ljeto je u punom jeku, a mi vas pozivamo na niz zanimljivih i zabavnih doga\u0111anja!\" tabindex=\"-1\" >\n\t\t\tPRO\u010cITAJ VI\u0160E \u00bb\t\t<\/a>\n\n\t\t\t\t\t<\/div>\n\t\t\t\t<\/div>\n\t\t\t\t<div class=\"elementor-post__meta-data\">\n\t\t\t\t\t<span class=\"elementor-post-date\">\n\t\t\t14\/08\/2025\t\t<\/span>\n\t\t\t\t<\/div>\n\t\t\t\t\t<\/div>\n\t\t<\/article>\n\t\t\t\t<article class=\"elementor-post elementor-grid-item post-19723 post type-post status-publish format-standard has-post-thumbnail hentry category-dogadjanja\" role=\"listitem\">\n\t\t\t<div class=\"elementor-post__card\">\n\t\t\t\t<a class=\"elementor-post__thumbnail__link\" href=\"https:\/\/makarska-info.hr\/en\/vikend-dogadanja-08-08-10-08\/\" tabindex=\"-1\" ><div class=\"elementor-post__thumbnail\"><img loading=\"lazy\" decoding=\"async\" width=\"831\" height=\"1037\" src=\"https:\/\/makarska-info.hr\/wp-content\/uploads\/2025\/07\/kolovoz.jpg\" class=\"attachment-full size-full wp-image-19707\" alt=\"\" srcset=\"https:\/\/makarska-info.hr\/wp-content\/uploads\/2025\/07\/kolovoz.jpg 831w, https:\/\/makarska-info.hr\/wp-content\/uploads\/2025\/07\/kolovoz-240x300.jpg 240w, https:\/\/makarska-info.hr\/wp-content\/uploads\/2025\/07\/kolovoz-821x1024.jpg 821w, https:\/\/makarska-info.hr\/wp-content\/uploads\/2025\/07\/kolovoz-768x958.jpg 768w, https:\/\/makarska-info.hr\/wp-content\/uploads\/2025\/07\/kolovoz-10x12.jpg 10w\" sizes=\"(max-width: 831px) 100vw, 831px\" \/><\/div><\/a>\n\t\t\t\t<div class=\"elementor-post__badge\">doga\u0111anja<\/div>\n\t\t\t\t<div class=\"elementor-post__text\">\n\t\t\t\t<h3 class=\"elementor-post__title\">\n\t\t\t<a href=\"https:\/\/makarska-info.hr\/en\/vikend-dogadanja-08-08-10-08\/\" >\n\t\t\t\tWeekend Events \u2013 August 8th to 10th\t\t\t<\/a>\n\t\t<\/h3>\n\t\t\t\t\t<div class=\"elementor-post__read-more-wrapper\">\n\t\t\n\t\t<a class=\"elementor-post__read-more\" href=\"https:\/\/makarska-info.hr\/en\/vikend-dogadanja-08-08-10-08\/\" aria-label=\"Read more about Vikend doga\u0111anja &#8211; 08.08. &#8211; 10.08.\" tabindex=\"-1\" >\n\t\t\tPRO\u010cITAJ VI\u0160E \u00bb\t\t<\/a>\n\n\t\t\t\t\t<\/div>\n\t\t\t\t<\/div>\n\t\t\t\t<div class=\"elementor-post__meta-data\">\n\t\t\t\t\t<span class=\"elementor-post-date\">\n\t\t\t08\/08\/2025\t\t<\/span>\n\t\t\t\t<\/div>\n\t\t\t\t\t<\/div>\n\t\t<\/article>\n\t\t\t\t<article class=\"elementor-post elementor-grid-item post-19718 post type-post status-publish format-standard has-post-thumbnail hentry category-objave tag-izvjestaj tag-makarska tag-statistika tag-turisticki-promet tag-tzg-makarska\" role=\"listitem\">\n\t\t\t<div class=\"elementor-post__card\">\n\t\t\t\t<a class=\"elementor-post__thumbnail__link\" href=\"https:\/\/makarska-info.hr\/en\/makarska-ostvarila-milijunto-nocenje-u-2025-godini-vec-5-kolovoza\/\" tabindex=\"-1\" ><div class=\"elementor-post__thumbnail\"><img decoding=\"async\" width=\"600\" height=\"600\" src=\"https:\/\/makarska-info.hr\/wp-content\/uploads\/2025\/07\/turee.png\" class=\"attachment-full size-full wp-image-19541\" alt=\"maestrale stortytelling ture\" srcset=\"https:\/\/makarska-info.hr\/wp-content\/uploads\/2025\/07\/turee.png 600w, https:\/\/makarska-info.hr\/wp-content\/uploads\/2025\/07\/turee-300x300.png 300w, https:\/\/makarska-info.hr\/wp-content\/uploads\/2025\/07\/turee-150x150.png 150w, https:\/\/makarska-info.hr\/wp-content\/uploads\/2025\/07\/turee-12x12.png 12w\" sizes=\"(max-width: 600px) 100vw, 600px\" \/><\/div><\/a>\n\t\t\t\t<div class=\"elementor-post__badge\">Objave<\/div>\n\t\t\t\t<div class=\"elementor-post__text\">\n\t\t\t\t<h3 class=\"elementor-post__title\">\n\t\t\t<a href=\"https:\/\/makarska-info.hr\/en\/makarska-ostvarila-milijunto-nocenje-u-2025-godini-vec-5-kolovoza\/\" >\n\t\t\t\tMakarska ostvarila milijunto no\u0107enje u 2025. godini ve\u0107 5. kolovoza\t\t\t<\/a>\n\t\t<\/h3>\n\t\t\t\t\t<div class=\"elementor-post__read-more-wrapper\">\n\t\t\n\t\t<a class=\"elementor-post__read-more\" href=\"https:\/\/makarska-info.hr\/en\/makarska-ostvarila-milijunto-nocenje-u-2025-godini-vec-5-kolovoza\/\" aria-label=\"Read more about Makarska ostvarila milijunto no\u0107enje u 2025. godini ve\u0107 5. kolovoza\" tabindex=\"-1\" >\n\t\t\tPRO\u010cITAJ VI\u0160E \u00bb\t\t<\/a>\n\n\t\t\t\t\t<\/div>\n\t\t\t\t<\/div>\n\t\t\t\t<div class=\"elementor-post__meta-data\">\n\t\t\t\t\t<span class=\"elementor-post-date\">\n\t\t\t06\/08\/2025\t\t<\/span>\n\t\t\t\t<\/div>\n\t\t\t\t\t<\/div>\n\t\t<\/article>\n\t\t\t\t<article class=\"elementor-post elementor-grid-item post-19712 post type-post status-publish format-standard has-post-thumbnail hentry category-objave\" role=\"listitem\">\n\t\t\t<div class=\"elementor-post__card\">\n\t\t\t\t<a class=\"elementor-post__thumbnail__link\" href=\"https:\/\/makarska-info.hr\/en\/besplatan-ulaz-u-veliki-kastel\/\" tabindex=\"-1\" ><div class=\"elementor-post__thumbnail\"><img loading=\"lazy\" decoding=\"async\" width=\"600\" height=\"600\" src=\"https:\/\/makarska-info.hr\/wp-content\/uploads\/2025\/02\/Untitled.png\" class=\"attachment-full size-full wp-image-12527\" alt=\"turisti\u010dka zajednica grada makarske\" srcset=\"https:\/\/makarska-info.hr\/wp-content\/uploads\/2025\/02\/Untitled.png 600w, https:\/\/makarska-info.hr\/wp-content\/uploads\/2025\/02\/Untitled-300x300.png 300w, https:\/\/makarska-info.hr\/wp-content\/uploads\/2025\/02\/Untitled-150x150.png 150w\" sizes=\"(max-width: 600px) 100vw, 600px\" \/><\/div><\/a>\n\t\t\t\t<div class=\"elementor-post__badge\">Objave<\/div>\n\t\t\t\t<div class=\"elementor-post__text\">\n\t\t\t\t<h3 class=\"elementor-post__title\">\n\t\t\t<a href=\"https:\/\/makarska-info.hr\/en\/besplatan-ulaz-u-veliki-kastel\/\" >\n\t\t\t\tFree entry to Veliki Ka\u0161tel\t\t\t<\/a>\n\t\t<\/h3>\n\t\t\t\t\t<div class=\"elementor-post__read-more-wrapper\">\n\t\t\n\t\t<a class=\"elementor-post__read-more\" href=\"https:\/\/makarska-info.hr\/en\/besplatan-ulaz-u-veliki-kastel\/\" aria-label=\"Read more about Besplatan ulaz u Veliki Ka\u0161tel\" tabindex=\"-1\" >\n\t\t\tPRO\u010cITAJ VI\u0160E \u00bb\t\t<\/a>\n\n\t\t\t\t\t<\/div>\n\t\t\t\t<\/div>\n\t\t\t\t<div class=\"elementor-post__meta-data\">\n\t\t\t\t\t<span class=\"elementor-post-date\">\n\t\t\t01\/08\/2025\t\t<\/span>\n\t\t\t\t<\/div>\n\t\t\t\t\t<\/div>\n\t\t<\/article>\n\t\t\t\t<article class=\"elementor-post elementor-grid-item post-19706 post type-post status-publish format-standard has-post-thumbnail hentry category-objave\" role=\"listitem\">\n\t\t\t<div class=\"elementor-post__card\">\n\t\t\t\t<a class=\"elementor-post__thumbnail__link\" href=\"https:\/\/makarska-info.hr\/en\/program-dogadanja-za-kolovoz\/\" tabindex=\"-1\" ><div class=\"elementor-post__thumbnail\"><img loading=\"lazy\" decoding=\"async\" width=\"831\" height=\"1037\" src=\"https:\/\/makarska-info.hr\/wp-content\/uploads\/2025\/07\/kolovoz.jpg\" class=\"attachment-full size-full wp-image-19707\" alt=\"\" srcset=\"https:\/\/makarska-info.hr\/wp-content\/uploads\/2025\/07\/kolovoz.jpg 831w, https:\/\/makarska-info.hr\/wp-content\/uploads\/2025\/07\/kolovoz-240x300.jpg 240w, https:\/\/makarska-info.hr\/wp-content\/uploads\/2025\/07\/kolovoz-821x1024.jpg 821w, https:\/\/makarska-info.hr\/wp-content\/uploads\/2025\/07\/kolovoz-768x958.jpg 768w, https:\/\/makarska-info.hr\/wp-content\/uploads\/2025\/07\/kolovoz-10x12.jpg 10w\" sizes=\"(max-width: 831px) 100vw, 831px\" \/><\/div><\/a>\n\t\t\t\t<div class=\"elementor-post__badge\">Objave<\/div>\n\t\t\t\t<div class=\"elementor-post__text\">\n\t\t\t\t<h3 class=\"elementor-post__title\">\n\t\t\t<a href=\"https:\/\/makarska-info.hr\/en\/program-dogadanja-za-kolovoz\/\" >\n\t\t\t\tAugust Events Program\t\t\t<\/a>\n\t\t<\/h3>\n\t\t\t\t\t<div class=\"elementor-post__read-more-wrapper\">\n\t\t\n\t\t<a class=\"elementor-post__read-more\" href=\"https:\/\/makarska-info.hr\/en\/program-dogadanja-za-kolovoz\/\" aria-label=\"Read more about Program doga\u0111anja za kolovoz\" tabindex=\"-1\" >\n\t\t\tPRO\u010cITAJ VI\u0160E \u00bb\t\t<\/a>\n\n\t\t\t\t\t<\/div>\n\t\t\t\t<\/div>\n\t\t\t\t<div class=\"elementor-post__meta-data\">\n\t\t\t\t\t<span class=\"elementor-post-date\">\n\t\t\t31\/07\/2025\t\t<\/span>\n\t\t\t\t<\/div>\n\t\t\t\t\t<\/div>\n\t\t<\/article>\n\t\t\t\t<article class=\"elementor-post elementor-grid-item post-19647 post type-post status-publish format-standard has-post-thumbnail hentry category-dogadjanja tag-fishermens-night tag-makarska tag-ribarska-vecer-2\" role=\"listitem\">\n\t\t\t<div class=\"elementor-post__card\">\n\t\t\t\t<a class=\"elementor-post__thumbnail__link\" href=\"https:\/\/makarska-info.hr\/en\/odgodena-ribarska-vecer-za-30-07\/\" tabindex=\"-1\" ><div class=\"elementor-post__thumbnail\"><img loading=\"lazy\" decoding=\"async\" width=\"847\" height=\"1060\" src=\"https:\/\/makarska-info.hr\/wp-content\/uploads\/2025\/07\/Ribarska.jpg\" class=\"attachment-full size-full wp-image-19648\" alt=\"\" srcset=\"https:\/\/makarska-info.hr\/wp-content\/uploads\/2025\/07\/Ribarska.jpg 847w, https:\/\/makarska-info.hr\/wp-content\/uploads\/2025\/07\/Ribarska-240x300.jpg 240w, https:\/\/makarska-info.hr\/wp-content\/uploads\/2025\/07\/Ribarska-818x1024.jpg 818w, https:\/\/makarska-info.hr\/wp-content\/uploads\/2025\/07\/Ribarska-768x961.jpg 768w, https:\/\/makarska-info.hr\/wp-content\/uploads\/2025\/07\/Ribarska-10x12.jpg 10w\" sizes=\"(max-width: 847px) 100vw, 847px\" \/><\/div><\/a>\n\t\t\t\t<div class=\"elementor-post__badge\">doga\u0111anja<\/div>\n\t\t\t\t<div class=\"elementor-post__text\">\n\t\t\t\t<h3 class=\"elementor-post__title\">\n\t\t\t<a href=\"https:\/\/makarska-info.hr\/en\/odgodena-ribarska-vecer-za-30-07\/\" >\n\t\t\t\tOdgo\u0111ena Ribarska ve\u010der za 30.07\t\t\t<\/a>\n\t\t<\/h3>\n\t\t\t\t\t<div class=\"elementor-post__read-more-wrapper\">\n\t\t\n\t\t<a class=\"elementor-post__read-more\" href=\"https:\/\/makarska-info.hr\/en\/odgodena-ribarska-vecer-za-30-07\/\" aria-label=\"Read more about Odgo\u0111ena Ribarska ve\u010der za 30.07\" tabindex=\"-1\" >\n\t\t\tPRO\u010cITAJ VI\u0160E \u00bb\t\t<\/a>\n\n\t\t\t\t\t<\/div>\n\t\t\t\t<\/div>\n\t\t\t\t<div class=\"elementor-post__meta-data\">\n\t\t\t\t\t<span class=\"elementor-post-date\">\n\t\t\t25\/07\/2025\t\t<\/span>\n\t\t\t\t<\/div>\n\t\t\t\t\t<\/div>\n\t\t<\/article>\n\t\t\t\t<article class=\"elementor-post elementor-grid-item post-19633 post type-post status-publish format-standard has-post-thumbnail hentry category-dogadjanja\" role=\"listitem\">\n\t\t\t<div class=\"elementor-post__card\">\n\t\t\t\t<a class=\"elementor-post__thumbnail__link\" href=\"https:\/\/makarska-info.hr\/en\/tjedni-pregled-dogadanja-21-27-srpnja-2025\/\" tabindex=\"-1\" ><div class=\"elementor-post__thumbnail\"><img loading=\"lazy\" decoding=\"async\" width=\"830\" height=\"1038\" src=\"https:\/\/makarska-info.hr\/wp-content\/uploads\/2025\/07\/lito-web.jpg\" class=\"attachment-full size-full wp-image-19428\" alt=\"\" srcset=\"https:\/\/makarska-info.hr\/wp-content\/uploads\/2025\/07\/lito-web.jpg 830w, https:\/\/makarska-info.hr\/wp-content\/uploads\/2025\/07\/lito-web-240x300.jpg 240w, https:\/\/makarska-info.hr\/wp-content\/uploads\/2025\/07\/lito-web-819x1024.jpg 819w, https:\/\/makarska-info.hr\/wp-content\/uploads\/2025\/07\/lito-web-768x960.jpg 768w, https:\/\/makarska-info.hr\/wp-content\/uploads\/2025\/07\/lito-web-10x12.jpg 10w\" sizes=\"(max-width: 830px) 100vw, 830px\" \/><\/div><\/a>\n\t\t\t\t<div class=\"elementor-post__badge\">doga\u0111anja<\/div>\n\t\t\t\t<div class=\"elementor-post__text\">\n\t\t\t\t<h3 class=\"elementor-post__title\">\n\t\t\t<a href=\"https:\/\/makarska-info.hr\/en\/tjedni-pregled-dogadanja-21-27-srpnja-2025\/\" >\n\t\t\t\tWeekly Event Overview (July 21\u201327, 2025)\t\t\t<\/a>\n\t\t<\/h3>\n\t\t\t\t\t<div class=\"elementor-post__read-more-wrapper\">\n\t\t\n\t\t<a class=\"elementor-post__read-more\" href=\"https:\/\/makarska-info.hr\/en\/tjedni-pregled-dogadanja-21-27-srpnja-2025\/\" aria-label=\"Read more about Tjedni pregled doga\u0111anja (21. \u2013 27.07. 2025.)\" tabindex=\"-1\" >\n\t\t\tPRO\u010cITAJ VI\u0160E \u00bb\t\t<\/a>\n\n\t\t\t\t\t<\/div>\n\t\t\t\t<\/div>\n\t\t\t\t<div class=\"elementor-post__meta-data\">\n\t\t\t\t\t<span class=\"elementor-post-date\">\n\t\t\t18\/07\/2025\t\t<\/span>\n\t\t\t\t<\/div>\n\t\t\t\t\t<\/div>\n\t\t<\/article>\n\t\t\t\t<article class=\"elementor-post elementor-grid-item post-19575 post type-post status-publish format-standard has-post-thumbnail hentry category-dogadjanja tag-makarska tag-regulacija-prometa tag-ribarska-vecer\" role=\"listitem\">\n\t\t\t<div class=\"elementor-post__card\">\n\t\t\t\t<a class=\"elementor-post__thumbnail__link\" href=\"https:\/\/makarska-info.hr\/en\/ribarske-veceri-regulacija-prometa\/\" tabindex=\"-1\" ><div class=\"elementor-post__thumbnail\"><img loading=\"lazy\" decoding=\"async\" width=\"846\" height=\"1063\" src=\"https:\/\/makarska-info.hr\/wp-content\/uploads\/2025\/07\/rib-1.jpg\" class=\"attachment-full size-full wp-image-19579\" alt=\"\" srcset=\"https:\/\/makarska-info.hr\/wp-content\/uploads\/2025\/07\/rib-1.jpg 846w, https:\/\/makarska-info.hr\/wp-content\/uploads\/2025\/07\/rib-1-239x300.jpg 239w, https:\/\/makarska-info.hr\/wp-content\/uploads\/2025\/07\/rib-1-815x1024.jpg 815w, https:\/\/makarska-info.hr\/wp-content\/uploads\/2025\/07\/rib-1-768x965.jpg 768w, https:\/\/makarska-info.hr\/wp-content\/uploads\/2025\/07\/rib-1-10x12.jpg 10w\" sizes=\"(max-width: 846px) 100vw, 846px\" \/><\/div><\/a>\n\t\t\t\t<div class=\"elementor-post__badge\">doga\u0111anja<\/div>\n\t\t\t\t<div class=\"elementor-post__text\">\n\t\t\t\t<h3 class=\"elementor-post__title\">\n\t\t\t<a href=\"https:\/\/makarska-info.hr\/en\/ribarske-veceri-regulacija-prometa\/\" >\n\t\t\t\tFISHERMEN'S NIGHTS\/Traffic regulation\t\t\t<\/a>\n\t\t<\/h3>\n\t\t\t\t\t<div class=\"elementor-post__read-more-wrapper\">\n\t\t\n\t\t<a class=\"elementor-post__read-more\" href=\"https:\/\/makarska-info.hr\/en\/ribarske-veceri-regulacija-prometa\/\" aria-label=\"Read more about RIBARSKE VE\u010cERI\/Regulacija prometa\" tabindex=\"-1\" >\n\t\t\tPRO\u010cITAJ VI\u0160E \u00bb\t\t<\/a>\n\n\t\t\t\t\t<\/div>\n\t\t\t\t<\/div>\n\t\t\t\t<div class=\"elementor-post__meta-data\">\n\t\t\t\t\t<span class=\"elementor-post-date\">\n\t\t\t09\/07\/2025\t\t<\/span>\n\t\t\t\t<\/div>\n\t\t\t\t\t<\/div>\n\t\t<\/article>\n\t\t\t\t<article class=\"elementor-post elementor-grid-item post-19561 post type-post status-publish format-standard hentry category-dogadjanja tag-koncert tag-maestrale tag-makarska tag-natali-dizdar\" role=\"listitem\">\n\t\t\t<div class=\"elementor-post__card\">\n\t\t\t\t<div class=\"elementor-post__text\">\n\t\t\t\t<h3 class=\"elementor-post__title\">\n\t\t\t<a href=\"https:\/\/makarska-info.hr\/en\/maestrale-koncert-natali-dizdar\/\" >\n\t\t\t\tMAESTRALE\/Concert Natali Dizdar\t\t\t<\/a>\n\t\t<\/h3>\n\t\t\t\t\t<div class=\"elementor-post__read-more-wrapper\">\n\t\t\n\t\t<a class=\"elementor-post__read-more\" href=\"https:\/\/makarska-info.hr\/en\/maestrale-koncert-natali-dizdar\/\" aria-label=\"Read more about MAESTRALE\/Koncert Natali Dizdar\" tabindex=\"-1\" >\n\t\t\tPRO\u010cITAJ VI\u0160E \u00bb\t\t<\/a>\n\n\t\t\t\t\t<\/div>\n\t\t\t\t<\/div>\n\t\t\t\t<div class=\"elementor-post__meta-data\">\n\t\t\t\t\t<span class=\"elementor-post-date\">\n\t\t\t09\/07\/2025\t\t<\/span>\n\t\t\t\t<\/div>\n\t\t\t\t\t<\/div>\n\t\t<\/article>\n\t\t\t\t<article class=\"elementor-post elementor-grid-item post-19455 post type-post status-publish format-standard has-post-thumbnail hentry category-objave tag-izvjestaj tag-makarska tag-priopcenje tag-statistika\" role=\"listitem\">\n\t\t\t<div class=\"elementor-post__card\">\n\t\t\t\t<a class=\"elementor-post__thumbnail__link\" href=\"https:\/\/makarska-info.hr\/en\/makarska-u-lipnju-privukla-gotovo-55-000-turista-i-zasluzeno-odlican-5-na-polugodistu\/\" tabindex=\"-1\" ><div class=\"elementor-post__thumbnail\"><img loading=\"lazy\" decoding=\"async\" width=\"592\" height=\"896\" src=\"https:\/\/makarska-info.hr\/wp-content\/uploads\/2025\/06\/statistika-slika.jpg\" class=\"attachment-full size-full wp-image-19426\" alt=\"\" srcset=\"https:\/\/makarska-info.hr\/wp-content\/uploads\/2025\/06\/statistika-slika.jpg 592w, https:\/\/makarska-info.hr\/wp-content\/uploads\/2025\/06\/statistika-slika-198x300.jpg 198w, https:\/\/makarska-info.hr\/wp-content\/uploads\/2025\/06\/statistika-slika-8x12.jpg 8w\" sizes=\"(max-width: 592px) 100vw, 592px\" \/><\/div><\/a>\n\t\t\t\t<div class=\"elementor-post__badge\">Objave<\/div>\n\t\t\t\t<div class=\"elementor-post__text\">\n\t\t\t\t<h3 class=\"elementor-post__title\">\n\t\t\t<a href=\"https:\/\/makarska-info.hr\/en\/makarska-u-lipnju-privukla-gotovo-55-000-turista-i-zasluzeno-odlican-5-na-polugodistu\/\" >\n\t\t\t\tMakarska u lipnju privukla gotovo 55.000 turista i zaslu\u017eeno odli\u010dan (5) na polugodi\u0161tu\t\t\t<\/a>\n\t\t<\/h3>\n\t\t\t\t\t<div class=\"elementor-post__read-more-wrapper\">\n\t\t\n\t\t<a class=\"elementor-post__read-more\" href=\"https:\/\/makarska-info.hr\/en\/makarska-u-lipnju-privukla-gotovo-55-000-turista-i-zasluzeno-odlican-5-na-polugodistu\/\" aria-label=\"Read more about Makarska u lipnju privukla gotovo 55.000 turista i zaslu\u017eeno odli\u010dan (5) na polugodi\u0161tu\" tabindex=\"-1\" >\n\t\t\tPRO\u010cITAJ VI\u0160E \u00bb\t\t<\/a>\n\n\t\t\t\t\t<\/div>\n\t\t\t\t<\/div>\n\t\t\t\t<div class=\"elementor-post__meta-data\">\n\t\t\t\t\t<span class=\"elementor-post-date\">\n\t\t\t03\/07\/2025\t\t<\/span>\n\t\t\t\t<\/div>\n\t\t\t\t\t<\/div>\n\t\t<\/article>\n\t\t\t\t<article class=\"elementor-post elementor-grid-item post-19430 post type-post status-publish format-standard hentry category-objave\" role=\"listitem\">\n\t\t\t<div class=\"elementor-post__card\">\n\t\t\t\t<div class=\"elementor-post__text\">\n\t\t\t\t<h3 class=\"elementor-post__title\">\n\t\t\t<a href=\"https:\/\/makarska-info.hr\/en\/otvorene-online-prijave-za-godisnje-hrvatske-turisticke-nagrade-2025\/\" >\n\t\t\t\tOtvorene online prijave za Godi\u0161nje hrvatske turisti\u010dke nagrade 2025.\t\t\t<\/a>\n\t\t<\/h3>\n\t\t\t\t\t<div class=\"elementor-post__read-more-wrapper\">\n\t\t\n\t\t<a class=\"elementor-post__read-more\" href=\"https:\/\/makarska-info.hr\/en\/otvorene-online-prijave-za-godisnje-hrvatske-turisticke-nagrade-2025\/\" aria-label=\"Read more about Otvorene online prijave za Godi\u0161nje hrvatske turisti\u010dke nagrade 2025.\" tabindex=\"-1\" >\n\t\t\tPRO\u010cITAJ VI\u0160E \u00bb\t\t<\/a>\n\n\t\t\t\t\t<\/div>\n\t\t\t\t<\/div>\n\t\t\t\t<div class=\"elementor-post__meta-data\">\n\t\t\t\t\t<span class=\"elementor-post-date\">\n\t\t\t02\/07\/2025\t\t<\/span>\n\t\t\t\t<\/div>\n\t\t\t\t\t<\/div>\n\t\t<\/article>\n\t\t\t\t<article class=\"elementor-post elementor-grid-item post-19427 post type-post status-publish format-standard has-post-thumbnail hentry category-dogadjanja\" role=\"listitem\">\n\t\t\t<div class=\"elementor-post__card\">\n\t\t\t\t<a class=\"elementor-post__thumbnail__link\" href=\"https:\/\/makarska-info.hr\/en\/program-dogadanja-za-srpanj\/\" tabindex=\"-1\" ><div class=\"elementor-post__thumbnail\"><img loading=\"lazy\" decoding=\"async\" width=\"830\" height=\"1038\" src=\"https:\/\/makarska-info.hr\/wp-content\/uploads\/2025\/07\/lito-web.jpg\" class=\"attachment-full size-full wp-image-19428\" alt=\"\" srcset=\"https:\/\/makarska-info.hr\/wp-content\/uploads\/2025\/07\/lito-web.jpg 830w, https:\/\/makarska-info.hr\/wp-content\/uploads\/2025\/07\/lito-web-240x300.jpg 240w, https:\/\/makarska-info.hr\/wp-content\/uploads\/2025\/07\/lito-web-819x1024.jpg 819w, https:\/\/makarska-info.hr\/wp-content\/uploads\/2025\/07\/lito-web-768x960.jpg 768w, https:\/\/makarska-info.hr\/wp-content\/uploads\/2025\/07\/lito-web-10x12.jpg 10w\" sizes=\"(max-width: 830px) 100vw, 830px\" \/><\/div><\/a>\n\t\t\t\t<div class=\"elementor-post__badge\">doga\u0111anja<\/div>\n\t\t\t\t<div class=\"elementor-post__text\">\n\t\t\t\t<h3 class=\"elementor-post__title\">\n\t\t\t<a href=\"https:\/\/makarska-info.hr\/en\/program-dogadanja-za-srpanj\/\" >\n\t\t\t\tJuly Events Program\t\t\t<\/a>\n\t\t<\/h3>\n\t\t\t\t\t<div class=\"elementor-post__read-more-wrapper\">\n\t\t\n\t\t<a class=\"elementor-post__read-more\" href=\"https:\/\/makarska-info.hr\/en\/program-dogadanja-za-srpanj\/\" aria-label=\"Read more about Program doga\u0111anja za srpanj\" tabindex=\"-1\" >\n\t\t\tPRO\u010cITAJ VI\u0160E \u00bb\t\t<\/a>\n\n\t\t\t\t\t<\/div>\n\t\t\t\t<\/div>\n\t\t\t\t<div class=\"elementor-post__meta-data\">\n\t\t\t\t\t<span class=\"elementor-post-date\">\n\t\t\t02\/07\/2025\t\t<\/span>\n\t\t\t\t<\/div>\n\t\t\t\t\t<\/div>\n\t\t<\/article>\n\t\t\t\t<article class=\"elementor-post elementor-grid-item post-19373 post type-post status-publish format-standard hentry category-dogadjanja tag-2-tenora tag-koncert tag-maestrale\" role=\"listitem\">\n\t\t\t<div class=\"elementor-post__card\">\n\t\t\t\t<div class=\"elementor-post__text\">\n\t\t\t\t<h3 class=\"elementor-post__title\">\n\t\t\t<a href=\"https:\/\/makarska-info.hr\/en\/koncert-sasa-jakelic-max-hozic\/\" >\n\t\t\t\tConcert\/Sa\u0161a Jakeli\u0107 &amp; Max Hozi\u0107\t\t\t<\/a>\n\t\t<\/h3>\n\t\t\t\t\t<div class=\"elementor-post__read-more-wrapper\">\n\t\t\n\t\t<a class=\"elementor-post__read-more\" href=\"https:\/\/makarska-info.hr\/en\/koncert-sasa-jakelic-max-hozic\/\" aria-label=\"Read more about Koncert\/Sa\u0161a Jakeli\u0107 &amp; Max Hozi\u0107\" tabindex=\"-1\" >\n\t\t\tPRO\u010cITAJ VI\u0160E \u00bb\t\t<\/a>\n\n\t\t\t\t\t<\/div>\n\t\t\t\t<\/div>\n\t\t\t\t<div class=\"elementor-post__meta-data\">\n\t\t\t\t\t<span class=\"elementor-post-date\">\n\t\t\t27\/06\/2025\t\t<\/span>\n\t\t\t\t<\/div>\n\t\t\t\t\t<\/div>\n\t\t<\/article>\n\t\t\t\t<article class=\"elementor-post elementor-grid-item post-19292 post type-post status-publish format-standard has-post-thumbnail hentry category-objave\" role=\"listitem\">\n\t\t\t<div class=\"elementor-post__card\">\n\t\t\t\t<a class=\"elementor-post__thumbnail__link\" href=\"https:\/\/makarska-info.hr\/en\/23-06-prva-ribarska-vecer\/\" tabindex=\"-1\" ><div class=\"elementor-post__thumbnail\"><img loading=\"lazy\" decoding=\"async\" width=\"848\" height=\"1057\" src=\"https:\/\/makarska-info.hr\/wp-content\/uploads\/2025\/06\/ribb.jpg\" class=\"attachment-full size-full wp-image-19293\" alt=\"\" srcset=\"https:\/\/makarska-info.hr\/wp-content\/uploads\/2025\/06\/ribb.jpg 848w, https:\/\/makarska-info.hr\/wp-content\/uploads\/2025\/06\/ribb-241x300.jpg 241w, https:\/\/makarska-info.hr\/wp-content\/uploads\/2025\/06\/ribb-822x1024.jpg 822w, https:\/\/makarska-info.hr\/wp-content\/uploads\/2025\/06\/ribb-768x957.jpg 768w, https:\/\/makarska-info.hr\/wp-content\/uploads\/2025\/06\/ribb-10x12.jpg 10w\" sizes=\"(max-width: 848px) 100vw, 848px\" \/><\/div><\/a>\n\t\t\t\t<div class=\"elementor-post__badge\">Objave<\/div>\n\t\t\t\t<div class=\"elementor-post__text\">\n\t\t\t\t<h3 class=\"elementor-post__title\">\n\t\t\t<a href=\"https:\/\/makarska-info.hr\/en\/23-06-prva-ribarska-vecer\/\" >\n\t\t\t\t23.06.2025\/1. Fishermen's Night\t\t\t<\/a>\n\t\t<\/h3>\n\t\t\t\t\t<div class=\"elementor-post__read-more-wrapper\">\n\t\t\n\t\t<a class=\"elementor-post__read-more\" href=\"https:\/\/makarska-info.hr\/en\/23-06-prva-ribarska-vecer\/\" aria-label=\"Read more about 23.06.\/Prva Ribarska ve\u010der\" tabindex=\"-1\" >\n\t\t\tPRO\u010cITAJ VI\u0160E \u00bb\t\t<\/a>\n\n\t\t\t\t\t<\/div>\n\t\t\t\t<\/div>\n\t\t\t\t<div class=\"elementor-post__meta-data\">\n\t\t\t\t\t<span class=\"elementor-post-date\">\n\t\t\t20\/06\/2025\t\t<\/span>\n\t\t\t\t<\/div>\n\t\t\t\t\t<\/div>\n\t\t<\/article>\n\t\t\t\t<article class=\"elementor-post elementor-grid-item post-19284 post type-post status-publish format-standard hentry category-objave tag-django-trio tag-koncert tag-maestrale\" role=\"listitem\">\n\t\t\t<div class=\"elementor-post__card\">\n\t\t\t\t<div class=\"elementor-post__text\">\n\t\t\t\t<h3 class=\"elementor-post__title\">\n\t\t\t<a href=\"https:\/\/makarska-info.hr\/en\/17-06-koncert-django-trio\/\" >\n\t\t\t\t17.06.\/Concert Django Trio\t\t\t<\/a>\n\t\t<\/h3>\n\t\t\t\t\t<div class=\"elementor-post__read-more-wrapper\">\n\t\t\n\t\t<a class=\"elementor-post__read-more\" href=\"https:\/\/makarska-info.hr\/en\/17-06-koncert-django-trio\/\" aria-label=\"Read more about 17.06.\/Koncert Django Trio\" tabindex=\"-1\" >\n\t\t\tPRO\u010cITAJ VI\u0160E \u00bb\t\t<\/a>\n\n\t\t\t\t\t<\/div>\n\t\t\t\t<\/div>\n\t\t\t\t<div class=\"elementor-post__meta-data\">\n\t\t\t\t\t<span class=\"elementor-post-date\">\n\t\t\t16\/06\/2025\t\t<\/span>\n\t\t\t\t<\/div>\n\t\t\t\t\t<\/div>\n\t\t<\/article>\n\t\t\t\t<article class=\"elementor-post elementor-grid-item post-19245 post type-post status-publish format-standard has-post-thumbnail hentry category-objave tag-izvjestaj tag-makarska tag-rugbyeurope7s tag-statistika tag-wta-makarska-open\" role=\"listitem\">\n\t\t\t<div class=\"elementor-post__card\">\n\t\t\t\t<a class=\"elementor-post__thumbnail__link\" href=\"https:\/\/makarska-info.hr\/en\/prebogati-ma-sportski-tjedan-uz-rast-turistickog-prometa-2-8-6-2025\/\" tabindex=\"-1\" ><div class=\"elementor-post__thumbnail\"><img loading=\"lazy\" decoding=\"async\" width=\"592\" height=\"896\" src=\"https:\/\/makarska-info.hr\/wp-content\/uploads\/2025\/06\/statistika-slika.jpg\" class=\"attachment-full size-full wp-image-19426\" alt=\"\" srcset=\"https:\/\/makarska-info.hr\/wp-content\/uploads\/2025\/06\/statistika-slika.jpg 592w, https:\/\/makarska-info.hr\/wp-content\/uploads\/2025\/06\/statistika-slika-198x300.jpg 198w, https:\/\/makarska-info.hr\/wp-content\/uploads\/2025\/06\/statistika-slika-8x12.jpg 8w\" sizes=\"(max-width: 592px) 100vw, 592px\" \/><\/div><\/a>\n\t\t\t\t<div class=\"elementor-post__badge\">Objave<\/div>\n\t\t\t\t<div class=\"elementor-post__text\">\n\t\t\t\t<h3 class=\"elementor-post__title\">\n\t\t\t<a href=\"https:\/\/makarska-info.hr\/en\/prebogati-ma-sportski-tjedan-uz-rast-turistickog-prometa-2-8-6-2025\/\" >\n\t\t\t\tPrebogati MA sportski tjedan uz rast turisti\u010dkog prometa (2. -8. 6. 2025.)\t\t\t<\/a>\n\t\t<\/h3>\n\t\t\t\t\t<div class=\"elementor-post__read-more-wrapper\">\n\t\t\n\t\t<a class=\"elementor-post__read-more\" href=\"https:\/\/makarska-info.hr\/en\/prebogati-ma-sportski-tjedan-uz-rast-turistickog-prometa-2-8-6-2025\/\" aria-label=\"Read more about Prebogati MA sportski tjedan uz rast turisti\u010dkog prometa (2. -8. 6. 2025.)\" tabindex=\"-1\" >\n\t\t\tPRO\u010cITAJ VI\u0160E \u00bb\t\t<\/a>\n\n\t\t\t\t\t<\/div>\n\t\t\t\t<\/div>\n\t\t\t\t<div class=\"elementor-post__meta-data\">\n\t\t\t\t\t<span class=\"elementor-post-date\">\n\t\t\t11\/06\/2025\t\t<\/span>\n\t\t\t\t<\/div>\n\t\t\t\t\t<\/div>\n\t\t<\/article>\n\t\t\t\t<article class=\"elementor-post elementor-grid-item post-19234 post type-post status-publish format-standard has-post-thumbnail hentry category-dogadjanja tag-maestrale tag-tura\" role=\"listitem\">\n\t\t\t<div class=\"elementor-post__card\">\n\t\t\t\t<a class=\"elementor-post__thumbnail__link\" href=\"https:\/\/makarska-info.hr\/en\/maestrale-besplatne-turisticke-ture-2\/\" tabindex=\"-1\" ><div class=\"elementor-post__thumbnail\"><img loading=\"lazy\" decoding=\"async\" width=\"829\" height=\"1037\" src=\"https:\/\/makarska-info.hr\/wp-content\/uploads\/2025\/06\/maestrale-ture-2025-web.jpg\" class=\"attachment-full size-full wp-image-19235\" alt=\"\" srcset=\"https:\/\/makarska-info.hr\/wp-content\/uploads\/2025\/06\/maestrale-ture-2025-web.jpg 829w, https:\/\/makarska-info.hr\/wp-content\/uploads\/2025\/06\/maestrale-ture-2025-web-240x300.jpg 240w, https:\/\/makarska-info.hr\/wp-content\/uploads\/2025\/06\/maestrale-ture-2025-web-819x1024.jpg 819w, https:\/\/makarska-info.hr\/wp-content\/uploads\/2025\/06\/maestrale-ture-2025-web-768x961.jpg 768w, https:\/\/makarska-info.hr\/wp-content\/uploads\/2025\/06\/maestrale-ture-2025-web-10x12.jpg 10w\" sizes=\"(max-width: 829px) 100vw, 829px\" \/><\/div><\/a>\n\t\t\t\t<div class=\"elementor-post__badge\">doga\u0111anja<\/div>\n\t\t\t\t<div class=\"elementor-post__text\">\n\t\t\t\t<h3 class=\"elementor-post__title\">\n\t\t\t<a href=\"https:\/\/makarska-info.hr\/en\/maestrale-besplatne-turisticke-ture-2\/\" >\n\t\t\t\tMaestrale\/Free guided tours\t\t\t<\/a>\n\t\t<\/h3>\n\t\t\t\t\t<div class=\"elementor-post__read-more-wrapper\">\n\t\t\n\t\t<a class=\"elementor-post__read-more\" href=\"https:\/\/makarska-info.hr\/en\/maestrale-besplatne-turisticke-ture-2\/\" aria-label=\"Read more about Maestrale\/Besplatne turisti\u010dke ture\" tabindex=\"-1\" >\n\t\t\tPRO\u010cITAJ VI\u0160E \u00bb\t\t<\/a>\n\n\t\t\t\t\t<\/div>\n\t\t\t\t<\/div>\n\t\t\t\t<div class=\"elementor-post__meta-data\">\n\t\t\t\t\t<span class=\"elementor-post-date\">\n\t\t\t11\/06\/2025\t\t<\/span>\n\t\t\t\t<\/div>\n\t\t\t\t\t<\/div>\n\t\t<\/article>\n\t\t\t\t<article class=\"elementor-post elementor-grid-item post-19201 post type-post status-publish format-standard has-post-thumbnail hentry category-dogadjanja tag-lipanj tag-lito-u-gradu tag-makarska tag-program\" role=\"listitem\">\n\t\t\t<div class=\"elementor-post__card\">\n\t\t\t\t<a class=\"elementor-post__thumbnail__link\" href=\"https:\/\/makarska-info.hr\/en\/program-dogadanja-za-lipanj\/\" tabindex=\"-1\" ><div class=\"elementor-post__thumbnail\"><img loading=\"lazy\" decoding=\"async\" width=\"829\" height=\"1039\" src=\"https:\/\/makarska-info.hr\/wp-content\/uploads\/2025\/06\/lipanj-1.jpg\" class=\"attachment-full size-full wp-image-19205\" alt=\"\" srcset=\"https:\/\/makarska-info.hr\/wp-content\/uploads\/2025\/06\/lipanj-1.jpg 829w, https:\/\/makarska-info.hr\/wp-content\/uploads\/2025\/06\/lipanj-1-239x300.jpg 239w, https:\/\/makarska-info.hr\/wp-content\/uploads\/2025\/06\/lipanj-1-817x1024.jpg 817w, https:\/\/makarska-info.hr\/wp-content\/uploads\/2025\/06\/lipanj-1-768x963.jpg 768w, https:\/\/makarska-info.hr\/wp-content\/uploads\/2025\/06\/lipanj-1-10x12.jpg 10w\" sizes=\"(max-width: 829px) 100vw, 829px\" \/><\/div><\/a>\n\t\t\t\t<div class=\"elementor-post__badge\">doga\u0111anja<\/div>\n\t\t\t\t<div class=\"elementor-post__text\">\n\t\t\t\t<h3 class=\"elementor-post__title\">\n\t\t\t<a href=\"https:\/\/makarska-info.hr\/en\/program-dogadanja-za-lipanj\/\" >\n\t\t\t\tJune Events Program\t\t\t<\/a>\n\t\t<\/h3>\n\t\t\t\t\t<div class=\"elementor-post__read-more-wrapper\">\n\t\t\n\t\t<a class=\"elementor-post__read-more\" href=\"https:\/\/makarska-info.hr\/en\/program-dogadanja-za-lipanj\/\" aria-label=\"Read more about Program doga\u0111anja za lipanj\" tabindex=\"-1\" >\n\t\t\tPRO\u010cITAJ VI\u0160E \u00bb\t\t<\/a>\n\n\t\t\t\t\t<\/div>\n\t\t\t\t<\/div>\n\t\t\t\t<div class=\"elementor-post__meta-data\">\n\t\t\t\t\t<span class=\"elementor-post-date\">\n\t\t\t09\/06\/2025\t\t<\/span>\n\t\t\t\t<\/div>\n\t\t\t\t\t<\/div>\n\t\t<\/article>\n\t\t\t\t<article class=\"elementor-post elementor-grid-item post-19145 post type-post status-publish format-standard has-post-thumbnail hentry category-objave tag-izvjestaj tag-makarska tag-statistika tag-svibanj\" role=\"listitem\">\n\t\t\t<div class=\"elementor-post__card\">\n\t\t\t\t<a class=\"elementor-post__thumbnail__link\" href=\"https:\/\/makarska-info.hr\/en\/u-svibnju-ostvareno-vise-od-100-000-turistickih-nocenja\/\" tabindex=\"-1\" ><div class=\"elementor-post__thumbnail\"><img loading=\"lazy\" decoding=\"async\" width=\"592\" height=\"896\" src=\"https:\/\/makarska-info.hr\/wp-content\/uploads\/2025\/06\/statistika-slika.jpg\" class=\"attachment-full size-full wp-image-19426\" alt=\"\" srcset=\"https:\/\/makarska-info.hr\/wp-content\/uploads\/2025\/06\/statistika-slika.jpg 592w, https:\/\/makarska-info.hr\/wp-content\/uploads\/2025\/06\/statistika-slika-198x300.jpg 198w, https:\/\/makarska-info.hr\/wp-content\/uploads\/2025\/06\/statistika-slika-8x12.jpg 8w\" sizes=\"(max-width: 592px) 100vw, 592px\" \/><\/div><\/a>\n\t\t\t\t<div class=\"elementor-post__badge\">Objave<\/div>\n\t\t\t\t<div class=\"elementor-post__text\">\n\t\t\t\t<h3 class=\"elementor-post__title\">\n\t\t\t<a href=\"https:\/\/makarska-info.hr\/en\/u-svibnju-ostvareno-vise-od-100-000-turistickih-nocenja\/\" >\n\t\t\t\tU svibnju ostvareno vi\u0161e od 100.000 turisti\u010dkih no\u0107enja\t\t\t<\/a>\n\t\t<\/h3>\n\t\t\t\t\t<div class=\"elementor-post__read-more-wrapper\">\n\t\t\n\t\t<a class=\"elementor-post__read-more\" href=\"https:\/\/makarska-info.hr\/en\/u-svibnju-ostvareno-vise-od-100-000-turistickih-nocenja\/\" aria-label=\"Read more about U svibnju ostvareno vi\u0161e od 100.000 turisti\u010dkih no\u0107enja\" tabindex=\"-1\" >\n\t\t\tPRO\u010cITAJ VI\u0160E \u00bb\t\t<\/a>\n\n\t\t\t\t\t<\/div>\n\t\t\t\t<\/div>\n\t\t\t\t<div class=\"elementor-post__meta-data\">\n\t\t\t\t\t<span class=\"elementor-post-date\">\n\t\t\t05\/06\/2025\t\t<\/span>\n\t\t\t\t<\/div>\n\t\t\t\t\t<\/div>\n\t\t<\/article>\n\t\t\t\t<article class=\"elementor-post elementor-grid-item post-19097 post type-post status-publish format-standard has-post-thumbnail hentry category-dogadjanja\" role=\"listitem\">\n\t\t\t<div class=\"elementor-post__card\">\n\t\t\t\t<a class=\"elementor-post__thumbnail__link\" href=\"https:\/\/makarska-info.hr\/en\/josipa-lisac-12-lipnja-stize-u-makarsku\/\" tabindex=\"-1\" ><div class=\"elementor-post__thumbnail\"><img loading=\"lazy\" decoding=\"async\" width=\"847\" height=\"1062\" src=\"https:\/\/makarska-info.hr\/wp-content\/uploads\/2025\/06\/Capture.jpg\" class=\"attachment-full size-full wp-image-19098\" alt=\"\" srcset=\"https:\/\/makarska-info.hr\/wp-content\/uploads\/2025\/06\/Capture.jpg 847w, https:\/\/makarska-info.hr\/wp-content\/uploads\/2025\/06\/Capture-239x300.jpg 239w, https:\/\/makarska-info.hr\/wp-content\/uploads\/2025\/06\/Capture-817x1024.jpg 817w, https:\/\/makarska-info.hr\/wp-content\/uploads\/2025\/06\/Capture-768x963.jpg 768w, https:\/\/makarska-info.hr\/wp-content\/uploads\/2025\/06\/Capture-10x12.jpg 10w\" sizes=\"(max-width: 847px) 100vw, 847px\" \/><\/div><\/a>\n\t\t\t\t<div class=\"elementor-post__badge\">doga\u0111anja<\/div>\n\t\t\t\t<div class=\"elementor-post__text\">\n\t\t\t\t<h3 class=\"elementor-post__title\">\n\t\t\t<a href=\"https:\/\/makarska-info.hr\/en\/josipa-lisac-12-lipnja-stize-u-makarsku\/\" >\n\t\t\t\tJosipa Lisac 12. lipnja sti\u017ee u Makarsku!\t\t\t<\/a>\n\t\t<\/h3>\n\t\t\t\t\t<div class=\"elementor-post__read-more-wrapper\">\n\t\t\n\t\t<a class=\"elementor-post__read-more\" href=\"https:\/\/makarska-info.hr\/en\/josipa-lisac-12-lipnja-stize-u-makarsku\/\" aria-label=\"Read more about Josipa Lisac 12. lipnja sti\u017ee u Makarsku!\" tabindex=\"-1\" >\n\t\t\tPRO\u010cITAJ VI\u0160E \u00bb\t\t<\/a>\n\n\t\t\t\t\t<\/div>\n\t\t\t\t<\/div>\n\t\t\t\t<div class=\"elementor-post__meta-data\">\n\t\t\t\t\t<span class=\"elementor-post-date\">\n\t\t\t04\/06\/2025\t\t<\/span>\n\t\t\t\t<\/div>\n\t\t\t\t\t<\/div>\n\t\t<\/article>\n\t\t\t\t<article class=\"elementor-post elementor-grid-item post-19054 post type-post status-publish format-standard has-post-thumbnail hentry category-dogadjanja tag-makarska tag-makarska-open tag-tennis tag-valamar tag-wta-makarska\" role=\"listitem\">\n\t\t\t<div class=\"elementor-post__card\">\n\t\t\t\t<a class=\"elementor-post__thumbnail__link\" href=\"https:\/\/makarska-info.hr\/en\/ususret-wta-turniru-u-makarskoj-program-nikad-bogatiji-cak-tri-velika-koncerta\/\" tabindex=\"-1\" ><div class=\"elementor-post__thumbnail\"><img loading=\"lazy\" decoding=\"async\" width=\"614\" height=\"1028\" src=\"https:\/\/makarska-info.hr\/wp-content\/uploads\/2025\/05\/Capture.jpg\" class=\"attachment-full size-full wp-image-19058\" alt=\"\" srcset=\"https:\/\/makarska-info.hr\/wp-content\/uploads\/2025\/05\/Capture.jpg 614w, https:\/\/makarska-info.hr\/wp-content\/uploads\/2025\/05\/Capture-179x300.jpg 179w, https:\/\/makarska-info.hr\/wp-content\/uploads\/2025\/05\/Capture-612x1024.jpg 612w, https:\/\/makarska-info.hr\/wp-content\/uploads\/2025\/05\/Capture-7x12.jpg 7w\" sizes=\"(max-width: 614px) 100vw, 614px\" \/><\/div><\/a>\n\t\t\t\t<div class=\"elementor-post__badge\">doga\u0111anja<\/div>\n\t\t\t\t<div class=\"elementor-post__text\">\n\t\t\t\t<h3 class=\"elementor-post__title\">\n\t\t\t<a href=\"https:\/\/makarska-info.hr\/en\/ususret-wta-turniru-u-makarskoj-program-nikad-bogatiji-cak-tri-velika-koncerta\/\" >\n\t\t\t\tWTA Makarska Open 2025\t\t\t<\/a>\n\t\t<\/h3>\n\t\t\t\t\t<div class=\"elementor-post__read-more-wrapper\">\n\t\t\n\t\t<a class=\"elementor-post__read-more\" href=\"https:\/\/makarska-info.hr\/en\/ususret-wta-turniru-u-makarskoj-program-nikad-bogatiji-cak-tri-velika-koncerta\/\" aria-label=\"Read more about WTA turnir: Program nikad bogatiji, \u010dak tri velika koncerta\" tabindex=\"-1\" >\n\t\t\tPRO\u010cITAJ VI\u0160E \u00bb\t\t<\/a>\n\n\t\t\t\t\t<\/div>\n\t\t\t\t<\/div>\n\t\t\t\t<div class=\"elementor-post__meta-data\">\n\t\t\t\t\t<span class=\"elementor-post-date\">\n\t\t\t29\/05\/2025\t\t<\/span>\n\t\t\t\t<\/div>\n\t\t\t\t\t<\/div>\n\t\t<\/article>\n\t\t\t\t<article class=\"elementor-post elementor-grid-item post-19036 post type-post status-publish format-standard has-post-thumbnail hentry category-dogadjanja tag-dogadanja tag-fico tag-makarska tag-sharebox tag-zbor\" role=\"listitem\">\n\t\t\t<div class=\"elementor-post__card\">\n\t\t\t\t<a class=\"elementor-post__thumbnail__link\" href=\"https:\/\/makarska-info.hr\/en\/produzeni-vikend-u-makarskoj\/\" tabindex=\"-1\" ><div class=\"elementor-post__thumbnail\"><img loading=\"lazy\" decoding=\"async\" width=\"749\" height=\"1062\" src=\"https:\/\/makarska-info.hr\/wp-content\/uploads\/2025\/05\/ZBORR.jpg\" class=\"attachment-full size-full wp-image-19039\" alt=\"\" srcset=\"https:\/\/makarska-info.hr\/wp-content\/uploads\/2025\/05\/ZBORR.jpg 749w, https:\/\/makarska-info.hr\/wp-content\/uploads\/2025\/05\/ZBORR-212x300.jpg 212w, https:\/\/makarska-info.hr\/wp-content\/uploads\/2025\/05\/ZBORR-722x1024.jpg 722w, https:\/\/makarska-info.hr\/wp-content\/uploads\/2025\/05\/ZBORR-8x12.jpg 8w\" sizes=\"(max-width: 749px) 100vw, 749px\" \/><\/div><\/a>\n\t\t\t\t<div class=\"elementor-post__badge\">doga\u0111anja<\/div>\n\t\t\t\t<div class=\"elementor-post__text\">\n\t\t\t\t<h3 class=\"elementor-post__title\">\n\t\t\t<a href=\"https:\/\/makarska-info.hr\/en\/produzeni-vikend-u-makarskoj\/\" >\n\t\t\t\tA weekend full of events in Makarska\t\t\t<\/a>\n\t\t<\/h3>\n\t\t\t\t\t<div class=\"elementor-post__read-more-wrapper\">\n\t\t\n\t\t<a class=\"elementor-post__read-more\" href=\"https:\/\/makarska-info.hr\/en\/produzeni-vikend-u-makarskoj\/\" aria-label=\"Read more about Produ\u017eeni vikend u Makarskoj\" tabindex=\"-1\" >\n\t\t\tPRO\u010cITAJ VI\u0160E \u00bb\t\t<\/a>\n\n\t\t\t\t\t<\/div>\n\t\t\t\t<\/div>\n\t\t\t\t<div class=\"elementor-post__meta-data\">\n\t\t\t\t\t<span class=\"elementor-post-date\">\n\t\t\t28\/05\/2025\t\t<\/span>\n\t\t\t\t<\/div>\n\t\t\t\t\t<\/div>\n\t\t<\/article>\n\t\t\t\t<article class=\"elementor-post elementor-grid-item post-19028 post type-post status-publish format-standard has-post-thumbnail hentry category-dogadjanja tag-fico tag-makarska\" role=\"listitem\">\n\t\t\t<div class=\"elementor-post__card\">\n\t\t\t\t<a class=\"elementor-post__thumbnail__link\" href=\"https:\/\/makarska-info.hr\/en\/fico-skup-u-makarskoj\/\" tabindex=\"-1\" ><div class=\"elementor-post__thumbnail\"><img loading=\"lazy\" decoding=\"async\" width=\"523\" height=\"743\" src=\"https:\/\/makarska-info.hr\/wp-content\/uploads\/2025\/05\/Fico.jpg\" class=\"attachment-full size-full wp-image-19029\" alt=\"\" srcset=\"https:\/\/makarska-info.hr\/wp-content\/uploads\/2025\/05\/Fico.jpg 523w, https:\/\/makarska-info.hr\/wp-content\/uploads\/2025\/05\/Fico-211x300.jpg 211w, https:\/\/makarska-info.hr\/wp-content\/uploads\/2025\/05\/Fico-8x12.jpg 8w\" sizes=\"(max-width: 523px) 100vw, 523px\" \/><\/div><\/a>\n\t\t\t\t<div class=\"elementor-post__badge\">doga\u0111anja<\/div>\n\t\t\t\t<div class=\"elementor-post__text\">\n\t\t\t\t<h3 class=\"elementor-post__title\">\n\t\t\t<a href=\"https:\/\/makarska-info.hr\/en\/fico-skup-u-makarskoj\/\" >\n\t\t\t\tFi\u0107o gathering in Makarska\t\t\t<\/a>\n\t\t<\/h3>\n\t\t\t\t\t<div class=\"elementor-post__read-more-wrapper\">\n\t\t\n\t\t<a class=\"elementor-post__read-more\" href=\"https:\/\/makarska-info.hr\/en\/fico-skup-u-makarskoj\/\" aria-label=\"Read more about Fi\u0107o skup u Makarskoj\" tabindex=\"-1\" >\n\t\t\tPRO\u010cITAJ VI\u0160E \u00bb\t\t<\/a>\n\n\t\t\t\t\t<\/div>\n\t\t\t\t<\/div>\n\t\t\t\t<div class=\"elementor-post__meta-data\">\n\t\t\t\t\t<span class=\"elementor-post-date\">\n\t\t\t27\/05\/2025\t\t<\/span>\n\t\t\t\t<\/div>\n\t\t\t\t\t<\/div>\n\t\t<\/article>\n\t\t\t\t<article class=\"elementor-post elementor-grid-item post-19012 post type-post status-publish format-standard has-post-thumbnail hentry category-dogadjanja tag-makarska tag-plesni-turnir\" role=\"listitem\">\n\t\t\t<div class=\"elementor-post__card\">\n\t\t\t\t<a class=\"elementor-post__thumbnail__link\" href=\"https:\/\/makarska-info.hr\/en\/plesni-turnir-apfel-arena-2025\/\" tabindex=\"-1\" ><div class=\"elementor-post__thumbnail\"><img loading=\"lazy\" decoding=\"async\" width=\"793\" height=\"1035\" src=\"https:\/\/makarska-info.hr\/wp-content\/uploads\/2025\/05\/apfel.jpg\" class=\"attachment-full size-full wp-image-19013\" alt=\"\" srcset=\"https:\/\/makarska-info.hr\/wp-content\/uploads\/2025\/05\/apfel.jpg 793w, https:\/\/makarska-info.hr\/wp-content\/uploads\/2025\/05\/apfel-230x300.jpg 230w, https:\/\/makarska-info.hr\/wp-content\/uploads\/2025\/05\/apfel-785x1024.jpg 785w, https:\/\/makarska-info.hr\/wp-content\/uploads\/2025\/05\/apfel-768x1002.jpg 768w, https:\/\/makarska-info.hr\/wp-content\/uploads\/2025\/05\/apfel-9x12.jpg 9w\" sizes=\"(max-width: 793px) 100vw, 793px\" \/><\/div><\/a>\n\t\t\t\t<div class=\"elementor-post__badge\">doga\u0111anja<\/div>\n\t\t\t\t<div class=\"elementor-post__text\">\n\t\t\t\t<h3 class=\"elementor-post__title\">\n\t\t\t<a href=\"https:\/\/makarska-info.hr\/en\/plesni-turnir-apfel-arena-2025\/\" >\n\t\t\t\tDance sport tournament - Apfel Arena 2025\t\t\t<\/a>\n\t\t<\/h3>\n\t\t\t\t\t<div class=\"elementor-post__read-more-wrapper\">\n\t\t\n\t\t<a class=\"elementor-post__read-more\" href=\"https:\/\/makarska-info.hr\/en\/plesni-turnir-apfel-arena-2025\/\" aria-label=\"Read more about Plesni turnir &#8211; Apfel Arena 2025\" tabindex=\"-1\" >\n\t\t\tPRO\u010cITAJ VI\u0160E \u00bb\t\t<\/a>\n\n\t\t\t\t\t<\/div>\n\t\t\t\t<\/div>\n\t\t\t\t<div class=\"elementor-post__meta-data\">\n\t\t\t\t\t<span class=\"elementor-post-date\">\n\t\t\t27\/05\/2025\t\t<\/span>\n\t\t\t\t<\/div>\n\t\t\t\t\t<\/div>\n\t\t<\/article>\n\t\t\t\t<article class=\"elementor-post elementor-grid-item post-18999 post type-post status-publish format-standard has-post-thumbnail hentry category-dogadjanja tag-makarska tag-plava-zastava\" role=\"listitem\">\n\t\t\t<div class=\"elementor-post__card\">\n\t\t\t\t<a class=\"elementor-post__thumbnail__link\" href=\"https:\/\/makarska-info.hr\/en\/drzavna-svecanost-dodjele-plave-zastave-23-svibnja-u-makarskoj\/\" tabindex=\"-1\" ><div class=\"elementor-post__thumbnail\"><img loading=\"lazy\" decoding=\"async\" width=\"1440\" height=\"1787\" src=\"https:\/\/makarska-info.hr\/wp-content\/uploads\/2025\/05\/plava-zastava.png\" class=\"attachment-full size-full wp-image-19000\" alt=\"\" srcset=\"https:\/\/makarska-info.hr\/wp-content\/uploads\/2025\/05\/plava-zastava.png 1440w, https:\/\/makarska-info.hr\/wp-content\/uploads\/2025\/05\/plava-zastava-242x300.png 242w, https:\/\/makarska-info.hr\/wp-content\/uploads\/2025\/05\/plava-zastava-825x1024.png 825w, https:\/\/makarska-info.hr\/wp-content\/uploads\/2025\/05\/plava-zastava-768x953.png 768w, https:\/\/makarska-info.hr\/wp-content\/uploads\/2025\/05\/plava-zastava-1238x1536.png 1238w, https:\/\/makarska-info.hr\/wp-content\/uploads\/2025\/05\/plava-zastava-10x12.png 10w\" sizes=\"(max-width: 1440px) 100vw, 1440px\" \/><\/div><\/a>\n\t\t\t\t<div class=\"elementor-post__badge\">doga\u0111anja<\/div>\n\t\t\t\t<div class=\"elementor-post__text\">\n\t\t\t\t<h3 class=\"elementor-post__title\">\n\t\t\t<a href=\"https:\/\/makarska-info.hr\/en\/drzavna-svecanost-dodjele-plave-zastave-23-svibnja-u-makarskoj\/\" >\n\t\t\t\tNational Blue Flag Award Ceremony \u2013 May 23 in Makarska\t\t\t<\/a>\n\t\t<\/h3>\n\t\t\t\t\t<div class=\"elementor-post__read-more-wrapper\">\n\t\t\n\t\t<a class=\"elementor-post__read-more\" href=\"https:\/\/makarska-info.hr\/en\/drzavna-svecanost-dodjele-plave-zastave-23-svibnja-u-makarskoj\/\" aria-label=\"Read more about Dr\u017eavna sve\u010danost dodjele Plave zastave 23. svibnja u Makarskoj\" tabindex=\"-1\" >\n\t\t\tPRO\u010cITAJ VI\u0160E \u00bb\t\t<\/a>\n\n\t\t\t\t\t<\/div>\n\t\t\t\t<\/div>\n\t\t\t\t<div class=\"elementor-post__meta-data\">\n\t\t\t\t\t<span class=\"elementor-post-date\">\n\t\t\t23\/05\/2025\t\t<\/span>\n\t\t\t\t<\/div>\n\t\t\t\t\t<\/div>\n\t\t<\/article>\n\t\t\t\t<article class=\"elementor-post elementor-grid-item post-18980 post type-post status-publish format-standard has-post-thumbnail hentry category-dogadjanja tag-makarska tag-oldimer\" role=\"listitem\">\n\t\t\t<div class=\"elementor-post__card\">\n\t\t\t\t<a class=\"elementor-post__thumbnail__link\" href=\"https:\/\/makarska-info.hr\/en\/oldtimer-promo-tour-25-05\/\" tabindex=\"-1\" ><div class=\"elementor-post__thumbnail\"><img loading=\"lazy\" decoding=\"async\" width=\"642\" height=\"859\" src=\"https:\/\/makarska-info.hr\/wp-content\/uploads\/2025\/05\/oldtimer-3.jpg\" class=\"attachment-full size-full wp-image-18986\" alt=\"\" srcset=\"https:\/\/makarska-info.hr\/wp-content\/uploads\/2025\/05\/oldtimer-3.jpg 642w, https:\/\/makarska-info.hr\/wp-content\/uploads\/2025\/05\/oldtimer-3-224x300.jpg 224w, https:\/\/makarska-info.hr\/wp-content\/uploads\/2025\/05\/oldtimer-3-9x12.jpg 9w\" sizes=\"(max-width: 642px) 100vw, 642px\" \/><\/div><\/a>\n\t\t\t\t<div class=\"elementor-post__badge\">doga\u0111anja<\/div>\n\t\t\t\t<div class=\"elementor-post__text\">\n\t\t\t\t<h3 class=\"elementor-post__title\">\n\t\t\t<a href=\"https:\/\/makarska-info.hr\/en\/oldtimer-promo-tour-25-05\/\" >\n\t\t\t\tOldtimer promo tour &#8211; 25.05.\t\t\t<\/a>\n\t\t<\/h3>\n\t\t\t\t\t<div class=\"elementor-post__read-more-wrapper\">\n\t\t\n\t\t<a class=\"elementor-post__read-more\" href=\"https:\/\/makarska-info.hr\/en\/oldtimer-promo-tour-25-05\/\" aria-label=\"Read more about Oldtimer promo tour &#8211; 25.05.\" tabindex=\"-1\" >\n\t\t\tPRO\u010cITAJ VI\u0160E \u00bb\t\t<\/a>\n\n\t\t\t\t\t<\/div>\n\t\t\t\t<\/div>\n\t\t\t\t<div class=\"elementor-post__meta-data\">\n\t\t\t\t\t<span class=\"elementor-post-date\">\n\t\t\t20\/05\/2025\t\t<\/span>\n\t\t\t\t<\/div>\n\t\t\t\t\t<\/div>\n\t\t<\/article>\n\t\t\t\t<article class=\"elementor-post elementor-grid-item post-18970 post type-post status-publish format-standard hentry category-dogadjanja tag-gradski-muzej tag-izlozba tag-makarska\" role=\"listitem\">\n\t\t\t<div class=\"elementor-post__card\">\n\t\t\t\t<div class=\"elementor-post__text\">\n\t\t\t\t<h3 class=\"elementor-post__title\">\n\t\t\t<a href=\"https:\/\/makarska-info.hr\/en\/izlozba-javna-intima-bianca-invernizzi\/\" >\n\t\t\t\tExhibition\/Bianca Invernizzi\t\t\t<\/a>\n\t\t<\/h3>\n\t\t\t\t\t<div class=\"elementor-post__read-more-wrapper\">\n\t\t\n\t\t<a class=\"elementor-post__read-more\" href=\"https:\/\/makarska-info.hr\/en\/izlozba-javna-intima-bianca-invernizzi\/\" aria-label=\"Read more about Izlo\u017eba\/&#8217;Javna intima&#8217; Bianca Invernizzi\" tabindex=\"-1\" >\n\t\t\tPRO\u010cITAJ VI\u0160E \u00bb\t\t<\/a>\n\n\t\t\t\t\t<\/div>\n\t\t\t\t<\/div>\n\t\t\t\t<div class=\"elementor-post__meta-data\">\n\t\t\t\t\t<span class=\"elementor-post-date\">\n\t\t\t19\/05\/2025\t\t<\/span>\n\t\t\t\t<\/div>\n\t\t\t\t\t<\/div>\n\t\t<\/article>\n\t\t\t\t<article class=\"elementor-post elementor-grid-item post-18839 post type-post status-publish format-standard has-post-thumbnail hentry category-dogadjanja tag-festival tag-makarska tag-metno\" role=\"listitem\">\n\t\t\t<div class=\"elementor-post__card\">\n\t\t\t\t<a class=\"elementor-post__thumbnail__link\" href=\"https:\/\/makarska-info.hr\/en\/metno-festival\/\" tabindex=\"-1\" ><div class=\"elementor-post__thumbnail\"><img loading=\"lazy\" decoding=\"async\" width=\"1080\" height=\"1350\" src=\"https:\/\/makarska-info.hr\/wp-content\/uploads\/2025\/05\/Metno2.jpg\" class=\"attachment-full size-full wp-image-18841\" alt=\"\" srcset=\"https:\/\/makarska-info.hr\/wp-content\/uploads\/2025\/05\/Metno2.jpg 1080w, https:\/\/makarska-info.hr\/wp-content\/uploads\/2025\/05\/Metno2-240x300.jpg 240w, https:\/\/makarska-info.hr\/wp-content\/uploads\/2025\/05\/Metno2-819x1024.jpg 819w, https:\/\/makarska-info.hr\/wp-content\/uploads\/2025\/05\/Metno2-768x960.jpg 768w, https:\/\/makarska-info.hr\/wp-content\/uploads\/2025\/05\/Metno2-10x12.jpg 10w\" sizes=\"(max-width: 1080px) 100vw, 1080px\" \/><\/div><\/a>\n\t\t\t\t<div class=\"elementor-post__badge\">doga\u0111anja<\/div>\n\t\t\t\t<div class=\"elementor-post__text\">\n\t\t\t\t<h3 class=\"elementor-post__title\">\n\t\t\t<a href=\"https:\/\/makarska-info.hr\/en\/metno-festival\/\" >\n\t\t\t\tMetno festival\t\t\t<\/a>\n\t\t<\/h3>\n\t\t\t\t\t<div class=\"elementor-post__read-more-wrapper\">\n\t\t\n\t\t<a class=\"elementor-post__read-more\" href=\"https:\/\/makarska-info.hr\/en\/metno-festival\/\" aria-label=\"Read more about Metno festival\" tabindex=\"-1\" >\n\t\t\tPRO\u010cITAJ VI\u0160E \u00bb\t\t<\/a>\n\n\t\t\t\t\t<\/div>\n\t\t\t\t<\/div>\n\t\t\t\t<div class=\"elementor-post__meta-data\">\n\t\t\t\t\t<span class=\"elementor-post-date\">\n\t\t\t09\/05\/2025\t\t<\/span>\n\t\t\t\t<\/div>\n\t\t\t\t\t<\/div>\n\t\t<\/article>\n\t\t\t\t<article class=\"elementor-post elementor-grid-item post-18751 post type-post status-publish format-standard has-post-thumbnail hentry category-dogadjanja tag-autentica tag-autentica-food-wine tag-makarska tag-radionica tag-vinorel\" role=\"listitem\">\n\t\t\t<div class=\"elementor-post__card\">\n\t\t\t\t<a class=\"elementor-post__thumbnail__link\" href=\"https:\/\/makarska-info.hr\/en\/autentica-kist-i-vino-crtanje-s-vinom\/\" tabindex=\"-1\" ><div class=\"elementor-post__thumbnail\"><img loading=\"lazy\" decoding=\"async\" width=\"1080\" height=\"1080\" src=\"https:\/\/makarska-info.hr\/wp-content\/uploads\/2025\/05\/82d3f15d-a8e7-4736-833f-14fb097c261d.jpg\" class=\"attachment-full size-full wp-image-18756\" alt=\"\" srcset=\"https:\/\/makarska-info.hr\/wp-content\/uploads\/2025\/05\/82d3f15d-a8e7-4736-833f-14fb097c261d.jpg 1080w, https:\/\/makarska-info.hr\/wp-content\/uploads\/2025\/05\/82d3f15d-a8e7-4736-833f-14fb097c261d-300x300.jpg 300w, https:\/\/makarska-info.hr\/wp-content\/uploads\/2025\/05\/82d3f15d-a8e7-4736-833f-14fb097c261d-1024x1024.jpg 1024w, https:\/\/makarska-info.hr\/wp-content\/uploads\/2025\/05\/82d3f15d-a8e7-4736-833f-14fb097c261d-150x150.jpg 150w, https:\/\/makarska-info.hr\/wp-content\/uploads\/2025\/05\/82d3f15d-a8e7-4736-833f-14fb097c261d-768x768.jpg 768w, https:\/\/makarska-info.hr\/wp-content\/uploads\/2025\/05\/82d3f15d-a8e7-4736-833f-14fb097c261d-12x12.jpg 12w\" sizes=\"(max-width: 1080px) 100vw, 1080px\" \/><\/div><\/a>\n\t\t\t\t<div class=\"elementor-post__badge\">doga\u0111anja<\/div>\n\t\t\t\t<div class=\"elementor-post__text\">\n\t\t\t\t<h3 class=\"elementor-post__title\">\n\t\t\t<a href=\"https:\/\/makarska-info.hr\/en\/autentica-kist-i-vino-crtanje-s-vinom\/\" >\n\t\t\t\tVINOREL WORKSHOP - Drawing with wine\t\t\t<\/a>\n\t\t<\/h3>\n\t\t\t\t\t<div class=\"elementor-post__read-more-wrapper\">\n\t\t\n\t\t<a class=\"elementor-post__read-more\" href=\"https:\/\/makarska-info.hr\/en\/autentica-kist-i-vino-crtanje-s-vinom\/\" aria-label=\"Read more about AUTENTICA KIST I VINO &#8211; Crtanje s vinom\" tabindex=\"-1\" >\n\t\t\tPRO\u010cITAJ VI\u0160E \u00bb\t\t<\/a>\n\n\t\t\t\t\t<\/div>\n\t\t\t\t<\/div>\n\t\t\t\t<div class=\"elementor-post__meta-data\">\n\t\t\t\t\t<span class=\"elementor-post-date\">\n\t\t\t08\/05\/2025\t\t<\/span>\n\t\t\t\t<\/div>\n\t\t\t\t\t<\/div>\n\t\t<\/article>\n\t\t\t\t<article class=\"elementor-post elementor-grid-item post-18746 post type-post status-publish format-standard hentry category-dogadjanja tag-autentica tag-festival tag-makarska\" role=\"listitem\">\n\t\t\t<div class=\"elementor-post__card\">\n\t\t\t\t<div class=\"elementor-post__text\">\n\t\t\t\t<h3 class=\"elementor-post__title\">\n\t\t\t<a href=\"https:\/\/makarska-info.hr\/en\/prvi-dan-autentica-foodwine-festivala\/\" >\n\t\t\t\tPrvi dan Autentica Food&amp;Wine festivala\t\t\t<\/a>\n\t\t<\/h3>\n\t\t\t\t\t<div class=\"elementor-post__read-more-wrapper\">\n\t\t\n\t\t<a class=\"elementor-post__read-more\" href=\"https:\/\/makarska-info.hr\/en\/prvi-dan-autentica-foodwine-festivala\/\" aria-label=\"Read more about Prvi dan Autentica Food&amp;Wine festivala\" tabindex=\"-1\" >\n\t\t\tPRO\u010cITAJ VI\u0160E \u00bb\t\t<\/a>\n\n\t\t\t\t\t<\/div>\n\t\t\t\t<\/div>\n\t\t\t\t<div class=\"elementor-post__meta-data\">\n\t\t\t\t\t<span class=\"elementor-post-date\">\n\t\t\t08\/05\/2025\t\t<\/span>\n\t\t\t\t<\/div>\n\t\t\t\t\t<\/div>\n\t\t<\/article>\n\t\t\t\t<article class=\"elementor-post elementor-grid-item post-18593 post type-post status-publish format-standard hentry category-objave tag-javni-poziv tag-makarska tag-ribarske-veceri\" role=\"listitem\">\n\t\t\t<div class=\"elementor-post__card\">\n\t\t\t\t<div class=\"elementor-post__text\">\n\t\t\t\t<h3 class=\"elementor-post__title\">\n\t\t\t<a href=\"https:\/\/makarska-info.hr\/en\/javni-poziv-ribarske-veceri-2025\/\" >\n\t\t\t\tJavni poziv &#8211; Ribarske ve\u010deri 2025\t\t\t<\/a>\n\t\t<\/h3>\n\t\t\t\t\t<div class=\"elementor-post__read-more-wrapper\">\n\t\t\n\t\t<a class=\"elementor-post__read-more\" href=\"https:\/\/makarska-info.hr\/en\/javni-poziv-ribarske-veceri-2025\/\" aria-label=\"Read more about Javni poziv &#8211; Ribarske ve\u010deri 2025\" tabindex=\"-1\" >\n\t\t\tPRO\u010cITAJ VI\u0160E \u00bb\t\t<\/a>\n\n\t\t\t\t\t<\/div>\n\t\t\t\t<\/div>\n\t\t\t\t<div class=\"elementor-post__meta-data\">\n\t\t\t\t\t<span class=\"elementor-post-date\">\n\t\t\t07\/05\/2025\t\t<\/span>\n\t\t\t\t<\/div>\n\t\t\t\t\t<\/div>\n\t\t<\/article>\n\t\t\t\t<article class=\"elementor-post elementor-grid-item post-18452 post type-post status-publish format-standard hentry category-objave tag-izvjestaj tag-prvomajski-vikend tag-statistika tag-tzg-makarske\" role=\"listitem\">\n\t\t\t<div class=\"elementor-post__card\">\n\t\t\t\t<div class=\"elementor-post__text\">\n\t\t\t\t<h3 class=\"elementor-post__title\">\n\t\t\t<a href=\"https:\/\/makarska-info.hr\/en\/%f0%9f%9a%8c-za-praznicki-vikend-susur-u-gradu%f0%9f%9a%b6%e2%99%80%ef%b8%8f%f0%9f%9a%b6%e2%99%82%ef%b8%8f\/\" >\n\t\t\t\tZa prazni\u010dki vikend &#8220;\u0161u\u0161ur&#8221; u gradu\t\t\t<\/a>\n\t\t<\/h3>\n\t\t\t\t\t<div class=\"elementor-post__read-more-wrapper\">\n\t\t\n\t\t<a class=\"elementor-post__read-more\" href=\"https:\/\/makarska-info.hr\/en\/%f0%9f%9a%8c-za-praznicki-vikend-susur-u-gradu%f0%9f%9a%b6%e2%99%80%ef%b8%8f%f0%9f%9a%b6%e2%99%82%ef%b8%8f\/\" aria-label=\"Read more about Za prazni\u010dki vikend &#8220;\u0161u\u0161ur&#8221; u gradu\" tabindex=\"-1\" >\n\t\t\tPRO\u010cITAJ VI\u0160E \u00bb\t\t<\/a>\n\n\t\t\t\t\t<\/div>\n\t\t\t\t<\/div>\n\t\t\t\t<div class=\"elementor-post__meta-data\">\n\t\t\t\t\t<span class=\"elementor-post-date\">\n\t\t\t06\/05\/2025\t\t<\/span>\n\t\t\t\t<\/div>\n\t\t\t\t\t<\/div>\n\t\t<\/article>\n\t\t\t\t<article class=\"elementor-post elementor-grid-item post-18205 post type-post status-publish format-standard has-post-thumbnail hentry category-objave tag-izvjestaj tag-makarska tag-statistika tag-tzg-makarske\" role=\"listitem\">\n\t\t\t<div class=\"elementor-post__card\">\n\t\t\t\t<a class=\"elementor-post__thumbnail__link\" href=\"https:\/\/makarska-info.hr\/en\/turisticki-promet-u-travnju-2025\/\" tabindex=\"-1\" ><div class=\"elementor-post__thumbnail\"><img loading=\"lazy\" decoding=\"async\" width=\"592\" height=\"896\" src=\"https:\/\/makarska-info.hr\/wp-content\/uploads\/2025\/06\/statistika-slika.jpg\" class=\"attachment-full size-full wp-image-19426\" alt=\"\" srcset=\"https:\/\/makarska-info.hr\/wp-content\/uploads\/2025\/06\/statistika-slika.jpg 592w, https:\/\/makarska-info.hr\/wp-content\/uploads\/2025\/06\/statistika-slika-198x300.jpg 198w, https:\/\/makarska-info.hr\/wp-content\/uploads\/2025\/06\/statistika-slika-8x12.jpg 8w\" sizes=\"(max-width: 592px) 100vw, 592px\" \/><\/div><\/a>\n\t\t\t\t<div class=\"elementor-post__badge\">Objave<\/div>\n\t\t\t\t<div class=\"elementor-post__text\">\n\t\t\t\t<h3 class=\"elementor-post__title\">\n\t\t\t<a href=\"https:\/\/makarska-info.hr\/en\/turisticki-promet-u-travnju-2025\/\" >\n\t\t\t\tTuristi\u010dki promet u travnju 2025.\t\t\t<\/a>\n\t\t<\/h3>\n\t\t\t\t\t<div class=\"elementor-post__read-more-wrapper\">\n\t\t\n\t\t<a class=\"elementor-post__read-more\" href=\"https:\/\/makarska-info.hr\/en\/turisticki-promet-u-travnju-2025\/\" aria-label=\"Read more about Turisti\u010dki promet u travnju 2025.\" tabindex=\"-1\" >\n\t\t\tPRO\u010cITAJ VI\u0160E \u00bb\t\t<\/a>\n\n\t\t\t\t\t<\/div>\n\t\t\t\t<\/div>\n\t\t\t\t<div class=\"elementor-post__meta-data\">\n\t\t\t\t\t<span class=\"elementor-post-date\">\n\t\t\t05\/05\/2025\t\t<\/span>\n\t\t\t\t<\/div>\n\t\t\t\t\t<\/div>\n\t\t<\/article>\n\t\t\t\t<article class=\"elementor-post elementor-grid-item post-17738 post type-post status-publish format-standard has-post-thumbnail hentry category-objave tag-iznajmljivaci tag-makarska tag-najiznajmljivac\" role=\"listitem\">\n\t\t\t<div class=\"elementor-post__card\">\n\t\t\t\t<a class=\"elementor-post__thumbnail__link\" href=\"https:\/\/makarska-info.hr\/en\/najiznajmljivac-2025\/\" tabindex=\"-1\" ><div class=\"elementor-post__thumbnail\"><img loading=\"lazy\" decoding=\"async\" width=\"598\" height=\"747\" src=\"https:\/\/makarska-info.hr\/wp-content\/uploads\/2025\/05\/najiznajmljivac.jpg\" class=\"attachment-full size-full wp-image-17739\" alt=\"\" srcset=\"https:\/\/makarska-info.hr\/wp-content\/uploads\/2025\/05\/najiznajmljivac.jpg 598w, https:\/\/makarska-info.hr\/wp-content\/uploads\/2025\/05\/najiznajmljivac-240x300.jpg 240w, https:\/\/makarska-info.hr\/wp-content\/uploads\/2025\/05\/najiznajmljivac-10x12.jpg 10w\" sizes=\"(max-width: 598px) 100vw, 598px\" \/><\/div><\/a>\n\t\t\t\t<div class=\"elementor-post__badge\">Objave<\/div>\n\t\t\t\t<div class=\"elementor-post__text\">\n\t\t\t\t<h3 class=\"elementor-post__title\">\n\t\t\t<a href=\"https:\/\/makarska-info.hr\/en\/najiznajmljivac-2025\/\" >\n\t\t\t\tNajiznajmljiva\u010d 2025\t\t\t<\/a>\n\t\t<\/h3>\n\t\t\t\t\t<div class=\"elementor-post__read-more-wrapper\">\n\t\t\n\t\t<a class=\"elementor-post__read-more\" href=\"https:\/\/makarska-info.hr\/en\/najiznajmljivac-2025\/\" aria-label=\"Read more about Najiznajmljiva\u010d 2025\" tabindex=\"-1\" >\n\t\t\tPRO\u010cITAJ VI\u0160E \u00bb\t\t<\/a>\n\n\t\t\t\t\t<\/div>\n\t\t\t\t<\/div>\n\t\t\t\t<div class=\"elementor-post__meta-data\">\n\t\t\t\t\t<span class=\"elementor-post-date\">\n\t\t\t02\/05\/2025\t\t<\/span>\n\t\t\t\t<\/div>\n\t\t\t\t\t<\/div>\n\t\t<\/article>\n\t\t\t\t<article class=\"elementor-post elementor-grid-item post-17681 post type-post status-publish format-standard has-post-thumbnail hentry category-dogadjanja\" role=\"listitem\">\n\t\t\t<div class=\"elementor-post__card\">\n\t\t\t\t<a class=\"elementor-post__thumbnail__link\" href=\"https:\/\/makarska-info.hr\/en\/noc-tvrdava-interpretacijski-centar-veliki-kastel-u-kotisini\/\" tabindex=\"-1\" ><div class=\"elementor-post__thumbnail\"><img loading=\"lazy\" decoding=\"async\" width=\"600\" height=\"600\" src=\"https:\/\/makarska-info.hr\/wp-content\/uploads\/2025\/02\/Untitled.png\" class=\"attachment-full size-full wp-image-12527\" alt=\"turisti\u010dka zajednica grada makarske\" srcset=\"https:\/\/makarska-info.hr\/wp-content\/uploads\/2025\/02\/Untitled.png 600w, https:\/\/makarska-info.hr\/wp-content\/uploads\/2025\/02\/Untitled-300x300.png 300w, https:\/\/makarska-info.hr\/wp-content\/uploads\/2025\/02\/Untitled-150x150.png 150w\" sizes=\"(max-width: 600px) 100vw, 600px\" \/><\/div><\/a>\n\t\t\t\t<div class=\"elementor-post__badge\">doga\u0111anja<\/div>\n\t\t\t\t<div class=\"elementor-post__text\">\n\t\t\t\t<h3 class=\"elementor-post__title\">\n\t\t\t<a href=\"https:\/\/makarska-info.hr\/en\/noc-tvrdava-interpretacijski-centar-veliki-kastel-u-kotisini\/\" >\n\t\t\t\tFortress Night\/Interpretation Centre Veliki Ka\u0161tel in the hamlet of Koti\u0161ina\u00a0\t\t\t<\/a>\n\t\t<\/h3>\n\t\t\t\t\t<div class=\"elementor-post__read-more-wrapper\">\n\t\t\n\t\t<a class=\"elementor-post__read-more\" href=\"https:\/\/makarska-info.hr\/en\/noc-tvrdava-interpretacijski-centar-veliki-kastel-u-kotisini\/\" aria-label=\"Read more about No\u0107 tvr\u0111ava\/Interpretacijski centar Veliki Ka\u0161tel u Koti\u0161ini\u00a0\" tabindex=\"-1\" >\n\t\t\tPRO\u010cITAJ VI\u0160E \u00bb\t\t<\/a>\n\n\t\t\t\t\t<\/div>\n\t\t\t\t<\/div>\n\t\t\t\t<div class=\"elementor-post__meta-data\">\n\t\t\t\t\t<span class=\"elementor-post-date\">\n\t\t\t30\/04\/2025\t\t<\/span>\n\t\t\t\t<\/div>\n\t\t\t\t\t<\/div>\n\t\t<\/article>\n\t\t\t\t<\/div>\n\t\t\n\t\t\t\t\t\t<\/div>\n\t\t\t\t<\/div>\n\t\t\t\t\t<\/div>\n\t\t\t\t<\/div>\n\t\t<div class=\"elementor-element elementor-element-19ba86d e-flex e-con-boxed e-con e-parent\" data-id=\"19ba86d\" data-element_type=\"container\" data-e-type=\"container\">\n\t\t\t\t\t<div class=\"e-con-inner\">\n\t\t\t\t<div class=\"elementor-element elementor-element-c5d43bc elementor-fixed elementor-widget elementor-widget-button\" data-id=\"c5d43bc\" data-element_type=\"widget\" data-e-type=\"widget\" data-settings=\"{&quot;_position&quot;:&quot;fixed&quot;}\" data-widget_type=\"button.default\">\n\t\t\t\t<div class=\"elementor-widget-container\">\n\t\t\t\t\t\t\t\t\t<div class=\"elementor-button-wrapper\">\n\t\t\t\t\t<a class=\"elementor-button elementor-button-link elementor-size-sm\" href=\"#top\">\n\t\t\t\t\t\t<span class=\"elementor-button-content-wrapper\">\n\t\t\t\t\t\t<span class=\"elementor-button-icon\">\n\t\t\t\t<i aria-hidden=\"true\" class=\"fas fa-arrow-circle-up\"><\/i>\t\t\t<\/span>\n\t\t\t\t\t\t\t\t<\/span>\n\t\t\t\t\t<\/a>\n\t\t\t\t<\/div>\n\t\t\t\t\t\t\t\t<\/div>\n\t\t\t\t<\/div>\n\t\t\t\t\t<\/div>\n\t\t\t\t<\/div>\n\t\t<div class=\"elementor-element elementor-element-613e678 e-flex e-con-boxed e-con e-parent\" data-id=\"613e678\" data-element_type=\"container\" data-e-type=\"container\">\n\t\t\t\t\t<div class=\"e-con-inner\">\n\t\t\t\t\t<\/div>\n\t\t\t\t<\/div>\n\t\t\t\t<\/div>","protected":false},"excerpt":{"rendered":"<p>NEWS<\/p>","protected":false},"author":1,"featured_media":0,"parent":0,"menu_order":0,"comment_status":"closed","ping_status":"closed","template":"","meta":{"neve_meta_sidebar":"","neve_meta_container":"","neve_meta_enable_content_width":"","neve_meta_content_width":0,"neve_meta_title_alignment":"","neve_meta_author_avatar":"","neve_post_elements_order":"","neve_meta_disable_header":"","neve_meta_disable_footer":"","neve_meta_disable_title":"","footnotes":""},"class_list":["post-208","page","type-page","status-publish","hentry"],"_links":{"self":[{"href":"https:\/\/makarska-info.hr\/en\/wp-json\/wp\/v2\/pages\/208","targetHints":{"allow":["GET"]}}],"collection":[{"href":"https:\/\/makarska-info.hr\/en\/wp-json\/wp\/v2\/pages"}],"about":[{"href":"https:\/\/makarska-info.hr\/en\/wp-json\/wp\/v2\/types\/page"}],"author":[{"embeddable":true,"href":"https:\/\/makarska-info.hr\/en\/wp-json\/wp\/v2\/users\/1"}],"replies":[{"embeddable":true,"href":"https:\/\/makarska-info.hr\/en\/wp-json\/wp\/v2\/comments?post=208"}],"version-history":[{"count":410,"href":"https:\/\/makarska-info.hr\/en\/wp-json\/wp\/v2\/pages\/208\/revisions"}],"predecessor-version":[{"id":23129,"href":"https:\/\/makarska-info.hr\/en\/wp-json\/wp\/v2\/pages\/208\/revisions\/23129"}],"wp:attachment":[{"href":"https:\/\/makarska-info.hr\/en\/wp-json\/wp\/v2\/media?parent=208"}],"curies":[{"name":"wp","href":"https:\/\/api.w.org\/{rel}","templated":true}]}}